{"id":2486,"date":"2026-01-22T16:06:54","date_gmt":"2026-01-22T15:06:54","guid":{"rendered":"https:\/\/jetzine.brussels\/?page_id=2486"},"modified":"2026-04-27T13:28:16","modified_gmt":"2026-04-27T11:28:16","slug":"home-nl","status":"publish","type":"page","link":"https:\/\/jetzine.brussels\/nl\/","title":{"rendered":"Home"},"content":{"rendered":"<p>[et_pb_section fb_built=&#8221;1&#8243; custom_padding_last_edited=&#8221;on|phone&#8221; _builder_version=&#8221;4.27.6&#8243; _module_preset=&#8221;default&#8221; custom_padding=&#8221;0px||0px||false|false&#8221; custom_padding_tablet=&#8221;0px||0px||false|false&#8221; custom_padding_phone=&#8221;0px||0px||false|false&#8221; global_colors_info=&#8221;{}&#8221;][et_pb_row _builder_version=&#8221;4.27.6&#8243; _module_preset=&#8221;default&#8221; width=&#8221;100%&#8221; max_width=&#8221;100%&#8221; custom_padding=&#8221;0px||0px||false|false&#8221; global_colors_info=&#8221;{}&#8221;][et_pb_column type=&#8221;4_4&#8243; _builder_version=&#8221;4.27.6&#8243; _module_preset=&#8221;default&#8221; global_colors_info=&#8221;{}&#8221;][et_pb_slider arrows_custom_color=&#8221;#FFFFFF&#8221; dot_nav_custom_color=&#8221;#FFFFFF&#8221; module_class=&#8221;slider-header&#8221; _builder_version=&#8221;4.27.6&#8243; _module_preset=&#8221;default&#8221; header_font=&#8221;|700||on|||||&#8221; header_text_align=&#8221;left&#8221; header_font_size=&#8221;40px&#8221; header_line_height=&#8221;1.3em&#8221; body_font=&#8221;|600|||||||&#8221; body_text_align=&#8221;left&#8221; body_text_color=&#8221;#FFFFFF&#8221; body_font_size=&#8221;24px&#8221; body_line_height=&#8221;1.3em&#8221; background_enable_color=&#8221;off&#8221; background_image=&#8221;https:\/\/jetzine.brussels\/wp-content\/uploads\/2026\/04\/Fete-Environnement-abeille-scaled.jpg&#8221; background_blend=&#8221;overlay&#8221; custom_button=&#8221;on&#8221; button_text_size=&#8221;20px&#8221; button_text_color=&#8221;gcid-a56b3eb4-c3ac-4587-a29f-075b16bd8792&#8243; button_bg_color=&#8221;gcid-09cbab6a-e717-4f13-8fea-bccc00e2213d&#8221; button_border_width=&#8221;0px&#8221; button_border_radius=&#8221;0px&#8221; button_font=&#8221;|700|||||||&#8221; button_use_icon=&#8221;off&#8221; button_alignment=&#8221;left&#8221; custom_margin=&#8221;||0px||false|false&#8221; custom_padding=&#8221;21vh||21vh||true|false&#8221; custom_padding_tablet=&#8221;13vh||13vh||true|false&#8221; custom_padding_phone=&#8221;5vh||5vh||true|false&#8221; custom_padding_last_edited=&#8221;on|phone&#8221; header_font_size_tablet=&#8221;35px&#8221; header_font_size_phone=&#8221;24px&#8221; header_font_size_last_edited=&#8221;on|phone&#8221; body_font_size_tablet=&#8221;20px&#8221; body_font_size_phone=&#8221;16px&#8221; body_font_size_last_edited=&#8221;on|phone&#8221; button_text_size_tablet=&#8221;18px&#8221; button_text_size_phone=&#8221;16px&#8221; button_text_size_last_edited=&#8221;on|phone&#8221; custom_css_free_form=&#8221;\/* ========================================||   SLIDER HEADER \u2013 Custom shadow||======================================== *\/||||.slider-header .et_pb_slide_title {||    text-shadow: 0.1em 0.1em 0.1em rgba(34,34,34,0.85) !important;||}||||.slider-header .et_pb_slide_content {||    text-shadow: 0.1em 0.1em 0.1em rgba(34,34,34,0.85) !important;||}||\/* Base *\/||.et_pb_slider a.et_pb_button{||    background: #f2bd4c !important;||    transition: box-shadow 0.4s cubic-bezier(0.5, 1, 0.89, 1), color 0.4s ease !important;||    box-shadow: inset 0 0 0 0 #000;||}||||\/* Hover: fill from RIGHT to LEFT *\/||.et_pb_slider a.et_pb_button:hover{||    box-shadow: inset 999px 0 0 0 #000;||    color: #fff !important;||}||\/* Desktop *\/||selector p{||  color:#ffffff;||  font-size:24px;||  font-weight:500;||}||||\/* Tablet *\/||@media (max-width:980px){||  selector p{||    font-size:20px;||  }||}||||\/* Mobile *\/||@media (max-width:767px){||  selector p{||    font-size:18px;||  }||}||\/* Desktop *\/||.et-pb-arrow-next,||.et-pb-arrow-prev{||    font-size:48px;||}||||\/* Tablet *\/||@media (max-width:980px){||    .et-pb-arrow-next,||    .et-pb-arrow-prev{||        font-size:36px;||    }||}||||\/* Mobile *\/||@media (max-width:767px){||    .et-pb-arrow-next,||    .et-pb-arrow-prev{||        font-size:24px;||    }||}||&#8221; global_colors_info=&#8221;{%22gcid-09cbab6a-e717-4f13-8fea-bccc00e2213d%22:%91%22button_bg_color%22%93,%22gcid-a56b3eb4-c3ac-4587-a29f-075b16bd8792%22:%91%22button_text_color%22,%22button_bg_color__hover%22,%22header_text_shadow_color%22,%22body_text_shadow_color%22%93}&#8221; button_bg_color__hover_enabled=&#8221;on|hover&#8221; button_bg_color__hover=&#8221;#222222&#8243; button_bg_enable_color__hover=&#8221;on&#8221; button_text_color__hover_enabled=&#8221;on|desktop&#8221; button_text_color__hover=&#8221;#FFFFFF&#8221;][et_pb_slide heading=&#8221;Welkom bij Jetzine&#8221; button_text=&#8221;Meer info&#8221; button_link=&#8221;https:\/\/jetzine.brussels\/nl\/welkom-bij-jetzine\/&#8221; admin_title=&#8221;Bienvenue sur Jetzine&#8221; _builder_version=&#8221;4.27.6&#8243; _module_preset=&#8221;default&#8221; background_color=&#8221;rgba(0,0,0,0.4)&#8221; background_enable_color=&#8221;on&#8221; background_image=&#8221;https:\/\/jetzine.brussels\/wp-content\/uploads\/2026\/02\/Place-Astrid-scaled.jpg&#8221; background_enable_image=&#8221;on&#8221; background_position=&#8221;bottom_center&#8221; background_blend=&#8221;overlay&#8221; global_colors_info=&#8221;{}&#8221; sticky_transition=&#8221;on&#8221;][\/et_pb_slide][et_pb_slide heading=&#8221;Jam\u2019in Jette 2026&#8243; button_text=&#8221;Meer info&#8221; button_link=&#8221;https:\/\/jaminjette.be\/&#8221; url_new_window=&#8221;on&#8221; admin_title=&#8221;Jam&#8217;in Jette&#8221; _builder_version=&#8221;4.27.6&#8243; _module_preset=&#8221;default&#8221; background_color=&#8221;rgba(0,0,0,0.4)&#8221; background_enable_color=&#8221;on&#8221; background_image=&#8221;https:\/\/jetzine.brussels\/wp-content\/uploads\/2026\/04\/Jamin-Jette.png&#8221; background_enable_image=&#8221;on&#8221; background_position=&#8221;bottom_center&#8221; background_blend=&#8221;overlay&#8221; global_colors_info=&#8221;{}&#8221; sticky_transition=&#8221;on&#8221;][\/et_pb_slide][et_pb_slide heading=&#8221;24\/05 : Festival des arts de la rue Voenk&#8221; button_text=&#8221;Meer info&#8221; button_link=&#8221;https:\/\/jetzine.brussels\/nl\/zondag-24-mei-straatkunstenfestival-voenk\/#culture&#8221; admin_title=&#8221;Voenk&#8221; _builder_version=&#8221;4.27.6&#8243; _module_preset=&#8221;default&#8221; background_color=&#8221;rgba(0,0,0,0.4)&#8221; background_enable_color=&#8221;on&#8221; background_image=&#8221;https:\/\/jetzine.brussels\/wp-content\/uploads\/2026\/04\/Detour-1-c-Bert-Fred.jpg&#8221; background_enable_image=&#8221;on&#8221; global_colors_info=&#8221;{}&#8221; sticky_transition=&#8221;on&#8221;][\/et_pb_slide][et_pb_slide heading=&#8221;Feest van het Leefmilieu en van de Kinderboerderij&#8221; button_text=&#8221;Meer info&#8221; button_link=&#8221;https:\/\/jetzine.brussels\/nl\/31-mei-feest-van-het-leefmilieu-en-van-de-kinderboerderij\/#developpement-durable&#8221; admin_title=&#8221;F\u00eate Environnement&#8221; _builder_version=&#8221;4.27.6&#8243; _module_preset=&#8221;default&#8221; background_color=&#8221;rgba(0,0,0,0.4)&#8221; background_enable_color=&#8221;on&#8221; background_image=&#8221;https:\/\/jetzine.brussels\/wp-content\/uploads\/2026\/04\/Fete-Environnement-abeille-scaled.jpg&#8221; background_enable_image=&#8221;on&#8221; global_colors_info=&#8221;{}&#8221; sticky_transition=&#8221;on&#8221;]<\/p>\n<p>Rendez-vous le 31 mai !<\/p>\n<p>[\/et_pb_slide][\/et_pb_slider][\/et_pb_column][\/et_pb_row][\/et_pb_section][et_pb_section fb_built=&#8221;1&#8243; disabled_on=&#8221;on|on|off&#8221; _builder_version=&#8221;4.27.6&#8243; _module_preset=&#8221;default&#8221; custom_padding=&#8221;||||false|false&#8221; global_colors_info=&#8221;{}&#8221;][et_pb_row _builder_version=&#8221;4.27.5&#8243; _module_preset=&#8221;default&#8221; max_width=&#8221;95%&#8221; custom_padding=&#8221;3%||0px||false|false&#8221; global_colors_info=&#8221;{}&#8221;][et_pb_column type=&#8221;4_4&#8243; _builder_version=&#8221;4.27.5&#8243; _module_preset=&#8221;default&#8221; global_colors_info=&#8221;{}&#8221;][et_pb_code admin_label=&#8221;Ne pas \u00e9diter &#8211; Filtre&#8221; _builder_version=&#8221;4.27.6&#8243; _module_preset=&#8221;default&#8221; global_colors_info=&#8221;{}&#8221;]<div class=\"wpgb-facet wpgb-loading wpgb-facet-9 wpgb-style-1\" data-facet=\"9\" data-grid=\"5\">\t<fieldset>\n\t\t<legend class=\"wpgb-facet-title wpgb-sr-only\">Buttons Filters Homepage<\/legend>\n\t\t<div class=\"wpgb-button-facet\"><ul class=\"wpgb-inline-list\"><li><div class=\"wpgb-button\" role=\"button\" aria-pressed=\"false\" tabindex=\"0\"><input type=\"hidden\" name=\"filtres_ligne_1_boutons\" value=\"cultuur\"><span class=\"wpgb-button-label\">Cultuur<\/span><\/div><\/li><li><div class=\"wpgb-button\" role=\"button\" aria-pressed=\"false\" tabindex=\"0\"><input type=\"hidden\" name=\"filtres_ligne_1_boutons\" value=\"duurzame-ontwikkeling\"><span class=\"wpgb-button-label\">Duurzame ontwikkeling<\/span><\/div><\/li><li><div class=\"wpgb-button\" role=\"button\" aria-pressed=\"false\" tabindex=\"0\"><input type=\"hidden\" name=\"filtres_ligne_1_boutons\" value=\"familles\"><span class=\"wpgb-button-label\">Gezinnen<\/span><\/div><\/li><li><div class=\"wpgb-button\" role=\"button\" aria-pressed=\"false\" tabindex=\"0\"><input type=\"hidden\" name=\"filtres_ligne_1_boutons\" value=\"handel\"><span class=\"wpgb-button-label\">Handel<\/span><\/div><\/li><li><div class=\"wpgb-button\" role=\"button\" aria-pressed=\"false\" tabindex=\"0\"><input type=\"hidden\" name=\"filtres_ligne_1_boutons\" value=\"leefomgeving\"><span class=\"wpgb-button-label\">Leefomgeving<\/span><\/div><\/li><li><div class=\"wpgb-button\" role=\"button\" aria-pressed=\"false\" tabindex=\"0\"><input type=\"hidden\" name=\"filtres_ligne_1_boutons\" value=\"samenleving\"><span class=\"wpgb-button-label\">Samenleving<\/span><\/div><\/li><li><div class=\"wpgb-button\" role=\"button\" aria-pressed=\"false\" tabindex=\"0\"><input type=\"hidden\" name=\"filtres_ligne_1_boutons\" value=\"senioren\"><span class=\"wpgb-button-label\">Senioren<\/span><\/div><\/li><li><div class=\"wpgb-button\" role=\"button\" aria-pressed=\"false\" tabindex=\"0\"><input type=\"hidden\" name=\"filtres_ligne_1_boutons\" value=\"vrije-tijd\"><span class=\"wpgb-button-label\">Vrije tijd<\/span><\/div><\/li><\/ul><\/div>\t<\/fieldset>\n\t<\/div>[\/et_pb_code][\/et_pb_column][\/et_pb_row][et_pb_row column_structure=&#8221;1_2,1_2&#8243; use_custom_gutter=&#8221;on&#8221; gutter_width=&#8221;1&#8243; make_equal=&#8221;on&#8221; module_class=&#8221;pm-custom-row&#8221; _builder_version=&#8221;4.27.6&#8243; _module_preset=&#8221;default&#8221; max_width=&#8221;95%&#8221; custom_padding=&#8221;0px||1%||false|false&#8221; global_colors_info=&#8221;{}&#8221;][et_pb_column type=&#8221;1_2&#8243; _builder_version=&#8221;4.27.6&#8243; _module_preset=&#8221;default&#8221; background_color=&#8221;gcid-1c7e4134-2f1b-404e-a8ef-8f82777abe6d&#8221; custom_padding=&#8221;||||false|false&#8221; global_colors_info=&#8221;{%22gcid-1c7e4134-2f1b-404e-a8ef-8f82777abe6d%22:%91%22background_color%22%93}&#8221;][difl_advanced_blurb title=&#8221;ONTDEK DE KALENDER&#8221; blurb_icon_enable=&#8221;on&#8221; blurb_icon=&#8221;&#xe023;||divi||400&#8243; blurb_icon_color=&#8221;gcid-9828db53-5e84-4687-8692-b94c276e6dfc&#8221; icon_size=&#8221;45px&#8221; image_icon_container_position=&#8221;outside&#8221; image_placement=&#8221;flex_left&#8221; image_icon_alignment=&#8221;left&#8221; image_icon_item_align=&#8221;center&#8221; wrapper_padding=&#8221;2.4em|1em|2.4em|1em|true|true&#8221; blurb_icon_spacing=&#8221;||||false|false&#8221; title_margin=&#8221;10px|||20px|false|false&#8221; admin_label=&#8221;Bouton Calendrier&#8221; _builder_version=&#8221;4.27.6&#8243; _module_preset=&#8221;default&#8221; title_font=&#8221;|700|||||||&#8221; title_text_color=&#8221;gcid-9828db53-5e84-4687-8692-b94c276e6dfc&#8221; title_font_size=&#8221;18px&#8221; background_color=&#8221;gcid-1c7e4134-2f1b-404e-a8ef-8f82777abe6d&#8221; custom_margin=&#8221;||||false|false&#8221; custom_padding=&#8221;||||false|false&#8221; link_option_url=&#8221;\/agenda&#8221; global_colors_info=&#8221;{%22gcid-1c7e4134-2f1b-404e-a8ef-8f82777abe6d%22:%91%22background_color%22%93,%22gcid-9828db53-5e84-4687-8692-b94c276e6dfc%22:%91%22title_text_color%22,%22blurb_icon_color%22%93,%22gcid-09cbab6a-e717-4f13-8fea-bccc00e2213d%22:%91%22background_color__hover%22%93}&#8221; background__hover_enabled=&#8221;on|hover&#8221; background_color__hover=&#8221;#f2bd4c&#8221; background_enable_color__hover=&#8221;on&#8221;][\/difl_advanced_blurb][\/et_pb_column][et_pb_column type=&#8221;1_2&#8243; _builder_version=&#8221;4.27.6&#8243; _module_preset=&#8221;default&#8221; background_enable_color=&#8221;off&#8221; custom_padding=&#8221;||||false|false&#8221; global_colors_info=&#8221;{%22gcid-1c7e4134-2f1b-404e-a8ef-8f82777abe6d%22:%91%22background_color%22%93}&#8221;][et_pb_search placeholder=&#8221;Zoeken&#8221; placeholder_color=&#8221;gcid-a56b3eb4-c3ac-4587-a29f-075b16bd8792&#8243; admin_label=&#8221;Outil de recherche&#8221; module_class=&#8221;ds-icon-search&#8221; _builder_version=&#8221;4.27.6&#8243; _module_preset=&#8221;default&#8221; form_field_background_color=&#8221;gcid-1c7e4134-2f1b-404e-a8ef-8f82777abe6d&#8221; form_field_text_color=&#8221;gcid-a56b3eb4-c3ac-4587-a29f-075b16bd8792&#8243; button_font=&#8221;|700|||||||&#8221; button_text_color=&#8221;gcid-a56b3eb4-c3ac-4587-a29f-075b16bd8792&#8243; button_font_size=&#8221;22px&#8221; form_field_font=&#8221;|700||on|||||&#8221; form_field_font_size=&#8221;18px&#8221; custom_padding=&#8221;2.5em|0.7em|2.5em|0.7em|true|false&#8221; custom_css_free_form=&#8221;.et_pb_search_0 input.et_pb_searchsubmit {||    font-weight: 700;||    color: #222222 !important;||    background-color: #f2bd4c;||    padding-left: 2vw;||    padding-right: 2vw;||}&#8221; border_radii=&#8221;on|0px|0px|0px|0px&#8221; border_width_all=&#8221;0px&#8221; global_colors_info=&#8221;{%22gcid-a56b3eb4-c3ac-4587-a29f-075b16bd8792%22:%91%22button_text_color%22,%22form_field_text_color%22,%22placeholder_color%22%93,%22gcid-1c7e4134-2f1b-404e-a8ef-8f82777abe6d%22:%91%22form_field_background_color%22%93}&#8221;][\/et_pb_search][\/et_pb_column][\/et_pb_row][\/et_pb_section][et_pb_section fb_built=&#8221;1&#8243; disabled_on=&#8221;off|off|on&#8221; _builder_version=&#8221;4.27.6&#8243; _module_preset=&#8221;default&#8221; custom_padding=&#8221;||0px||false|false&#8221; global_colors_info=&#8221;{}&#8221;][et_pb_row _builder_version=&#8221;4.27.6&#8243; _module_preset=&#8221;default&#8221; width=&#8221;92%&#8221; max_width=&#8221;95%&#8221; custom_padding=&#8221;0px||0px||false|false&#8221; global_colors_info=&#8221;{}&#8221;][et_pb_column type=&#8221;4_4&#8243; _builder_version=&#8221;4.27.5&#8243; _module_preset=&#8221;default&#8221; global_colors_info=&#8221;{}&#8221;][et_pb_toggle title=&#8221;Filters&#8221; open_toggle_text_color=&#8221;gcid-a56b3eb4-c3ac-4587-a29f-075b16bd8792&#8243; open_toggle_background_color=&#8221;gcid-1c7e4134-2f1b-404e-a8ef-8f82777abe6d&#8221; closed_toggle_text_color=&#8221;gcid-a56b3eb4-c3ac-4587-a29f-075b16bd8792&#8243; closed_toggle_background_color=&#8221;gcid-1c7e4134-2f1b-404e-a8ef-8f82777abe6d&#8221; icon_color=&#8221;gcid-a56b3eb4-c3ac-4587-a29f-075b16bd8792&#8243; toggle_icon=&#8221;&#x22;||divi||400&#8243; use_icon_font_size=&#8221;on&#8221; icon_font_size=&#8221;22px&#8221; open_icon_color=&#8221;gcid-a56b3eb4-c3ac-4587-a29f-075b16bd8792&#8243; open_toggle_icon=&#8221;&#x21;||divi||400&#8243; open_use_icon_font_size=&#8221;on&#8221; open_icon_font_size=&#8221;22px&#8221; admin_label=&#8221;Ne pas \u00e9diter &#8211; Filtre mobile&#8221; _builder_version=&#8221;4.27.6&#8243; _module_preset=&#8221;default&#8221; title_text_color=&#8221;gcid-a56b3eb4-c3ac-4587-a29f-075b16bd8792&#8243; title_font=&#8221;|700|||||||&#8221; title_font_size=&#8221;18px&#8221; title_line_height=&#8221;1.2em&#8221; closed_title_font=&#8221;|700|||||||&#8221; closed_title_font_size=&#8221;18px&#8221; closed_title_line_height=&#8221;1.2em&#8221; border_width_all=&#8221;0px&#8221; global_colors_info=&#8221;{%22gcid-1c7e4134-2f1b-404e-a8ef-8f82777abe6d%22:%91%22open_toggle_background_color%22,%22closed_toggle_background_color%22,%22open_toggle_background_color%22%93,%22gcid-a56b3eb4-c3ac-4587-a29f-075b16bd8792%22:%91%22title_text_color%22,%22open_toggle_text_color%22,%22closed_toggle_text_color%22,%22icon_color%22,%22open_icon_color%22,%22title_text_color%22,%22open_toggle_text_color%22,%22closed_toggle_text_color%22,%22icon_color%22,%22open_icon_color%22%93,%22gcid-09cbab6a-e717-4f13-8fea-bccc00e2213d%22:%91%22closed_toggle_background_color%22%93}&#8221;]<div class=\"wpgb-facet wpgb-loading wpgb-facet-13 wpgb-style-1\" data-facet=\"13\" data-grid=\"5\">\t<fieldset>\n\t\t<legend class=\"wpgb-facet-title wpgb-sr-only\">Dropdown List<\/legend>\n\t\t<div class=\"wpgb-select-facet\"><label><span class=\"wpgb-sr-only\">Select content<\/span><select class=\"wpgb-select wpgb-combobox\" name=\"dropdown_list\" multiple><option value=\"\">None<\/option><option value=\"cultuur\">Cultuur<\/option><option value=\"duurzame-ontwikkeling\">Duurzame ontwikkeling<\/option><option value=\"familles\">Gezinnen<\/option><option value=\"handel\">Handel<\/option><option value=\"klassiekers-in-de-abdij\">Klassiekers in de abdij<\/option><option value=\"leefomgeving\">Leefomgeving<\/option><option value=\"samenleving\">Samenleving<\/option><option value=\"senioren\">Senioren<\/option><option value=\"vrije-tijd\">Vrije tijd<\/option><\/select><span class=\"wpgb-select-controls\"><span class=\"wpgb-select-separator\"><\/span><svg class=\"wpgb-select-toggle\" viewBox=\"0 0 24 24\" height=\"24\" width=\"24\" aria-hidden=\"true\" focusable=\"false\"><path d=\"m12 14.536-.045.043.045-.043-5.3-5.114 5.3 5.114 5.3-5.114-5.3 5.114.045.043Z\"\/><\/svg><\/span><\/label><\/div>\t<\/fieldset>\n\t<\/div>[\/et_pb_toggle][et_pb_divider color=&#8221;gcid-09cbab6a-e717-4f13-8fea-bccc00e2213d&#8221; divider_weight=&#8221;2px&#8221; _builder_version=&#8221;4.27.6&#8243; _module_preset=&#8221;default&#8221; global_colors_info=&#8221;{%22gcid-09cbab6a-e717-4f13-8fea-bccc00e2213d%22:%91%22color%22%93}&#8221;][\/et_pb_divider][\/et_pb_column][\/et_pb_row][\/et_pb_section][et_pb_section fb_built=&#8221;1&#8243; custom_padding_last_edited=&#8221;on|tablet&#8221; _builder_version=&#8221;4.27.6&#8243; _module_preset=&#8221;default&#8221; background_color=&#8221;#FFFFFF&#8221; custom_padding_tablet=&#8221;0px||||false|false&#8221; custom_padding_phone=&#8221;0px||||false|false&#8221; global_colors_info=&#8221;{}&#8221;][et_pb_row custom_padding_last_edited=&#8221;on|phone&#8221; _builder_version=&#8221;4.27.6&#8243; _module_preset=&#8221;default&#8221; width=&#8221;92%&#8221; max_width=&#8221;95%&#8221; custom_padding=&#8221;4%||4%||false|false&#8221; custom_padding_tablet=&#8221;||2%||false|false&#8221; custom_padding_phone=&#8221;||1%||false|false&#8221; global_colors_info=&#8221;{}&#8221;][et_pb_column type=&#8221;4_4&#8243; _builder_version=&#8221;4.27.5&#8243; _module_preset=&#8221;default&#8221; global_colors_info=&#8221;{}&#8221;][et_pb_code admin_label=&#8221;Ne pas \u00e9diter &#8211; Grille de 12 articles&#8221; _builder_version=&#8221;4.27.6&#8243; _module_preset=&#8221;default&#8221; global_colors_info=&#8221;{}&#8221;]<!-- Gridbuilder \u1d42\u1d3e Plugin (https:\/\/wpgridbuilder.com) -->\n<div class=\"wp-grid-builder wpgb-grid-5\" data-options=\"{&quot;id&quot;:5,&quot;type&quot;:&quot;masonry&quot;,&quot;source&quot;:&quot;post_type&quot;,&quot;loader&quot;:true,&quot;layout&quot;:&quot;vertical&quot;,&quot;reveal&quot;:1,&quot;isMainQuery&quot;:0,&quot;lazyLoad&quot;:true,&quot;cardSizes&quot;:{&quot;9999&quot;:{&quot;columns&quot;:4,&quot;height&quot;:240,&quot;gutter&quot;:60,&quot;ratio&quot;:&quot;1.33333&quot;},&quot;1440&quot;:{&quot;columns&quot;:3,&quot;height&quot;:120,&quot;gutter&quot;:30,&quot;ratio&quot;:&quot;1.33333&quot;},&quot;1200&quot;:{&quot;columns&quot;:3,&quot;height&quot;:240,&quot;gutter&quot;:30,&quot;ratio&quot;:&quot;1.33333&quot;},&quot;992&quot;:{&quot;columns&quot;:2,&quot;height&quot;:220,&quot;gutter&quot;:30,&quot;ratio&quot;:&quot;1.33333&quot;},&quot;768&quot;:{&quot;columns&quot;:1,&quot;height&quot;:220,&quot;gutter&quot;:30,&quot;ratio&quot;:&quot;1.33333&quot;},&quot;576&quot;:{&quot;columns&quot;:1,&quot;height&quot;:200,&quot;gutter&quot;:30,&quot;ratio&quot;:&quot;1.33333&quot;},&quot;320&quot;:{&quot;columns&quot;:1,&quot;height&quot;:200,&quot;gutter&quot;:30,&quot;ratio&quot;:&quot;1.33333&quot;}},&quot;fitRows&quot;:false,&quot;equalRows&quot;:0,&quot;equalColumns&quot;:true,&quot;fillLastRow&quot;:0,&quot;centerLastRow&quot;:0,&quot;horizontalOrder&quot;:true,&quot;fullWidth&quot;:false,&quot;transitionDelay&quot;:100,&quot;gallerySlideshow&quot;:false,&quot;rowsNumber&quot;:1,&quot;slideAlign&quot;:&quot;left&quot;,&quot;groupCells&quot;:1,&quot;draggable&quot;:true,&quot;initialIndex&quot;:0,&quot;contain&quot;:false,&quot;freeScroll&quot;:false,&quot;freeFriction&quot;:&quot;0.075&quot;,&quot;friction&quot;:&quot;0.285&quot;,&quot;attraction&quot;:&quot;0.025&quot;,&quot;autoPlay&quot;:0,&quot;pageDotAriaLabel&quot;:&quot;Page dot %d&quot;,&quot;isPreview&quot;:false,&quot;isGutenberg&quot;:false,&quot;rightToLeft&quot;:false}\"><div class=\"wpgb-svg-icons\" hidden>\n\t<svg viewBox=\"0 0 120 24\" width=\"0\" height=\"0\">\n\t<defs>\n        <polygon id=\"wpgb-star-svg\" points=\"12 2.5 15.1 8.8 22 9.8 17 14.6 18.2 21.5 12 18.3 5.8 21.5 7 14.6 2 9.8 8.9 8.8\"><\/polygon>\n    <\/defs>\n    <symbol id=\"wpgb-rating-stars-svg\">\n        <use xlink:href=\"#wpgb-star-svg\"><\/use>\n        <use xlink:href=\"#wpgb-star-svg\" x=\"24\"><\/use>\n        <use xlink:href=\"#wpgb-star-svg\" x=\"48\"><\/use>\n        <use xlink:href=\"#wpgb-star-svg\" x=\"72\"><\/use>\n        <use xlink:href=\"#wpgb-star-svg\" x=\"96\"><\/use>\n    <\/symbol>\n<\/svg>\n<\/div>\n<div class=\"wpgb-wrapper\">\n\t<div class=\"wpgb-main\">\n\t<div class=\"wpgb-layout\">\n\t<div class=\"wpgb-viewport\">\n\t\t<div class=\"wpgb-masonry\">\n\t\t\t<article class=\"wpgb-card wpgb-card-22 wpgb-post-6130 wpgb-card-hidden\" data-col=\"1\" data-row=\"1\" data-format=\"standard\"><div class=\"wpgb-card-wrapper\"><div class=\"wpgb-card-inner\"><div class=\"wpgb-card-media wpgb-scheme-light\" data-action><svg data-ratio style=\"padding-top:100%\" viewBox=\"0 0 1 1\" aria-hidden=\"true\"><\/svg><div class=\"wpgb-card-media-thumbnail\"><a href=\"https:\/\/jetzine.brussels\/wp-content\/uploads\/2026\/04\/Cover-JI-345-NL.jpg\" tabindex=\"-1\" class=\"wpgb-handle-lb wpgb-lightbox\" data-type=\"image\" data-rel=\"5\" data-title=\"Mise en page 1\" title=\"Enlarge photo\"><div class=\"wpgb-lazy-load wpgb-lazy-spinner\" data-wpgb-thumb=\"\" data-wpgb-src=\"https:\/\/jetzine.brussels\/wp-content\/uploads\/2026\/04\/Cover-JI-345-NL.jpg\"><\/div><noscript><img loading=\"lazy\" decoding=\"async\" class=\"wpgb-noscript-img\" src=\"https:\/\/jetzine.brussels\/wp-content\/uploads\/2026\/04\/Cover-JI-345-NL.jpg\" alt=\"Cover van Jette Info 345\" height=\"756\" width=\"550\"><\/noscript><\/a><\/div><a class=\"wpgb-card-layer-link\" href=\"https:\/\/jetzine.brussels\/nl\/nieuwe-jette-info\/\"><\/a><\/div><div class=\"wpgb-card-content wpgb-scheme-dark\"><div class=\"wpgb-card-body\"><div class=\"wpgb-block-10\"><span class=\"pm-cat-badge pm-cat-vrije-tijd\">Vrije tijd<\/span><\/div><h3 class=\"wpgb-block-1\"><a href=\"https:\/\/jetzine.brussels\/nl\/nieuwe-jette-info\/\">Ontdek de nieuwe Jette Info<\/a><\/h3><div class=\"wpgb-block-2\"><p>Ontdek de nieuwe Jette Info, met alle informatie over het leven in Jette, de activiteiten,&#8230;<\/p><\/div><div class=\"wpgb-block-8\"><\/div><\/div><\/div><\/div><\/div><\/article><article class=\"wpgb-card wpgb-card-22 wpgb-post-5443 wpgb-card-hidden\" data-col=\"1\" data-row=\"1\" data-format=\"standard\"><div class=\"wpgb-card-wrapper\"><div class=\"wpgb-card-inner\"><div class=\"wpgb-card-media wpgb-scheme-light\" data-action><svg data-ratio style=\"padding-top:100%\" viewBox=\"0 0 1 1\" aria-hidden=\"true\"><\/svg><div class=\"wpgb-card-media-thumbnail\"><a href=\"https:\/\/jetzine.brussels\/wp-content\/uploads\/2026\/04\/Jamin-Jette-2026-affiche.jpg\" tabindex=\"-1\" class=\"wpgb-handle-lb wpgb-lightbox\" data-type=\"image\" data-rel=\"5\" data-title=\"Jam&#8217;in-Jette 2026 &#8211; affiche\" title=\"Enlarge photo\"><div class=\"wpgb-lazy-load wpgb-lazy-spinner\" data-wpgb-thumb=\"\" data-wpgb-src=\"https:\/\/jetzine.brussels\/wp-content\/uploads\/2026\/04\/Jamin-Jette-2026-affiche.jpg\"><\/div><noscript><img loading=\"lazy\" decoding=\"async\" class=\"wpgb-noscript-img\" src=\"https:\/\/jetzine.brussels\/wp-content\/uploads\/2026\/04\/Jamin-Jette-2026-affiche.jpg\" alt=\"\" height=\"2560\" width=\"1811\"><\/noscript><\/a><\/div><a class=\"wpgb-card-layer-link\" href=\"https:\/\/jetzine.brussels\/nl\/15-en-16-mei-jamin-jette-2026\/\"><\/a><\/div><div class=\"wpgb-card-content wpgb-scheme-dark\"><div class=\"wpgb-card-body\"><div class=\"wpgb-block-10\"><span class=\"pm-cat-badge pm-cat-cultuur\">Cultuur<\/span><\/div><h3 class=\"wpgb-block-1\"><a href=\"https:\/\/jetzine.brussels\/nl\/15-en-16-mei-jamin-jette-2026\/\">15 en 16 mei: Jam&#8217;in Jette 2026<\/a><\/h3><p class=\"wpgb-block-2\">Nadat Jam\u2019\u2019in Jette in 2025 zijn grootste succes ooit kende \u2013 met meer dan 18.000 festivalgangers \u2013 keert het festival op 15 en 16 mei aanstaande terug naar het Jeugdpark in Jette. En zoals de...<\/p><div class=\"wpgb-block-8\"><div class=\"wpgb-block-7\"><a href=\"https:\/\/www.facebook.com\/events\/569044576040998\" target=\"_blank\" rel=\"noopener\" class=\"wpgb-custom-icon wpgb-facebook-icon\" style=\"display:inline-block !important; line-height:0; margin-right:10px;\"><svg xmlns=\"http:\/\/www.w3.org\/2000\/svg\" width=\"24\" height=\"24\" viewBox=\"-143 145 512 512\" aria-hidden=\"true\" focusable=\"false\"><path d=\"M329,145h-432c-22.1,0-40,17.9-40,40v432c0,22.1,17.9,40,40,40h432c22.1,0,40-17.9,40-40V185C369,162.9,351.1,145,329,145z M169.5,357.6l-2.9,38.3h-39.3v133H77.7v-133H51.2v-38.3h26.5v-25.7c0-11.3,0.3-28.8,8.5-39.7c8.7-11.5,20.6-19.3,41.1-19.3c33.4,0,47.4,4.8,47.4,4.8l-6.6,39.2c0,0-11-3.2-21.3-3.2c-10.3,0-19.5,3.7-19.5,14v29.9H169.5z\"\/><\/svg><\/a><\/div><div class=\"wpgb-block-5\"><a href=\"https:\/\/jetzine.brussels\/events\/jamin-jette-2026\/\" target=\"_blank\" rel=\"noopener\" class=\"wpgb-custom-icon wpgb-calendar-icon\" style=\"display:inline-block !important; line-height:0; margin-right:10px;\"><svg xmlns=\"http:\/\/www.w3.org\/2000\/svg\" width=\"24\" height=\"24\" viewBox=\"0 0 24 24\" aria-hidden=\"true\" focusable=\"false\"><path d=\"M7.75 2.5C7.75 2.08579 7.41421 1.75 7 1.75C6.58579 1.75 6.25 2.08579 6.25 2.5V4.07926C4.81067 4.19451 3.86577 4.47737 3.17157 5.17157C2.47737 5.86577 2.19451 6.81067 2.07926 8.25H21.9207C21.8055 6.81067 21.5226 5.86577 20.8284 5.17157C20.1342 4.47737 19.1893 4.19451 17.75 4.07926V2.5C17.75 2.08579 17.4142 1.75 17 1.75C16.5858 1.75 16.25 2.08579 16.25 2.5V4.0129C15.5847 4 14.839 4 14 4H10C9.16097 4 8.41527 4 7.75 4.0129V2.5Z\"\/><path fill-rule=\"evenodd\" clip-rule=\"evenodd\" d=\"M2 12C2 11.161 2 10.4153 2.0129 9.75H21.9871C22 10.4153 22 11.161 22 12V14C22 17.7712 22 19.6569 20.8284 20.8284C19.6569 22 17.7712 22 14 22H10C6.22876 22 4.34315 22 3.17157 20.8284C2 19.6569 2 17.7712 2 14V12ZM17 14C17.5523 14 18 13.5523 18 13C18 12.4477 17.5523 12 17 12C16.4477 12 16 12.4477 16 13C16 13.5523 16.4477 14 17 14ZM17 18C17.5523 18 18 17.5523 18 17C18 16.4477 17.5523 16 17 16C16.4477 16 16 16.4477 16 17C16 17.5523 16.4477 18 17 18ZM13 13C13 13.5523 12.5523 14 12 14C11.4477 14 11 13.5523 11 13C11 12.4477 11.4477 12 12 12C12.5523 12 13 12.4477 13 13ZM13 17C13 17.5523 12.5523 18 12 18C11.4477 18 11 17.5523 11 17C11 16.4477 11.4477 16 12 16C12.5523 16 13 16.4477 13 17ZM7 14C7.55228 14 8 13.5523 8 13C8 12.4477 7.55228 12 7 12C6.44772 12 6 12.4477 6 13C6 13.5523 6.44772 14 7 14ZM7 18C7.55228 18 8 17.5523 8 17C8 16.4477 7.55228 16 7 16C6.44772 16 6 16.4477 6 17C6 17.5523 6.44772 18 7 18Z\"\/><\/svg><\/a><\/div><div class=\"wpgb-block-6\"><a href=\"https:\/\/jaminjette.be\/appel-a-votre-solidarite\" target=\"_blank\" rel=\"noopener\" class=\"wpgb-custom-icon wpgb-ticket-icon\" style=\"display:inline-block !important; line-height:0; margin-right:10px;\"><svg xmlns=\"http:\/\/www.w3.org\/2000\/svg\" width=\"24\" height=\"24\" viewBox=\"0 0 512 512\" aria-hidden=\"true\" focusable=\"false\"><path d=\"M512,210.781v-60.474c0-23.885-19.362-43.247-43.243-43.247H43.242C19.361,107.059,0,126.421,0,150.306v60.878c21.957,3.154,38.854,21.988,38.854,44.819S21.957,297.67,0,300.816v60.886c0,23.877,19.361,43.239,43.242,43.239h425.514c23.881,0,43.243-19.362,43.243-43.239v-60.483c-24.026-1.124-43.173-20.907-43.173-45.215C468.827,231.697,487.974,211.914,512,210.781z M121.515,377.656h-14.877v-38.802h14.877V377.656z M121.515,309.485h-14.877v-38.801h14.877V309.485z M121.515,241.316h-14.877v-38.81h14.877V241.316z M121.515,173.147h-14.877v-38.802h14.877V173.147z\"\/><\/svg><\/a><\/div><\/div><\/div><\/div><\/div><\/div><\/article><article class=\"wpgb-card wpgb-card-22 wpgb-post-5468 wpgb-card-hidden\" data-col=\"1\" data-row=\"1\" data-format=\"standard\"><div class=\"wpgb-card-wrapper\"><div class=\"wpgb-card-inner\"><div class=\"wpgb-card-media wpgb-scheme-light\" data-action><svg data-ratio style=\"padding-top:100%\" viewBox=\"0 0 1 1\" aria-hidden=\"true\"><\/svg><div class=\"wpgb-card-media-thumbnail\"><a href=\"https:\/\/jetzine.brussels\/wp-content\/uploads\/2026\/04\/plan-communal-proprete.jpg\" tabindex=\"-1\" class=\"wpgb-handle-lb wpgb-lightbox\" data-type=\"image\" data-rel=\"5\" data-title=\"gemeentelijk plan openbare reinheid\" title=\"Enlarge photo\"><div class=\"wpgb-lazy-load wpgb-lazy-spinner\" data-wpgb-thumb=\"\" data-wpgb-src=\"https:\/\/jetzine.brussels\/wp-content\/uploads\/2026\/04\/plan-communal-proprete.jpg\"><\/div><noscript><img loading=\"lazy\" decoding=\"async\" class=\"wpgb-noscript-img\" src=\"https:\/\/jetzine.brussels\/wp-content\/uploads\/2026\/04\/plan-communal-proprete.jpg\" alt=\"\" height=\"1045\" width=\"1577\"><\/noscript><\/a><\/div><a class=\"wpgb-card-layer-link\" href=\"https:\/\/jetzine.brussels\/nl\/gemeentelijk-plan-openbare-netheid\/\"><\/a><\/div><div class=\"wpgb-card-content wpgb-scheme-dark\"><div class=\"wpgb-card-body\"><div class=\"wpgb-block-10\"><span class=\"pm-cat-badge pm-cat-leefomgeving\">Leefomgeving<\/span><\/div><h3 class=\"wpgb-block-1\"><a href=\"https:\/\/jetzine.brussels\/nl\/gemeentelijk-plan-openbare-netheid\/\">Gemeentelijk plan Openbare netheid<\/a><\/h3><div class=\"wpgb-block-2\"><p>Het Gemeentelijk plan Openbare netheid, gecombineerd met een aangepast reglement, vormt de basis voor de gemeentelijke aanpak die steunt op drie pijlers: preventie, sensibilisering en repressie van overlast en ongepast gedrag.<\/p><\/div><div class=\"wpgb-block-8\"><\/div><\/div><\/div><\/div><\/div><\/article><article class=\"wpgb-card wpgb-card-22 wpgb-post-5457 wpgb-card-hidden\" data-col=\"1\" data-row=\"1\" data-format=\"standard\"><div class=\"wpgb-card-wrapper\"><div class=\"wpgb-card-inner\"><div class=\"wpgb-card-media wpgb-scheme-light\" data-action><svg data-ratio style=\"padding-top:100%\" viewBox=\"0 0 1 1\" aria-hidden=\"true\"><\/svg><div class=\"wpgb-card-media-thumbnail\"><a href=\"https:\/\/jetzine.brussels\/wp-content\/uploads\/2026\/04\/egalite-des-chances.jpg\" tabindex=\"-1\" class=\"wpgb-handle-lb wpgb-lightbox\" data-type=\"image\" data-rel=\"5\" data-title=\"gelijke-kansen\" title=\"Enlarge photo\"><div class=\"wpgb-lazy-load wpgb-lazy-spinner\" data-wpgb-thumb=\"\" data-wpgb-src=\"https:\/\/jetzine.brussels\/wp-content\/uploads\/2026\/04\/egalite-des-chances.jpg\"><\/div><noscript><img loading=\"lazy\" decoding=\"async\" class=\"wpgb-noscript-img\" src=\"https:\/\/jetzine.brussels\/wp-content\/uploads\/2026\/04\/egalite-des-chances.jpg\" alt=\"\" height=\"1812\" width=\"2262\"><\/noscript><\/a><\/div><a class=\"wpgb-card-layer-link\" href=\"https:\/\/jetzine.brussels\/nl\/oproep-vrijwilligers-gelijke-kansen\/\"><\/a><\/div><div class=\"wpgb-card-content wpgb-scheme-dark\"><div class=\"wpgb-card-body\"><div class=\"wpgb-block-10\"><span class=\"pm-cat-badge pm-cat-samenleving\">Samenleving<\/span><\/div><h3 class=\"wpgb-block-1\"><a href=\"https:\/\/jetzine.brussels\/nl\/oproep-vrijwilligers-gelijke-kansen\/\">Oproep tot vrijwilligers &#8211; Gelijke kansen en gendergelijkheid<\/a><\/h3><div class=\"wpgb-block-2\"><p>Woon je in Jette en wil je meewerken aan het Platform Gelijke kansen, in samenwerking met de gemeente? Neem dan deel aan de infovergadering op donderdag 21 mei. <\/p><\/div><div class=\"wpgb-block-8\"><\/div><\/div><\/div><\/div><\/div><\/article><article class=\"wpgb-card wpgb-card-22 wpgb-post-5024 wpgb-card-hidden\" data-col=\"1\" data-row=\"1\" data-format=\"standard\"><div class=\"wpgb-card-wrapper\"><div class=\"wpgb-card-inner\"><div class=\"wpgb-card-media wpgb-scheme-light\" data-action><svg data-ratio style=\"padding-top:100%\" viewBox=\"0 0 1 1\" aria-hidden=\"true\"><\/svg><div class=\"wpgb-card-media-thumbnail\"><a href=\"https:\/\/jetzine.brussels\/wp-content\/uploads\/2026\/04\/Marche-des-artisans-1.jpg\" tabindex=\"-1\" class=\"wpgb-handle-lb wpgb-lightbox\" data-type=\"image\" data-rel=\"5\" data-title=\"Ambachtsmarkt\" title=\"Enlarge photo\"><div class=\"wpgb-lazy-load wpgb-lazy-spinner\" data-wpgb-thumb=\"\" data-wpgb-src=\"https:\/\/jetzine.brussels\/wp-content\/uploads\/2026\/04\/Marche-des-artisans-1.jpg\"><\/div><noscript><img loading=\"lazy\" decoding=\"async\" class=\"wpgb-noscript-img\" src=\"https:\/\/jetzine.brussels\/wp-content\/uploads\/2026\/04\/Marche-des-artisans-1.jpg\" alt=\"Een vrouw die juwelen maakt\" height=\"1008\" width=\"1512\"><\/noscript><\/a><\/div><a class=\"wpgb-card-layer-link\" href=\"https:\/\/jetzine.brussels\/nl\/ambachtsmarkt-in-de-feestzaal\/\"><\/a><\/div><div class=\"wpgb-card-content wpgb-scheme-dark\"><div class=\"wpgb-card-body\"><div class=\"wpgb-block-10\"><span class=\"pm-cat-badge pm-cat-vrije-tijd\">Vrije tijd<\/span><\/div><h3 class=\"wpgb-block-1\"><a href=\"https:\/\/jetzine.brussels\/nl\/ambachtsmarkt-in-de-feestzaal\/\">Ambachtsmarkt in de Feestzaal<\/a><\/h3><div class=\"wpgb-block-2\"><p>In de Gemeentelijke Feestzaal kan je van mei tot oktober de creaties van ambachtslui ontdekken tijdens de Ambachtsmarkt. Handgemaakte zeep, shampoo, juwelen, houten creaties, keramiek, kaarsen, maar ook lekkernijen zoals honing, terrines, kruidenthee, jam, bieren,\u2026<\/p><\/div><div class=\"wpgb-block-8\"><\/div><\/div><\/div><\/div><\/div><\/article><article class=\"wpgb-card wpgb-card-22 wpgb-post-4962 wpgb-card-hidden\" data-col=\"1\" data-row=\"1\" data-format=\"standard\"><div class=\"wpgb-card-wrapper\"><div class=\"wpgb-card-inner\"><div class=\"wpgb-card-media wpgb-scheme-light\" data-action><svg data-ratio style=\"padding-top:100%\" viewBox=\"0 0 1 1\" aria-hidden=\"true\"><\/svg><div class=\"wpgb-card-media-thumbnail\"><a href=\"https:\/\/jetzine.brussels\/wp-content\/uploads\/2026\/04\/David-Poskin_1_-Yoshie_Kuwayama.jpg\" tabindex=\"-1\" class=\"wpgb-handle-lb wpgb-lightbox\" data-type=\"image\" data-rel=\"5\" data-title=\"David Poskin\" data-desc=\"Photo : Yoshie Kuwayama\" title=\"Enlarge photo\"><div class=\"wpgb-lazy-load wpgb-lazy-spinner\" data-wpgb-thumb=\"\" data-wpgb-src=\"https:\/\/jetzine.brussels\/wp-content\/uploads\/2026\/04\/David-Poskin_1_-Yoshie_Kuwayama.jpg\"><\/div><noscript><img loading=\"lazy\" decoding=\"async\" class=\"wpgb-noscript-img\" src=\"https:\/\/jetzine.brussels\/wp-content\/uploads\/2026\/04\/David-Poskin_1_-Yoshie_Kuwayama.jpg\" alt=\"\" height=\"720\" width=\"1079\"><\/noscript><\/a><\/div><a class=\"wpgb-card-layer-link\" href=\"https:\/\/jetzine.brussels\/nl\/klassiek-ontmoeting-david-poskin-dasha-moroz\/\"><\/a><\/div><div class=\"wpgb-card-content wpgb-scheme-dark\"><div class=\"wpgb-card-body\"><div class=\"wpgb-block-10\"><span class=\"pm-cat-badge pm-cat-cultuur\">Cultuur<\/span><\/div><h3 class=\"wpgb-block-1\"><a href=\"https:\/\/jetzine.brussels\/nl\/klassiek-ontmoeting-david-poskin-dasha-moroz\/\">Klassiek in de Abdij: ontmoeting met David Poskin &#038; Dasha Moroz<\/a><\/h3><div class=\"wpgb-block-2\"><p>Begin maart, traden David\u00a0Poskin\u00a0&#038;\u00a0Dasha\u00a0Moroz op in Jette, in de reeks van Klassiek in de Abdij. Een ontmoeting.<\/p><\/div><div class=\"wpgb-block-8\"><\/div><\/div><\/div><\/div><\/div><\/article><article class=\"wpgb-card wpgb-card-22 wpgb-post-4977 wpgb-card-hidden\" data-col=\"1\" data-row=\"1\" data-format=\"standard\"><div class=\"wpgb-card-wrapper\"><div class=\"wpgb-card-inner\"><div class=\"wpgb-card-media wpgb-scheme-light\" data-action><svg data-ratio style=\"padding-top:100%\" viewBox=\"0 0 1 1\" aria-hidden=\"true\"><\/svg><div class=\"wpgb-card-media-thumbnail\"><a href=\"https:\/\/jetzine.brussels\/wp-content\/uploads\/2026\/02\/Place-Astrid-scaled.jpg\" tabindex=\"-1\" class=\"wpgb-handle-lb wpgb-lightbox\" data-type=\"image\" data-rel=\"5\" data-title=\"Koningin Astridplein\" title=\"Enlarge photo\"><div class=\"wpgb-lazy-load wpgb-lazy-spinner\" data-wpgb-thumb=\"\" data-wpgb-src=\"https:\/\/jetzine.brussels\/wp-content\/uploads\/2026\/02\/Place-Astrid-scaled.jpg\"><\/div><noscript><img loading=\"lazy\" decoding=\"async\" class=\"wpgb-noscript-img\" src=\"https:\/\/jetzine.brussels\/wp-content\/uploads\/2026\/02\/Place-Astrid-scaled.jpg\" alt=\"Het Koningin Astridplein en haar fonteinen\" height=\"1920\" width=\"2560\"><\/noscript><\/a><\/div><a class=\"wpgb-card-layer-link\" href=\"https:\/\/jetzine.brussels\/nl\/welkom-bij-jetzine\/\"><\/a><\/div><div class=\"wpgb-card-content wpgb-scheme-dark\"><div class=\"wpgb-card-body\"><div class=\"wpgb-block-10\"><span class=\"pm-cat-badge pm-cat-vrije-tijd\">Vrije tijd<\/span><\/div><h3 class=\"wpgb-block-1\"><a href=\"https:\/\/jetzine.brussels\/nl\/welkom-bij-jetzine\/\">Welkom bij Jetzine<\/a><\/h3><div class=\"wpgb-block-2\"><p>Het nieuwe gemeentelijke webzine, Jetzine gedoopt, verzamelt alle nuttige informatie over het Jetse leven. Dit aan de hand van actualiteiten, artikels, reportages, portretten,&#8230;<\/p><\/div><div class=\"wpgb-block-8\"><\/div><\/div><\/div><\/div><\/div><\/article><article class=\"wpgb-card wpgb-card-22 wpgb-post-4981 wpgb-card-hidden\" data-col=\"1\" data-row=\"1\" data-format=\"standard\"><div class=\"wpgb-card-wrapper\"><div class=\"wpgb-card-inner\"><div class=\"wpgb-card-media wpgb-scheme-light\" data-action><svg data-ratio style=\"padding-top:100%\" viewBox=\"0 0 1 1\" aria-hidden=\"true\"><\/svg><div class=\"wpgb-card-media-thumbnail\"><a href=\"https:\/\/jetzine.brussels\/wp-content\/uploads\/2026\/04\/Fete-Environnement-abeille-scaled.jpg\" tabindex=\"-1\" class=\"wpgb-handle-lb wpgb-lightbox\" data-type=\"image\" data-rel=\"5\" data-title=\"Close up van een bij op een bloem\" data-desc=\"Close up van een bij op een bloem\" title=\"Enlarge photo\"><div class=\"wpgb-lazy-load wpgb-lazy-spinner\" data-wpgb-thumb=\"\" data-wpgb-src=\"https:\/\/jetzine.brussels\/wp-content\/uploads\/2026\/04\/Fete-Environnement-abeille-scaled.jpg\"><\/div><noscript><img loading=\"lazy\" decoding=\"async\" class=\"wpgb-noscript-img\" src=\"https:\/\/jetzine.brussels\/wp-content\/uploads\/2026\/04\/Fete-Environnement-abeille-scaled.jpg\" alt=\"\" height=\"1707\" width=\"2560\"><\/noscript><\/a><\/div><a class=\"wpgb-card-layer-link\" href=\"https:\/\/jetzine.brussels\/nl\/31-mei-feest-van-het-leefmilieu-en-van-de-kinderboerderij\/\"><\/a><\/div><div class=\"wpgb-card-content wpgb-scheme-dark\"><div class=\"wpgb-card-body\"><div class=\"wpgb-block-10\"><span class=\"pm-cat-badge pm-cat-duurzame-ontwikkeling\">Duurzame ontwikkeling<\/span><\/div><h3 class=\"wpgb-block-1\"><a href=\"https:\/\/jetzine.brussels\/nl\/31-mei-feest-van-het-leefmilieu-en-van-de-kinderboerderij\/\">31 mei: Feest van het Leefmilieu en van de Kinderboerderij<\/a><\/h3><p class=\"wpgb-block-2\">De tweejaarlijkse hoogmis van het Jetse leefmilieu zit er weer aan te komen. Inderdaad, op 31 mei slaan de gemeentelijke dienst Beplantingen en de nabijgelegen Kinderboerderij de handen in elkaar om het grote publiek \u2013...<\/p><div class=\"wpgb-block-8\"><\/div><\/div><\/div><\/div><\/div><\/article><article class=\"wpgb-card wpgb-card-22 wpgb-post-4494 wpgb-card-hidden\" data-col=\"1\" data-row=\"1\" data-format=\"standard\"><div class=\"wpgb-card-wrapper\"><div class=\"wpgb-card-inner\"><div class=\"wpgb-card-media wpgb-scheme-light\" data-action><svg data-ratio style=\"padding-top:100%\" viewBox=\"0 0 1 1\" aria-hidden=\"true\"><\/svg><div class=\"wpgb-card-media-thumbnail\"><a href=\"https:\/\/jetzine.brussels\/wp-content\/uploads\/2026\/04\/DSC_0786-scaled.jpg\" tabindex=\"-1\" class=\"wpgb-handle-lb wpgb-lightbox\" data-type=\"image\" data-rel=\"5\" data-title=\"DSC_0786\" title=\"Enlarge photo\"><div class=\"wpgb-lazy-load wpgb-lazy-spinner\" data-wpgb-thumb=\"\" data-wpgb-src=\"https:\/\/jetzine.brussels\/wp-content\/uploads\/2026\/04\/DSC_0786-scaled.jpg\"><\/div><noscript><img loading=\"lazy\" decoding=\"async\" class=\"wpgb-noscript-img\" src=\"https:\/\/jetzine.brussels\/wp-content\/uploads\/2026\/04\/DSC_0786-scaled.jpg\" alt=\"\" height=\"1696\" width=\"2560\"><\/noscript><\/a><\/div><a class=\"wpgb-card-layer-link\" href=\"https:\/\/jetzine.brussels\/nl\/fleurakker-bloemenplukweide\/\"><\/a><\/div><div class=\"wpgb-card-content wpgb-scheme-dark\"><div class=\"wpgb-card-body\"><div class=\"wpgb-block-10\"><span class=\"pm-cat-badge pm-cat-duurzame-ontwikkeling\">Duurzame ontwikkeling<\/span><\/div><h3 class=\"wpgb-block-1\"><a href=\"https:\/\/jetzine.brussels\/nl\/fleurakker-bloemenplukweide\/\">FleurAkker, bloemenplukweide<\/a><\/h3><div class=\"wpgb-block-2\"><p>Verscholen tussen de volkstuintjes aan de Schapenweg en het Laarbeekbos ligt de bloemenboerderij FleurAkker, waar u bloemen kan plukken om uw eigen boeket samen te stellen. <\/p><\/div><div class=\"wpgb-block-8\"><\/div><\/div><\/div><\/div><\/div><\/article><article class=\"wpgb-card wpgb-card-22 wpgb-post-4499 wpgb-card-hidden\" data-col=\"1\" data-row=\"1\" data-format=\"standard\"><div class=\"wpgb-card-wrapper\"><div class=\"wpgb-card-inner\"><div class=\"wpgb-card-media wpgb-scheme-light\" data-action><svg data-ratio style=\"padding-top:100%\" viewBox=\"0 0 1 1\" aria-hidden=\"true\"><\/svg><div class=\"wpgb-card-media-thumbnail\"><a href=\"https:\/\/jetzine.brussels\/wp-content\/uploads\/2026\/04\/DSC_0713.jpg\" tabindex=\"-1\" class=\"wpgb-handle-lb wpgb-lightbox\" data-type=\"image\" data-rel=\"5\" data-title=\"DSC_0713\" title=\"Enlarge photo\"><div class=\"wpgb-lazy-load wpgb-lazy-spinner\" data-wpgb-thumb=\"\" data-wpgb-src=\"https:\/\/jetzine.brussels\/wp-content\/uploads\/2026\/04\/DSC_0713.jpg\"><\/div><noscript><img loading=\"lazy\" decoding=\"async\" class=\"wpgb-noscript-img\" src=\"https:\/\/jetzine.brussels\/wp-content\/uploads\/2026\/04\/DSC_0713.jpg\" alt=\"\" height=\"1045\" width=\"1577\"><\/noscript><\/a><\/div><a class=\"wpgb-card-layer-link\" href=\"https:\/\/jetzine.brussels\/nl\/serie-commerces-sajou\/\"><\/a><\/div><div class=\"wpgb-card-content wpgb-scheme-dark\"><div class=\"wpgb-card-body\"><div class=\"wpgb-block-10\"><span class=\"pm-cat-badge pm-cat-handel\">Handel<\/span><\/div><h3 class=\"wpgb-block-1\"><a href=\"https:\/\/jetzine.brussels\/nl\/serie-commerces-sajou\/\">Reeks handelszaken: Sajou<\/a><\/h3><p class=\"wpgb-block-2\">In het kader van de reeks &#8216;Handelszaken&#8217; ontmoetten we Thierry Saeys en zijn partner Amaya. Deze uitbaters van dewinkel Sajou zijn gepassioneerd door spelletjes en speelgoed. De spullen die je in hun winkel op de...<\/p><div class=\"wpgb-block-8\"><\/div><\/div><\/div><\/div><\/div><\/article><article class=\"wpgb-card wpgb-card-22 wpgb-post-4022 wpgb-card-hidden\" data-col=\"1\" data-row=\"1\" data-format=\"standard\"><div class=\"wpgb-card-wrapper\"><div class=\"wpgb-card-inner\"><div class=\"wpgb-card-media wpgb-scheme-light\" data-action><svg data-ratio style=\"padding-top:100%\" viewBox=\"0 0 1 1\" aria-hidden=\"true\"><\/svg><div class=\"wpgb-card-media-thumbnail\"><a href=\"https:\/\/jetzine.brussels\/wp-content\/uploads\/2026\/04\/Voenk-2026.jpg\" tabindex=\"-1\" class=\"wpgb-handle-lb wpgb-lightbox\" data-type=\"image\" data-rel=\"5\" data-title=\"Voenk 2026\" title=\"Enlarge photo\"><div class=\"wpgb-lazy-load wpgb-lazy-spinner\" data-wpgb-thumb=\"\" data-wpgb-src=\"https:\/\/jetzine.brussels\/wp-content\/uploads\/2026\/04\/Voenk-2026.jpg\"><\/div><noscript><img loading=\"lazy\" decoding=\"async\" class=\"wpgb-noscript-img\" src=\"https:\/\/jetzine.brussels\/wp-content\/uploads\/2026\/04\/Voenk-2026.jpg\" alt=\"Publiciteitsfoto spektakel Detour\" height=\"937\" width=\"1147\"><\/noscript><\/a><\/div><a class=\"wpgb-card-layer-link\" href=\"https:\/\/jetzine.brussels\/nl\/zondag-24-mei-straatkunstenfestival-voenk\/\"><\/a><\/div><div class=\"wpgb-card-content wpgb-scheme-dark\"><div class=\"wpgb-card-body\"><div class=\"wpgb-block-10\"><span class=\"pm-cat-badge pm-cat-cultuur\">Cultuur<\/span><\/div><h3 class=\"wpgb-block-1\"><a href=\"https:\/\/jetzine.brussels\/nl\/zondag-24-mei-straatkunstenfestival-voenk\/\">Zondag 24 mei: Straatkunstenfestival Voenk<\/a><\/h3><div class=\"wpgb-block-2\"><p>Op zondag 24 mei vindt het Straatkunstenfestival Voenk plaats in Jette. Ook dit jaar kan je weer gratis genieten van de gekke en po\u00ebtische acrobatie\u00ebn op het Kardinaal Mercierplein. <\/p><\/div><div class=\"wpgb-block-8\"><\/div><\/div><\/div><\/div><\/div><\/article><article class=\"wpgb-card wpgb-card-22 wpgb-post-4507 wpgb-card-hidden\" data-col=\"1\" data-row=\"1\" data-format=\"standard\"><div class=\"wpgb-card-wrapper\"><div class=\"wpgb-card-inner\"><div class=\"wpgb-card-media wpgb-scheme-light\" data-action><svg data-ratio style=\"padding-top:100%\" viewBox=\"0 0 1 1\" aria-hidden=\"true\"><\/svg><div class=\"wpgb-card-media-thumbnail\"><a href=\"https:\/\/jetzine.brussels\/wp-content\/uploads\/2026\/04\/Minigolf.jpg\" tabindex=\"-1\" class=\"wpgb-handle-lb wpgb-lightbox\" data-type=\"image\" data-rel=\"5\" data-title=\"Minigolf\" title=\"Enlarge photo\"><div class=\"wpgb-lazy-load wpgb-lazy-spinner\" data-wpgb-thumb=\"\" data-wpgb-src=\"https:\/\/jetzine.brussels\/wp-content\/uploads\/2026\/04\/Minigolf.jpg\"><\/div><noscript><img loading=\"lazy\" decoding=\"async\" class=\"wpgb-noscript-img\" src=\"https:\/\/jetzine.brussels\/wp-content\/uploads\/2026\/04\/Minigolf.jpg\" alt=\"Minigolf\" height=\"1334\" width=\"2000\"><\/noscript><\/a><\/div><a class=\"wpgb-card-layer-link\" href=\"https:\/\/jetzine.brussels\/nl\/1er-mai-2026-ouverture-officielle-du-mini-golf\/\"><\/a><\/div><div class=\"wpgb-card-content wpgb-scheme-dark\"><div class=\"wpgb-card-body\"><div class=\"wpgb-block-10\"><span class=\"pm-cat-badge pm-cat-familles\">Gezinnen<\/span><\/div><h3 class=\"wpgb-block-1\"><a href=\"https:\/\/jetzine.brussels\/nl\/1er-mai-2026-ouverture-officielle-du-mini-golf\/\">1 mei &#8211; Offici\u00eble opening van het minigolfseizoen<\/a><\/h3><p class=\"wpgb-block-2\">Op vrijdag 1 mei, van 13u tot 19u, vindt de offici\u00eble opening van het minigolfseizoen plaats. Om het minigolfseizoen (van 2 mei tot 30 september) feestelijk te openen, kan je op vrijdag 1 mei gratis...<\/p><div class=\"wpgb-block-8\"><\/div><\/div><\/div><\/div><\/div><\/article>\t\t<\/div>\n\t<\/div>\n\t<div class=\"wpgb-loader\">\n\t<div class=\"wpgb-loader-17\">\n\t\t<div><div><\/div><div><\/div><\/div>\t<\/div>\n<\/div>\n<\/div>\n\t<\/div>\n\t\t<\/div>\n<\/div>\n[\/et_pb_code][\/et_pb_column][\/et_pb_row][\/et_pb_section][et_pb_section fb_built=&#8221;1&#8243; custom_padding_last_edited=&#8221;on|tablet&#8221; admin_label=&#8221;Nouvelle Section Carousel Pages Basic&#8221; _builder_version=&#8221;4.27.6&#8243; _module_preset=&#8221;default&#8221; background_color=&#8221;gcid-1c7e4134-2f1b-404e-a8ef-8f82777abe6d&#8221; custom_padding_tablet=&#8221;0px||||false|false&#8221; custom_padding_phone=&#8221;0px||||false|false&#8221; global_colors_info=&#8221;{%22gcid-1c7e4134-2f1b-404e-a8ef-8f82777abe6d%22:%91%22background_color%22%93}&#8221;][et_pb_row custom_padding_last_edited=&#8221;on|phone&#8221; _builder_version=&#8221;4.27.6&#8243; _module_preset=&#8221;default&#8221; width=&#8221;92%&#8221; max_width=&#8221;95%&#8221; custom_padding=&#8221;4%||4%||false|false&#8221; custom_padding_tablet=&#8221;||2%||false|false&#8221; custom_padding_phone=&#8221;||1%||false|false&#8221; global_colors_info=&#8221;{}&#8221;][et_pb_column type=&#8221;4_4&#8243; _builder_version=&#8221;4.27.5&#8243; _module_preset=&#8221;default&#8221; global_colors_info=&#8221;{}&#8221;][et_pb_text admin_label=&#8221;Titre H2&#8243; _builder_version=&#8221;4.27.6&#8243; _module_preset=&#8221;default&#8221; custom_margin=&#8221;||0px||false|false&#8221; locked=&#8221;off&#8221; global_colors_info=&#8221;{}&#8221;]<\/p>\n<h2>Ontdek Jette<\/h2>\n<p>[\/et_pb_text][et_pb_code admin_label=&#8221;Ne pas \u00e9diter &#8211; Grille de 12 articles&#8221; _builder_version=&#8221;4.27.6&#8243; _module_preset=&#8221;default&#8221; global_colors_info=&#8221;{}&#8221;]<!-- Gridbuilder \u1d42\u1d3e Plugin (https:\/\/wpgridbuilder.com) -->\n<div class=\"wp-grid-builder wpgb-grid-26\" data-options=\"{&quot;id&quot;:26,&quot;type&quot;:&quot;masonry&quot;,&quot;source&quot;:&quot;post_type&quot;,&quot;loader&quot;:true,&quot;layout&quot;:&quot;horizontal&quot;,&quot;reveal&quot;:1,&quot;isMainQuery&quot;:0,&quot;lazyLoad&quot;:true,&quot;cardSizes&quot;:{&quot;9999&quot;:{&quot;columns&quot;:4,&quot;height&quot;:240,&quot;gutter&quot;:60,&quot;ratio&quot;:&quot;1.33333&quot;},&quot;1440&quot;:{&quot;columns&quot;:3,&quot;height&quot;:120,&quot;gutter&quot;:30,&quot;ratio&quot;:&quot;1.33333&quot;},&quot;1200&quot;:{&quot;columns&quot;:3,&quot;height&quot;:240,&quot;gutter&quot;:30,&quot;ratio&quot;:&quot;1.33333&quot;},&quot;992&quot;:{&quot;columns&quot;:2,&quot;height&quot;:220,&quot;gutter&quot;:30,&quot;ratio&quot;:&quot;1.33333&quot;},&quot;768&quot;:{&quot;columns&quot;:1,&quot;height&quot;:220,&quot;gutter&quot;:30,&quot;ratio&quot;:&quot;1.33333&quot;},&quot;576&quot;:{&quot;columns&quot;:1,&quot;height&quot;:200,&quot;gutter&quot;:30,&quot;ratio&quot;:&quot;1.33333&quot;},&quot;320&quot;:{&quot;columns&quot;:1,&quot;height&quot;:200,&quot;gutter&quot;:30,&quot;ratio&quot;:&quot;1.33333&quot;}},&quot;fitRows&quot;:false,&quot;equalRows&quot;:0,&quot;equalColumns&quot;:true,&quot;fillLastRow&quot;:0,&quot;centerLastRow&quot;:0,&quot;horizontalOrder&quot;:true,&quot;fullWidth&quot;:false,&quot;transitionDelay&quot;:100,&quot;gallerySlideshow&quot;:false,&quot;rowsNumber&quot;:1,&quot;slideAlign&quot;:&quot;left&quot;,&quot;groupCells&quot;:1,&quot;draggable&quot;:true,&quot;initialIndex&quot;:0,&quot;contain&quot;:true,&quot;freeScroll&quot;:false,&quot;freeFriction&quot;:&quot;0.075&quot;,&quot;friction&quot;:&quot;0.285&quot;,&quot;attraction&quot;:&quot;0.025&quot;,&quot;autoPlay&quot;:0,&quot;pageDotAriaLabel&quot;:&quot;Page dot %d&quot;,&quot;isPreview&quot;:false,&quot;isGutenberg&quot;:false,&quot;rightToLeft&quot;:false}\"><div class=\"wpgb-wrapper\">\n\t<div class=\"wpgb-main\">\n\t<div class=\"wpgb-area wpgb-area-top-2\">\n\t<button type=\"button\" class=\"wpgb-prev-button\" aria-label=\"Previous slide\" hidden>\n\t<svg><use xlink:href=\"https:\/\/jetzine.brussels\/wp-content\/plugins\/wp-grid-builder\/public\/svg\/arrows\/arrow-left.svg#wpgb-icon\"\/><\/svg><\/button>\n<button type=\"button\" class=\"wpgb-next-button\" aria-label=\"Next slide\" hidden>\n\t<svg><use xlink:href=\"https:\/\/jetzine.brussels\/wp-content\/plugins\/wp-grid-builder\/public\/svg\/arrows\/arrow-right.svg#wpgb-icon\"\/><\/svg><\/button>\n<\/div>\n<div class=\"wpgb-layout\">\n\t<div class=\"wpgb-viewport\">\n\t\t<div class=\"wpgb-masonry\">\n\t\t\t<article class=\"wpgb-card wpgb-card-33 wpgb-post-2912 wpgb-card-hidden\" data-col=\"1\" data-row=\"1\" data-format=\"standard\"><div class=\"wpgb-card-wrapper\"><div class=\"wpgb-card-inner\"><div class=\"wpgb-card-media wpgb-scheme-light\" data-action><svg data-ratio style=\"padding-top:100%\" viewBox=\"0 0 1 1\" aria-hidden=\"true\"><\/svg><div class=\"wpgb-card-media-thumbnail\"><a href=\"https:\/\/jetzine.brussels\/wp-content\/uploads\/2026\/04\/Viool-klassiek-scaled.jpg\" tabindex=\"-1\" class=\"wpgb-handle-lb wpgb-lightbox\" data-type=\"image\" data-rel=\"26\" data-title=\"Old violin on a black background\" data-desc=\"Old violin on a black background\" title=\"Enlarge photo\"><div class=\"wpgb-lazy-load wpgb-lazy-spinner\" data-wpgb-thumb=\"\" data-wpgb-src=\"https:\/\/jetzine.brussels\/wp-content\/uploads\/2026\/04\/Viool-klassiek-scaled.jpg\"><\/div><noscript><img loading=\"lazy\" decoding=\"async\" class=\"wpgb-noscript-img\" src=\"https:\/\/jetzine.brussels\/wp-content\/uploads\/2026\/04\/Viool-klassiek-scaled.jpg\" alt=\"\" height=\"1707\" width=\"2560\"><\/noscript><\/a><\/div><a class=\"wpgb-card-layer-link\" href=\"https:\/\/jetzine.brussels\/nl\/basic\/klassiek-in-de-abdij\/\"><\/a><\/div><div class=\"wpgb-card-content wpgb-scheme-dark\"><div class=\"wpgb-card-body\"><div class=\"wpgb-block-5\"><span class=\"pm-cat-badge pm-cat-cultuur\">Cultuur<\/span><\/div><h3 class=\"wpgb-block-1\"><a href=\"https:\/\/jetzine.brussels\/nl\/basic\/klassiek-in-de-abdij\/\">Klassiek in de Abdij<\/a><\/h3><div class=\"wpgb-block-2\"><p>Alle Jetse muziekliefhebbers kennen de concertreeks Klassiek in de Abdij. Elke eerste zondag van de maand, van september tot juni, vindt om 11u in de Abdij van Dielegem een klassiek concert van internationaal niveau plaats. <\/p><\/div><\/div><\/div><\/div><\/div><\/article><article class=\"wpgb-card wpgb-card-33 wpgb-post-2975 wpgb-card-hidden\" data-col=\"1\" data-row=\"1\" data-format=\"standard\"><div class=\"wpgb-card-wrapper\"><div class=\"wpgb-card-inner\"><div class=\"wpgb-card-media wpgb-scheme-light\" data-action><svg data-ratio style=\"padding-top:100%\" viewBox=\"0 0 1 1\" aria-hidden=\"true\"><\/svg><div class=\"wpgb-card-media-thumbnail\"><a href=\"https:\/\/jetzine.brussels\/wp-content\/uploads\/2026\/04\/Billetterie-en-ligne.jpg\" tabindex=\"-1\" class=\"wpgb-handle-lb wpgb-lightbox\" data-type=\"image\" data-rel=\"26\" data-title=\"Online ticketing\" title=\"Enlarge photo\"><div class=\"wpgb-lazy-load wpgb-lazy-spinner\" data-wpgb-thumb=\"\" data-wpgb-src=\"https:\/\/jetzine.brussels\/wp-content\/uploads\/2026\/04\/Billetterie-en-ligne.jpg\"><\/div><noscript><img loading=\"lazy\" decoding=\"async\" class=\"wpgb-noscript-img\" src=\"https:\/\/jetzine.brussels\/wp-content\/uploads\/2026\/04\/Billetterie-en-ligne.jpg\" alt=\"De online ticketing van Jette\" height=\"396\" width=\"756\"><\/noscript><\/a><\/div><a class=\"wpgb-card-layer-link\" href=\"https:\/\/jetzine.brussels\/nl\/basic\/reserveringen-via-de-online-ticketverkoop\/\"><\/a><\/div><div class=\"wpgb-card-content wpgb-scheme-dark\"><div class=\"wpgb-card-body\"><div class=\"wpgb-block-5\"><span class=\"pm-cat-badge pm-cat-cultuur\">Cultuur<\/span><\/div><h3 class=\"wpgb-block-1\"><a href=\"https:\/\/jetzine.brussels\/nl\/basic\/reserveringen-via-de-online-ticketverkoop\/\">Reserveringen? Via de online ticketverkoop!<\/a><\/h3><div class=\"wpgb-block-2\"><p>Via de online ticketing kan u een plaats reserveren voor een concert, een activiteit of een workshop. De reserveringen voor de gemeentelijke activiteiten verlopen dus via dit online ticketing-systeem. <\/p><\/div><\/div><\/div><\/div><\/div><\/article><article class=\"wpgb-card wpgb-card-33 wpgb-post-3002 wpgb-card-hidden\" data-col=\"1\" data-row=\"1\" data-format=\"standard\"><div class=\"wpgb-card-wrapper\"><div class=\"wpgb-card-inner\"><div class=\"wpgb-card-media wpgb-scheme-light\" data-action><svg data-ratio style=\"padding-top:100%\" viewBox=\"0 0 1 1\" aria-hidden=\"true\"><\/svg><div class=\"wpgb-card-media-thumbnail\"><a href=\"https:\/\/jetzine.brussels\/wp-content\/uploads\/2026\/04\/BiblioJette.jpg\" tabindex=\"-1\" class=\"wpgb-handle-lb wpgb-lightbox\" data-type=\"image\" data-rel=\"26\" data-title=\"BiblioJette\" title=\"Enlarge photo\"><div class=\"wpgb-lazy-load wpgb-lazy-spinner\" data-wpgb-thumb=\"\" data-wpgb-src=\"https:\/\/jetzine.brussels\/wp-content\/uploads\/2026\/04\/BiblioJette.jpg\"><\/div><noscript><img loading=\"lazy\" decoding=\"async\" class=\"wpgb-noscript-img\" src=\"https:\/\/jetzine.brussels\/wp-content\/uploads\/2026\/04\/BiblioJette.jpg\" alt=\"De gevel van de Franstalige bib, met tekeningen op de ruit\" height=\"345\" width=\"755\"><\/noscript><\/a><\/div><a class=\"wpgb-card-layer-link\" href=\"https:\/\/jetzine.brussels\/nl\/basic\/bibliojette-de-franstalige-bibliotheek\/\"><\/a><\/div><div class=\"wpgb-card-content wpgb-scheme-dark\"><div class=\"wpgb-card-body\"><div class=\"wpgb-block-5\"><span class=\"pm-cat-badge pm-cat-vrije-tijd\">Vrije tijd<\/span><\/div><h3 class=\"wpgb-block-1\"><a href=\"https:\/\/jetzine.brussels\/nl\/basic\/bibliojette-de-franstalige-bibliotheek\/\">BiblioJette, de Franstalige bibliotheek<\/a><\/h3><div class=\"wpgb-block-2\"><p>In BiblioJette, de Franstalige bibliotheek, kan je niet alleen boeken uitlenen, maar ook genieten van allerlei activiteiten.<\/p><\/div><\/div><\/div><\/div><\/div><\/article><article class=\"wpgb-card wpgb-card-33 wpgb-post-3012 wpgb-card-hidden\" data-col=\"1\" data-row=\"1\" data-format=\"standard\"><div class=\"wpgb-card-wrapper\"><div class=\"wpgb-card-inner\"><div class=\"wpgb-card-media wpgb-scheme-light\" data-action><svg data-ratio style=\"padding-top:100%\" viewBox=\"0 0 1 1\" aria-hidden=\"true\"><\/svg><div class=\"wpgb-card-media-thumbnail\"><a href=\"https:\/\/jetzine.brussels\/wp-content\/uploads\/2026\/04\/De-Bib-banner.jpg\" tabindex=\"-1\" class=\"wpgb-handle-lb wpgb-lightbox\" data-type=\"image\" data-rel=\"26\" data-title=\"De Bib banner\" title=\"Enlarge photo\"><div class=\"wpgb-lazy-load wpgb-lazy-spinner\" data-wpgb-thumb=\"\" data-wpgb-src=\"https:\/\/jetzine.brussels\/wp-content\/uploads\/2026\/04\/De-Bib-banner.jpg\"><\/div><noscript><img loading=\"lazy\" decoding=\"async\" class=\"wpgb-noscript-img\" src=\"https:\/\/jetzine.brussels\/wp-content\/uploads\/2026\/04\/De-Bib-banner.jpg\" alt=\"Boeken en magazines in de Jetse bib\" height=\"688\" width=\"1280\"><\/noscript><\/a><\/div><a class=\"wpgb-card-layer-link\" href=\"https:\/\/jetzine.brussels\/nl\/basic\/nederlandstalige-bibliotheek-jette\/\"><\/a><\/div><div class=\"wpgb-card-content wpgb-scheme-dark\"><div class=\"wpgb-card-body\"><div class=\"wpgb-block-5\"><span class=\"pm-cat-badge pm-cat-vrije-tijd\">Vrije tijd<\/span><\/div><h3 class=\"wpgb-block-1\"><a href=\"https:\/\/jetzine.brussels\/nl\/basic\/nederlandstalige-bibliotheek-jette\/\">Nederlandstalige Bibliotheek Jette<\/a><\/h3><div class=\"wpgb-block-2\"><p>De Nederlandstalige openbare bibliotheek biedt u een ruime keuze aan boeken voor volwassenen en kinderen, stripverhalen, tijdschriften, cd&#8217;s, dvd&#8217;s,&#8230; Bovendien kan u er gratis surfen op het internet. <\/p><\/div><\/div><\/div><\/div><\/div><\/article><article class=\"wpgb-card wpgb-card-33 wpgb-post-3022 wpgb-card-hidden\" data-col=\"1\" data-row=\"1\" data-format=\"standard\"><div class=\"wpgb-card-wrapper\"><div class=\"wpgb-card-inner\"><div class=\"wpgb-card-media wpgb-scheme-light\" data-action><svg data-ratio style=\"padding-top:100%\" viewBox=\"0 0 1 1\" aria-hidden=\"true\"><\/svg><div class=\"wpgb-card-media-thumbnail\"><a href=\"https:\/\/jetzine.brussels\/wp-content\/uploads\/2026\/03\/Grainotheque.jpeg\" tabindex=\"-1\" class=\"wpgb-handle-lb wpgb-lightbox\" data-type=\"image\" data-rel=\"26\" data-title=\"Zadenbib\" title=\"Enlarge photo\"><div class=\"wpgb-lazy-load wpgb-lazy-spinner\" data-wpgb-thumb=\"\" data-wpgb-src=\"https:\/\/jetzine.brussels\/wp-content\/uploads\/2026\/03\/Grainotheque.jpeg\"><\/div><noscript><img loading=\"lazy\" decoding=\"async\" class=\"wpgb-noscript-img\" src=\"https:\/\/jetzine.brussels\/wp-content\/uploads\/2026\/03\/Grainotheque.jpeg\" alt=\"Een hand met zaadjes\" height=\"665\" width=\"1000\"><\/noscript><\/a><\/div><a class=\"wpgb-card-layer-link\" href=\"https:\/\/jetzine.brussels\/nl\/basic\/zadenbib\/\"><\/a><\/div><div class=\"wpgb-card-content wpgb-scheme-dark\"><div class=\"wpgb-card-body\"><div class=\"wpgb-block-5\"><span class=\"pm-cat-badge pm-cat-duurzame-ontwikkeling\">Duurzame ontwikkeling<\/span><\/div><h3 class=\"wpgb-block-1\"><a href=\"https:\/\/jetzine.brussels\/nl\/basic\/zadenbib\/\">Zadenbib<\/a><\/h3><div class=\"wpgb-block-2\"><p>De standaardisatie van plantensoorten vormt een bedreiging voor de biodiversiteit. Daarom heeft de gemeente Jette een \u200b\u200bzadenbibliotheek.<\/p><\/div><\/div><\/div><\/div><\/div><\/article><article class=\"wpgb-card wpgb-card-33 wpgb-post-3030 wpgb-card-hidden\" data-col=\"1\" data-row=\"1\" data-format=\"standard\"><div class=\"wpgb-card-wrapper\"><div class=\"wpgb-card-inner\"><div class=\"wpgb-card-media wpgb-scheme-light\" data-action><svg data-ratio style=\"padding-top:100%\" viewBox=\"0 0 1 1\" aria-hidden=\"true\"><\/svg><div class=\"wpgb-card-media-thumbnail\"><a href=\"https:\/\/jetzine.brussels\/wp-content\/uploads\/2026\/04\/Plantotek.jpg\" tabindex=\"-1\" class=\"wpgb-handle-lb wpgb-lightbox\" data-type=\"image\" data-rel=\"26\" data-title=\"Een vrouw met planten\" data-desc=\"Een vrouw met planten\" title=\"Enlarge photo\"><div class=\"wpgb-lazy-load wpgb-lazy-spinner\" data-wpgb-thumb=\"\" data-wpgb-src=\"https:\/\/jetzine.brussels\/wp-content\/uploads\/2026\/04\/Plantotek.jpg\"><\/div><noscript><img loading=\"lazy\" decoding=\"async\" class=\"wpgb-noscript-img\" src=\"https:\/\/jetzine.brussels\/wp-content\/uploads\/2026\/04\/Plantotek.jpg\" alt=\"Een vrouw met planten\" height=\"378\" width=\"567\"><\/noscript><\/a><\/div><a class=\"wpgb-card-layer-link\" href=\"https:\/\/jetzine.brussels\/nl\/basic\/plantotek\/\"><\/a><\/div><div class=\"wpgb-card-content wpgb-scheme-dark\"><div class=\"wpgb-card-body\"><div class=\"wpgb-block-5\"><span class=\"pm-cat-badge pm-cat-duurzame-ontwikkeling\">Duurzame ontwikkeling<\/span><\/div><h3 class=\"wpgb-block-1\"><a href=\"https:\/\/jetzine.brussels\/nl\/basic\/plantotek\/\">Plantotek<\/a><\/h3><div class=\"wpgb-block-2\"><p>Dankzij de plantenbibliotheek \u2018Plantotek\u2019 kunnen de gebruikers binnen- en buitenplanten adopteren.<\/p><\/div><\/div><\/div><\/div><\/div><\/article><article class=\"wpgb-card wpgb-card-33 wpgb-post-3051 wpgb-card-hidden\" data-col=\"1\" data-row=\"1\" data-format=\"standard\"><div class=\"wpgb-card-wrapper\"><div class=\"wpgb-card-inner\"><div class=\"wpgb-card-media wpgb-scheme-light\" data-action><svg data-ratio style=\"padding-top:100%\" viewBox=\"0 0 1 1\" aria-hidden=\"true\"><\/svg><div class=\"wpgb-card-media-thumbnail\"><a href=\"https:\/\/jetzine.brussels\/wp-content\/uploads\/2026\/04\/Academie-FR.jpg\" tabindex=\"-1\" class=\"wpgb-handle-lb wpgb-lightbox\" data-type=\"image\" data-rel=\"26\" data-title=\"Acad\u00e9mie FR\" title=\"Enlarge photo\"><div class=\"wpgb-lazy-load wpgb-lazy-spinner\" data-wpgb-thumb=\"\" data-wpgb-src=\"https:\/\/jetzine.brussels\/wp-content\/uploads\/2026\/04\/Academie-FR.jpg\"><\/div><noscript><img loading=\"lazy\" decoding=\"async\" class=\"wpgb-noscript-img\" src=\"https:\/\/jetzine.brussels\/wp-content\/uploads\/2026\/04\/Academie-FR.jpg\" alt=\"Een meisje dat dwarsfluit speelt\" height=\"1697\" width=\"2545\"><\/noscript><\/a><\/div><a class=\"wpgb-card-layer-link\" href=\"https:\/\/jetzine.brussels\/nl\/basic\/jetse-academie-muziek-woord-en-dans\/\"><\/a><\/div><div class=\"wpgb-card-content wpgb-scheme-dark\"><div class=\"wpgb-card-body\"><div class=\"wpgb-block-5\"><span class=\"pm-cat-badge pm-cat-cultuur\">Cultuur<\/span><\/div><h3 class=\"wpgb-block-1\"><a href=\"https:\/\/jetzine.brussels\/nl\/basic\/jetse-academie-muziek-woord-en-dans\/\">Acad\u00e9mie de Jette &#8211; musique &#8211; danse &#8211; parole<\/a><\/h3><div class=\"wpgb-block-2\"><p>De Franstalige academie van Jette telt bijna 1.500 leerlingen dans, muziek en theater. Binnen deze drie disciplines worden er grote projecten uitgewerkt en voorstellingen gecre\u00eberd, die alle leerlingen en docenten helpen groeien. <\/p><\/div><\/div><\/div><\/div><\/div><\/article><article class=\"wpgb-card wpgb-card-33 wpgb-post-6255 wpgb-card-hidden\" data-col=\"1\" data-row=\"1\" data-format=\"standard\"><div class=\"wpgb-card-wrapper\"><div class=\"wpgb-card-inner\"><div class=\"wpgb-card-media wpgb-scheme-light\" data-action><svg data-ratio style=\"padding-top:100%\" viewBox=\"0 0 1 1\" aria-hidden=\"true\"><\/svg><div class=\"wpgb-card-media-thumbnail\"><a href=\"https:\/\/jetzine.brussels\/wp-content\/uploads\/2026\/04\/Trompet-academie.jpg\" tabindex=\"-1\" class=\"wpgb-handle-lb wpgb-lightbox\" data-type=\"image\" data-rel=\"26\" data-title=\"Trompet academie\" title=\"Enlarge photo\"><div class=\"wpgb-lazy-load wpgb-lazy-spinner\" data-wpgb-thumb=\"\" data-wpgb-src=\"https:\/\/jetzine.brussels\/wp-content\/uploads\/2026\/04\/Trompet-academie.jpg\"><\/div><noscript><img loading=\"lazy\" decoding=\"async\" class=\"wpgb-noscript-img\" src=\"https:\/\/jetzine.brussels\/wp-content\/uploads\/2026\/04\/Trompet-academie.jpg\" alt=\"Trompet\" height=\"1198\" width=\"1797\"><\/noscript><\/a><\/div><a class=\"wpgb-card-layer-link\" href=\"https:\/\/jetzine.brussels\/nl\/basic\/jetse-academie-muziek-woord-dans\/\"><\/a><\/div><div class=\"wpgb-card-content wpgb-scheme-dark\"><div class=\"wpgb-card-body\"><div class=\"wpgb-block-5\"><span class=\"pm-cat-badge pm-cat-cultuur\">Cultuur<\/span><\/div><h3 class=\"wpgb-block-1\"><a href=\"https:\/\/jetzine.brussels\/nl\/basic\/jetse-academie-muziek-woord-dans\/\">Jetse Academie \u2013 muziek \u2013 woord \u2013 dans<\/a><\/h3><div class=\"wpgb-block-2\"><p>De Nederlandstalige academie biedt een brede waaier aan lessen muziek, woord en dans.<\/p><\/div><\/div><\/div><\/div><\/div><\/article><article class=\"wpgb-card wpgb-card-33 wpgb-post-3150 wpgb-card-hidden\" data-col=\"1\" data-row=\"1\" data-format=\"standard\"><div class=\"wpgb-card-wrapper\"><div class=\"wpgb-card-inner\"><div class=\"wpgb-card-media wpgb-scheme-light\" data-action><svg data-ratio style=\"padding-top:100%\" viewBox=\"0 0 1 1\" aria-hidden=\"true\"><\/svg><div class=\"wpgb-card-media-thumbnail\"><a href=\"https:\/\/jetzine.brussels\/wp-content\/uploads\/2026\/04\/Enfants-chevre-1.jpg\" tabindex=\"-1\" class=\"wpgb-handle-lb wpgb-lightbox\" data-type=\"image\" data-rel=\"26\" data-title=\"Enfants ch\u00e8vre\" title=\"Enlarge photo\"><div class=\"wpgb-lazy-load wpgb-lazy-spinner\" data-wpgb-thumb=\"\" data-wpgb-src=\"https:\/\/jetzine.brussels\/wp-content\/uploads\/2026\/04\/Enfants-chevre-1.jpg\"><\/div><noscript><img loading=\"lazy\" decoding=\"async\" class=\"wpgb-noscript-img\" src=\"https:\/\/jetzine.brussels\/wp-content\/uploads\/2026\/04\/Enfants-chevre-1.jpg\" alt=\"Un enfant avec une ch\u00e8vre\" height=\"1335\" width=\"2000\"><\/noscript><\/a><\/div><a class=\"wpgb-card-layer-link\" href=\"https:\/\/jetzine.brussels\/nl\/basic\/kinderboerderij\/\"><\/a><\/div><div class=\"wpgb-card-content wpgb-scheme-dark\"><div class=\"wpgb-card-body\"><div class=\"wpgb-block-5\"><span class=\"pm-cat-badge pm-cat-familles\">Gezinnen<\/span><\/div><h3 class=\"wpgb-block-1\"><a href=\"https:\/\/jetzine.brussels\/nl\/basic\/kinderboerderij\/\">Kinderboerderij<\/a><\/h3><div class=\"wpgb-block-2\"><p>De Kinderboerderij vormt een eigen kleine wereld waar kinderen door de jaren heen en in alle seizoenen het leven op de boerderij ontdekken.<\/p><\/div><\/div><\/div><\/div><\/div><\/article><article class=\"wpgb-card wpgb-card-33 wpgb-post-3171 wpgb-card-hidden\" data-col=\"1\" data-row=\"1\" data-format=\"standard\"><div class=\"wpgb-card-wrapper\"><div class=\"wpgb-card-inner\"><div class=\"wpgb-card-media wpgb-scheme-light\" data-action><svg data-ratio style=\"padding-top:100%\" viewBox=\"0 0 1 1\" aria-hidden=\"true\"><\/svg><div class=\"wpgb-card-media-thumbnail\"><a href=\"https:\/\/jetzine.brussels\/wp-content\/uploads\/2026\/04\/Mosaique-01.jpg\" tabindex=\"-1\" class=\"wpgb-handle-lb wpgb-lightbox\" data-type=\"image\" data-rel=\"26\" data-title=\"Mosaique 01\" title=\"Enlarge photo\"><div class=\"wpgb-lazy-load wpgb-lazy-spinner\" data-wpgb-thumb=\"\" data-wpgb-src=\"https:\/\/jetzine.brussels\/wp-content\/uploads\/2026\/04\/Mosaique-01.jpg\"><\/div><noscript><img loading=\"lazy\" decoding=\"async\" class=\"wpgb-noscript-img\" src=\"https:\/\/jetzine.brussels\/wp-content\/uploads\/2026\/04\/Mosaique-01.jpg\" alt=\"Een trompetspeler in moza\u00efek\" height=\"1045\" width=\"1577\"><\/noscript><\/a><\/div><a class=\"wpgb-card-layer-link\" href=\"https:\/\/jetzine.brussels\/nl\/basic\/de-kleurrijke-mozaieken\/\"><\/a><\/div><div class=\"wpgb-card-content wpgb-scheme-dark\"><div class=\"wpgb-card-body\"><div class=\"wpgb-block-5\"><span class=\"pm-cat-badge pm-cat-cultuur\">Cultuur<\/span><\/div><h3 class=\"wpgb-block-1\"><a href=\"https:\/\/jetzine.brussels\/nl\/basic\/de-kleurrijke-mozaieken\/\">De kleurrijke moza\u00efeken<\/a><\/h3><div class=\"wpgb-block-2\"><p>Moza\u00efek speelt een belangrijke rol in de straten van Jette, tot groot genoegen van liefhebbers van vrolijkheid en kleur.<\/p><\/div><\/div><\/div><\/div><\/div><\/article><article class=\"wpgb-card wpgb-card-33 wpgb-post-3183 wpgb-card-hidden\" data-col=\"1\" data-row=\"1\" data-format=\"standard\"><div class=\"wpgb-card-wrapper\"><div class=\"wpgb-card-inner\"><div class=\"wpgb-card-media wpgb-scheme-light\" data-action><svg data-ratio style=\"padding-top:100%\" viewBox=\"0 0 1 1\" aria-hidden=\"true\"><\/svg><div class=\"wpgb-card-media-thumbnail\"><a href=\"https:\/\/jetzine.brussels\/wp-content\/uploads\/2026\/04\/Mozaiekproject-Theodor-02.jpg\" tabindex=\"-1\" class=\"wpgb-handle-lb wpgb-lightbox\" data-type=\"image\" data-rel=\"26\" data-title=\"Moza\u00efekproject Theodor 02\" title=\"Enlarge photo\"><div class=\"wpgb-lazy-load wpgb-lazy-spinner\" data-wpgb-thumb=\"\" data-wpgb-src=\"https:\/\/jetzine.brussels\/wp-content\/uploads\/2026\/04\/Mozaiekproject-Theodor-02.jpg\"><\/div><noscript><img loading=\"lazy\" decoding=\"async\" class=\"wpgb-noscript-img\" src=\"https:\/\/jetzine.brussels\/wp-content\/uploads\/2026\/04\/Mozaiekproject-Theodor-02.jpg\" alt=\"Kunstenaar aan de slag met moza\u00efek\" height=\"540\" width=\"830\"><\/noscript><\/a><\/div><a class=\"wpgb-card-layer-link\" href=\"https:\/\/jetzine.brussels\/nl\/basic\/mozaiekparcours-leon-theodorstraat\/\"><\/a><\/div><div class=\"wpgb-card-content wpgb-scheme-dark\"><div class=\"wpgb-card-body\"><div class=\"wpgb-block-5\"><span class=\"pm-cat-badge pm-cat-cultuur\">Cultuur<\/span><\/div><h3 class=\"wpgb-block-1\"><a href=\"https:\/\/jetzine.brussels\/nl\/basic\/mozaiekparcours-leon-theodorstraat\/\">Moza\u00efekparcours L\u00e9on Theodorstraat<\/a><\/h3><div class=\"wpgb-block-2\"><p>Kleurrijke moza\u00ad\u00efektegels sieren het voetpad van de L\u00e9on Theodorstraat. Geoefende ogen lezen er telkens een boodschap in&#8230; <\/p><\/div><\/div><\/div><\/div><\/div><\/article><article class=\"wpgb-card wpgb-card-33 wpgb-post-3252 wpgb-card-hidden\" data-col=\"1\" data-row=\"1\" data-format=\"standard\"><div class=\"wpgb-card-wrapper\"><div class=\"wpgb-card-inner\"><div class=\"wpgb-card-media wpgb-scheme-light\" data-action><svg data-ratio style=\"padding-top:100%\" viewBox=\"0 0 1 1\" aria-hidden=\"true\"><\/svg><div class=\"wpgb-card-media-thumbnail\"><a href=\"https:\/\/jetzine.brussels\/wp-content\/uploads\/2026\/04\/Jette-Met.jpg\" tabindex=\"-1\" class=\"wpgb-handle-lb wpgb-lightbox\" data-type=\"image\" data-rel=\"26\" data-title=\"Jette Met\" title=\"Enlarge photo\"><div class=\"wpgb-lazy-load wpgb-lazy-spinner\" data-wpgb-thumb=\"\" data-wpgb-src=\"https:\/\/jetzine.brussels\/wp-content\/uploads\/2026\/04\/Jette-Met.jpg\"><\/div><noscript><img loading=\"lazy\" decoding=\"async\" class=\"wpgb-noscript-img\" src=\"https:\/\/jetzine.brussels\/wp-content\/uploads\/2026\/04\/Jette-Met.jpg\" alt=\"Jette Met op het Kardinaal Mercierplein.\" height=\"446\" width=\"794\"><\/noscript><\/a><\/div><a class=\"wpgb-card-layer-link\" href=\"https:\/\/jetzine.brussels\/nl\/basic\/markten\/\"><\/a><\/div><div class=\"wpgb-card-content wpgb-scheme-dark\"><div class=\"wpgb-card-body\"><div class=\"wpgb-block-5\"><span class=\"pm-cat-badge pm-cat-vrije-tijd\">Vrije tijd<\/span><\/div><h3 class=\"wpgb-block-1\"><a href=\"https:\/\/jetzine.brussels\/nl\/basic\/markten\/\">Markten<\/a><\/h3><div class=\"wpgb-block-2\"><p>Jette telt verscheidene markten: de zondagsmarkt, de dagelijkse markten, buurtmarkten, een duurzame markt,&#8230;<\/p><\/div><\/div><\/div><\/div><\/div><\/article><article class=\"wpgb-card wpgb-card-33 wpgb-post-3283 wpgb-card-hidden\" data-col=\"1\" data-row=\"1\" data-format=\"standard\"><div class=\"wpgb-card-wrapper\"><div class=\"wpgb-card-inner\"><div class=\"wpgb-card-media wpgb-scheme-light\" data-action><svg data-ratio style=\"padding-top:100%\" viewBox=\"0 0 1 1\" aria-hidden=\"true\"><\/svg><div class=\"wpgb-card-media-thumbnail\"><a href=\"https:\/\/jetzine.brussels\/wp-content\/uploads\/2026\/04\/Brocantes.jpg\" tabindex=\"-1\" class=\"wpgb-handle-lb wpgb-lightbox\" data-type=\"image\" data-rel=\"26\" data-title=\"Rommelmarkten\" title=\"Enlarge photo\"><div class=\"wpgb-lazy-load wpgb-lazy-spinner\" data-wpgb-thumb=\"\" data-wpgb-src=\"https:\/\/jetzine.brussels\/wp-content\/uploads\/2026\/04\/Brocantes.jpg\"><\/div><noscript><img loading=\"lazy\" decoding=\"async\" class=\"wpgb-noscript-img\" src=\"https:\/\/jetzine.brussels\/wp-content\/uploads\/2026\/04\/Brocantes.jpg\" alt=\"Een verkoop op een rommelmarkt\" height=\"1333\" width=\"1400\"><\/noscript><\/a><\/div><a class=\"wpgb-card-layer-link\" href=\"https:\/\/jetzine.brussels\/nl\/basic\/rommelmarkten\/\"><\/a><\/div><div class=\"wpgb-card-content wpgb-scheme-dark\"><div class=\"wpgb-card-body\"><div class=\"wpgb-block-5\"><span class=\"pm-cat-badge pm-cat-vrije-tijd\">Vrije tijd<\/span><\/div><h3 class=\"wpgb-block-1\"><a href=\"https:\/\/jetzine.brussels\/nl\/basic\/rommelmarkten\/\">Rommelmarkten<\/a><\/h3><div class=\"wpgb-block-2\"><p>Tijdens de lente en de zomer vinden er vele rommelmarkten plaats in Jette.<\/p><\/div><\/div><\/div><\/div><\/div><\/article><article class=\"wpgb-card wpgb-card-33 wpgb-post-3300 wpgb-card-hidden\" data-col=\"1\" data-row=\"1\" data-format=\"standard\"><div class=\"wpgb-card-wrapper\"><div class=\"wpgb-card-inner\"><div class=\"wpgb-card-media wpgb-scheme-light\" data-action><svg data-ratio style=\"padding-top:100%\" viewBox=\"0 0 1 1\" aria-hidden=\"true\"><\/svg><div class=\"wpgb-card-media-thumbnail\"><a href=\"https:\/\/jetzine.brussels\/wp-content\/uploads\/2026\/04\/Magritte-01.jpg\" tabindex=\"-1\" class=\"wpgb-handle-lb wpgb-lightbox\" data-type=\"image\" data-rel=\"26\" data-title=\"Magritte 01\" title=\"Enlarge photo\"><div class=\"wpgb-lazy-load wpgb-lazy-spinner\" data-wpgb-thumb=\"\" data-wpgb-src=\"https:\/\/jetzine.brussels\/wp-content\/uploads\/2026\/04\/Magritte-01.jpg\"><\/div><noscript><img loading=\"lazy\" decoding=\"async\" class=\"wpgb-noscript-img\" src=\"https:\/\/jetzine.brussels\/wp-content\/uploads\/2026\/04\/Magritte-01.jpg\" alt=\"Het interieu van het Magritte museum in Jette\" height=\"814\" width=\"1024\"><\/noscript><\/a><\/div><a class=\"wpgb-card-layer-link\" href=\"https:\/\/jetzine.brussels\/nl\/basic\/rene-magritte-museum\/\"><\/a><\/div><div class=\"wpgb-card-content wpgb-scheme-dark\"><div class=\"wpgb-card-body\"><div class=\"wpgb-block-5\"><span class=\"pm-cat-badge pm-cat-cultuur\">Cultuur<\/span><\/div><h3 class=\"wpgb-block-1\"><a href=\"https:\/\/jetzine.brussels\/nl\/basic\/rene-magritte-museum\/\">Het Ren\u00e9 Magritte Museum<\/a><\/h3><div class=\"wpgb-block-2\"><p>Het Ren\u00e9 Magritte Museum in Jette vormt een intiem en verrassend eerbetoon aan een van de grootste kunstenaars van de 20ste eeuw.<\/p><\/div><\/div><\/div><\/div><\/div><\/article><article class=\"wpgb-card wpgb-card-33 wpgb-post-3340 wpgb-card-hidden\" data-col=\"1\" data-row=\"1\" data-format=\"standard\"><div class=\"wpgb-card-wrapper\"><div class=\"wpgb-card-inner\"><div class=\"wpgb-card-media wpgb-scheme-light\" data-action><svg data-ratio style=\"padding-top:100%\" viewBox=\"0 0 1 1\" aria-hidden=\"true\"><\/svg><div class=\"wpgb-card-media-thumbnail\"><a href=\"https:\/\/jetzine.brussels\/wp-content\/uploads\/2026\/04\/34zero.jpg\" tabindex=\"-1\" class=\"wpgb-handle-lb wpgb-lightbox\" data-type=\"image\" data-rel=\"26\" data-title=\"34zero\" title=\"Enlarge photo\"><div class=\"wpgb-lazy-load wpgb-lazy-spinner\" data-wpgb-thumb=\"\" data-wpgb-src=\"https:\/\/jetzine.brussels\/wp-content\/uploads\/2026\/04\/34zero.jpg\"><\/div><noscript><img loading=\"lazy\" decoding=\"async\" class=\"wpgb-noscript-img\" src=\"https:\/\/jetzine.brussels\/wp-content\/uploads\/2026\/04\/34zero.jpg\" alt=\"Een expozaal van het Atelier 34zero\" height=\"567\" width=\"756\"><\/noscript><\/a><\/div><a class=\"wpgb-card-layer-link\" href=\"https:\/\/jetzine.brussels\/nl\/basic\/atelier-34zero-muzeum\/\"><\/a><\/div><div class=\"wpgb-card-content wpgb-scheme-dark\"><div class=\"wpgb-card-body\"><div class=\"wpgb-block-5\"><span class=\"pm-cat-badge pm-cat-cultuur\">Cultuur<\/span><\/div><h3 class=\"wpgb-block-1\"><a href=\"https:\/\/jetzine.brussels\/nl\/basic\/atelier-34zero-muzeum\/\">Atelier 34zero Muzeum<\/a><\/h3><div class=\"wpgb-block-2\"><p>Atelier 34zero Muzeum is een onafhankelijk kunstencentrum dat sculptuur en driedimensionele kunst promoot, zowel in Belgi\u00eb als in het buitenland.<\/p><\/div><\/div><\/div><\/div><\/div><\/article><article class=\"wpgb-card wpgb-card-33 wpgb-post-3368 wpgb-card-hidden\" data-col=\"1\" data-row=\"1\" data-format=\"standard\"><div class=\"wpgb-card-wrapper\"><div class=\"wpgb-card-inner\"><div class=\"wpgb-card-media wpgb-scheme-light\" data-action><svg data-ratio style=\"padding-top:100%\" viewBox=\"0 0 1 1\" aria-hidden=\"true\"><\/svg><div class=\"wpgb-card-media-thumbnail\"><a href=\"https:\/\/jetzine.brussels\/wp-content\/uploads\/2026\/04\/Withuis.jpg\" tabindex=\"-1\" class=\"wpgb-handle-lb wpgb-lightbox\" data-type=\"image\" data-rel=\"26\" data-title=\"Withuis\" data-desc=\"\u00a9 Admirables fa\u00e7ades\" title=\"Enlarge photo\"><div class=\"wpgb-lazy-load wpgb-lazy-spinner\" data-wpgb-thumb=\"\" data-wpgb-src=\"https:\/\/jetzine.brussels\/wp-content\/uploads\/2026\/04\/Withuis.jpg\"><\/div><noscript><img loading=\"lazy\" decoding=\"async\" class=\"wpgb-noscript-img\" src=\"https:\/\/jetzine.brussels\/wp-content\/uploads\/2026\/04\/Withuis.jpg\" alt=\"Withuis\" height=\"1500\" width=\"2250\"><\/noscript><\/a><\/div><a class=\"wpgb-card-layer-link\" href=\"https:\/\/jetzine.brussels\/nl\/basic\/withuis-joseph-diongre\/\"><\/a><\/div><div class=\"wpgb-card-content wpgb-scheme-dark\"><div class=\"wpgb-card-body\"><div class=\"wpgb-block-5\"><span class=\"pm-cat-badge pm-cat-cultuur\">Cultuur<\/span><\/div><h3 class=\"wpgb-block-1\"><a href=\"https:\/\/jetzine.brussels\/nl\/basic\/withuis-joseph-diongre\/\">Withuis &#8211; Joseph Diongre<\/a><\/h3><div class=\"wpgb-block-2\"><p>In 1927 ontwierp architect Joseph Diongre dit art-decohuis voor de schrijver-dichter Jef Mennekens.<\/p><\/div><\/div><\/div><\/div><\/div><\/article><article class=\"wpgb-card wpgb-card-33 wpgb-post-3400 wpgb-card-hidden\" data-col=\"1\" data-row=\"1\" data-format=\"standard\"><div class=\"wpgb-card-wrapper\"><div class=\"wpgb-card-inner\"><div class=\"wpgb-card-media wpgb-scheme-light\" data-action><svg data-ratio style=\"padding-top:100%\" viewBox=\"0 0 1 1\" aria-hidden=\"true\"><\/svg><div class=\"wpgb-card-media-thumbnail\"><a href=\"https:\/\/jetzine.brussels\/wp-content\/uploads\/2026\/04\/Senioren-pilates.jpg\" tabindex=\"-1\" class=\"wpgb-handle-lb wpgb-lightbox\" data-type=\"image\" data-rel=\"26\" data-title=\"Senioren pilates\" title=\"Enlarge photo\"><div class=\"wpgb-lazy-load wpgb-lazy-spinner\" data-wpgb-thumb=\"\" data-wpgb-src=\"https:\/\/jetzine.brussels\/wp-content\/uploads\/2026\/04\/Senioren-pilates.jpg\"><\/div><noscript><img loading=\"lazy\" decoding=\"async\" class=\"wpgb-noscript-img\" src=\"https:\/\/jetzine.brussels\/wp-content\/uploads\/2026\/04\/Senioren-pilates.jpg\" alt=\"Les seniors qui pratiquent le pilates\" height=\"2000\" width=\"1335\"><\/noscript><\/a><\/div><a class=\"wpgb-card-layer-link\" href=\"https:\/\/jetzine.brussels\/nl\/basic\/cursussen-voor-senioren\/\"><\/a><\/div><div class=\"wpgb-card-content wpgb-scheme-dark\"><div class=\"wpgb-card-body\"><div class=\"wpgb-block-5\"><span class=\"pm-cat-badge pm-cat-senioren\">Senioren<\/span><\/div><h3 class=\"wpgb-block-1\"><a href=\"https:\/\/jetzine.brussels\/nl\/basic\/cursussen-voor-senioren\/\">Cours seniors<\/a><\/h3><div class=\"wpgb-block-2\"><p>\u00c0 Jette, de nombreux clubs et associations organisent chaque ann\u00e9e des cours et des activit\u00e9s \u00e0 l&#8217;attention des seniors.<\/p><\/div><\/div><\/div><\/div><\/div><\/article><article class=\"wpgb-card wpgb-card-33 wpgb-post-3432 wpgb-card-hidden\" data-col=\"1\" data-row=\"1\" data-format=\"standard\"><div class=\"wpgb-card-wrapper\"><div class=\"wpgb-card-inner\"><div class=\"wpgb-card-media wpgb-scheme-light\" data-action><svg data-ratio style=\"padding-top:100%\" viewBox=\"0 0 1 1\" aria-hidden=\"true\"><\/svg><div class=\"wpgb-card-media-thumbnail\"><a href=\"https:\/\/jetzine.brussels\/wp-content\/uploads\/2026\/04\/Maisons-de-repos.jpg\" tabindex=\"-1\" class=\"wpgb-handle-lb wpgb-lightbox\" data-type=\"image\" data-rel=\"26\" data-title=\"Rusthuizen\" title=\"Enlarge photo\"><div class=\"wpgb-lazy-load wpgb-lazy-spinner\" data-wpgb-thumb=\"\" data-wpgb-src=\"https:\/\/jetzine.brussels\/wp-content\/uploads\/2026\/04\/Maisons-de-repos.jpg\"><\/div><noscript><img loading=\"lazy\" decoding=\"async\" class=\"wpgb-noscript-img\" src=\"https:\/\/jetzine.brussels\/wp-content\/uploads\/2026\/04\/Maisons-de-repos.jpg\" alt=\"Handen\" height=\"1333\" width=\"2000\"><\/noscript><\/a><\/div><a class=\"wpgb-card-layer-link\" href=\"https:\/\/jetzine.brussels\/nl\/basic\/de-rust-en-verzorgingstehuizen\/\"><\/a><\/div><div class=\"wpgb-card-content wpgb-scheme-dark\"><div class=\"wpgb-card-body\"><div class=\"wpgb-block-5\"><span class=\"pm-cat-badge pm-cat-senioren\">Senioren<\/span><\/div><h3 class=\"wpgb-block-1\"><a href=\"https:\/\/jetzine.brussels\/nl\/basic\/de-rust-en-verzorgingstehuizen\/\">De rust- en verzorgingstehuizen<\/a><\/h3><div class=\"wpgb-block-2\"><p>Bent u voor uzelf of voor een naaste op zoek naar een rusthuis of een verzorgingstehuis? Hieronder vindt u een overzicht van de verschillende voorzieningen in Jette. <\/p><\/div><\/div><\/div><\/div><\/div><\/article><article class=\"wpgb-card wpgb-card-33 wpgb-post-3443 wpgb-card-hidden\" data-col=\"1\" data-row=\"1\" data-format=\"standard\"><div class=\"wpgb-card-wrapper\"><div class=\"wpgb-card-inner\"><div class=\"wpgb-card-media wpgb-scheme-light\" data-action><svg data-ratio style=\"padding-top:100%\" viewBox=\"0 0 1 1\" aria-hidden=\"true\"><\/svg><div class=\"wpgb-card-media-thumbnail\"><a href=\"https:\/\/jetzine.brussels\/wp-content\/uploads\/2026\/04\/Minigolf.jpg\" tabindex=\"-1\" class=\"wpgb-handle-lb wpgb-lightbox\" data-type=\"image\" data-rel=\"26\" data-title=\"Minigolf\" title=\"Enlarge photo\"><div class=\"wpgb-lazy-load wpgb-lazy-spinner\" data-wpgb-thumb=\"\" data-wpgb-src=\"https:\/\/jetzine.brussels\/wp-content\/uploads\/2026\/04\/Minigolf.jpg\"><\/div><noscript><img loading=\"lazy\" decoding=\"async\" class=\"wpgb-noscript-img\" src=\"https:\/\/jetzine.brussels\/wp-content\/uploads\/2026\/04\/Minigolf.jpg\" alt=\"Minigolf\" height=\"1334\" width=\"2000\"><\/noscript><\/a><\/div><a class=\"wpgb-card-layer-link\" href=\"https:\/\/jetzine.brussels\/nl\/basic\/mini-golf\/\"><\/a><\/div><div class=\"wpgb-card-content wpgb-scheme-dark\"><div class=\"wpgb-card-body\"><div class=\"wpgb-block-5\"><span class=\"pm-cat-badge pm-cat-vrije-tijd\">Vrije tijd<\/span><\/div><h3 class=\"wpgb-block-1\"><a href=\"https:\/\/jetzine.brussels\/nl\/basic\/mini-golf\/\">Minigolf<\/a><\/h3><p class=\"wpgb-block-2\">Op zoek naar leuke ontspanning voor het hele gezin of met vrienden, in een groene omgeving? Ga dan zeker langs in het Jetse Jeugdpark waar het minigolfterrein opnieuw open is vanaf 1 mei 2026. Speelplezier...<\/p><\/div><\/div><\/div><\/div><\/article><article class=\"wpgb-card wpgb-card-33 wpgb-post-3454 wpgb-card-hidden\" data-col=\"1\" data-row=\"1\" data-format=\"standard\"><div class=\"wpgb-card-wrapper\"><div class=\"wpgb-card-inner\"><div class=\"wpgb-card-media wpgb-scheme-light\" data-action><svg data-ratio style=\"padding-top:100%\" viewBox=\"0 0 1 1\" aria-hidden=\"true\"><\/svg><div class=\"wpgb-card-media-thumbnail\"><a href=\"https:\/\/jetzine.brussels\/wp-content\/uploads\/2026\/04\/Tennis.jpg\" tabindex=\"-1\" class=\"wpgb-handle-lb wpgb-lightbox\" data-type=\"image\" data-rel=\"26\" data-title=\"Tennis\" title=\"Enlarge photo\"><div class=\"wpgb-lazy-load wpgb-lazy-spinner\" data-wpgb-thumb=\"\" data-wpgb-src=\"https:\/\/jetzine.brussels\/wp-content\/uploads\/2026\/04\/Tennis.jpg\"><\/div><noscript><img loading=\"lazy\" decoding=\"async\" class=\"wpgb-noscript-img\" src=\"https:\/\/jetzine.brussels\/wp-content\/uploads\/2026\/04\/Tennis.jpg\" alt=\"Een tennisveld met een tennisbal\" height=\"1333\" width=\"2000\"><\/noscript><\/a><\/div><a class=\"wpgb-card-layer-link\" href=\"https:\/\/jetzine.brussels\/nl\/basic\/tennis\/\"><\/a><\/div><div class=\"wpgb-card-content wpgb-scheme-dark\"><div class=\"wpgb-card-body\"><div class=\"wpgb-block-5\"><span class=\"pm-cat-badge pm-cat-vrije-tijd\">Vrije tijd<\/span><\/div><h3 class=\"wpgb-block-1\"><a href=\"https:\/\/jetzine.brussels\/nl\/basic\/tennis\/\">Tennis<\/a><\/h3><p class=\"wpgb-block-2\">Houdt u er ook van om een balletje te slaan met vrienden? En dan nog liefst in openlucht en een groene omgeving? Van april tot oktober kan u in het Jetse Jeugdpark terecht voor het...<\/p><\/div><\/div><\/div><\/div><\/article><article class=\"wpgb-card wpgb-card-33 wpgb-post-3465 wpgb-card-hidden\" data-col=\"1\" data-row=\"1\" data-format=\"standard\"><div class=\"wpgb-card-wrapper\"><div class=\"wpgb-card-inner\"><div class=\"wpgb-card-media wpgb-scheme-light\" data-action><svg data-ratio style=\"padding-top:100%\" viewBox=\"0 0 1 1\" aria-hidden=\"true\"><\/svg><div class=\"wpgb-card-media-thumbnail\"><a href=\"https:\/\/jetzine.brussels\/wp-content\/uploads\/2026\/04\/Sport.jpg\" tabindex=\"-1\" class=\"wpgb-handle-lb wpgb-lightbox\" data-type=\"image\" data-rel=\"26\" data-title=\"Sport\" title=\"Enlarge photo\"><div class=\"wpgb-lazy-load wpgb-lazy-spinner\" data-wpgb-thumb=\"\" data-wpgb-src=\"https:\/\/jetzine.brussels\/wp-content\/uploads\/2026\/04\/Sport.jpg\"><\/div><noscript><img loading=\"lazy\" decoding=\"async\" class=\"wpgb-noscript-img\" src=\"https:\/\/jetzine.brussels\/wp-content\/uploads\/2026\/04\/Sport.jpg\" alt=\"Twee personen die aan gevechtskunst doen\" height=\"1333\" width=\"2000\"><\/noscript><\/a><\/div><a class=\"wpgb-card-layer-link\" href=\"https:\/\/jetzine.brussels\/nl\/basic\/de-sportclubs-in-jette\/\"><\/a><\/div><div class=\"wpgb-card-content wpgb-scheme-dark\"><div class=\"wpgb-card-body\"><div class=\"wpgb-block-5\"><span class=\"pm-cat-badge pm-cat-vrije-tijd\">Vrije tijd<\/span><\/div><h3 class=\"wpgb-block-1\"><a href=\"https:\/\/jetzine.brussels\/nl\/basic\/de-sportclubs-in-jette\/\">De sportclubs in Jette<\/a><\/h3><div class=\"wpgb-block-2\"><p>Zin om te sporten? In Jette vindt u meer dan 100 sportclubs, 28 verschillende sporten en zowat 200 ploegen. <\/p><\/div><\/div><\/div><\/div><\/div><\/article><article class=\"wpgb-card wpgb-card-33 wpgb-post-3478 wpgb-card-hidden\" data-col=\"1\" data-row=\"1\" data-format=\"standard\"><div class=\"wpgb-card-wrapper\"><div class=\"wpgb-card-inner\"><div class=\"wpgb-card-media wpgb-scheme-light\" data-action><svg data-ratio style=\"padding-top:100%\" viewBox=\"0 0 1 1\" aria-hidden=\"true\"><\/svg><div class=\"wpgb-card-media-thumbnail\"><a href=\"https:\/\/jetzine.brussels\/wp-content\/uploads\/2026\/04\/Romeinse-villa-scaled.jpg\" tabindex=\"-1\" class=\"wpgb-handle-lb wpgb-lightbox\" data-type=\"image\" data-rel=\"26\" data-title=\"Romeinse villa\" title=\"Enlarge photo\"><div class=\"wpgb-lazy-load wpgb-lazy-spinner\" data-wpgb-thumb=\"\" data-wpgb-src=\"https:\/\/jetzine.brussels\/wp-content\/uploads\/2026\/04\/Romeinse-villa-scaled.jpg\"><\/div><noscript><img loading=\"lazy\" decoding=\"async\" class=\"wpgb-noscript-img\" src=\"https:\/\/jetzine.brussels\/wp-content\/uploads\/2026\/04\/Romeinse-villa-scaled.jpg\" alt=\"Het grondplan van de Romeinse villa\" height=\"1696\" width=\"2560\"><\/noscript><\/a><\/div><a class=\"wpgb-card-layer-link\" href=\"https:\/\/jetzine.brussels\/nl\/basic\/gallo-romeinse-villa\/\"><\/a><\/div><div class=\"wpgb-card-content wpgb-scheme-dark\"><div class=\"wpgb-card-body\"><div class=\"wpgb-block-5\"><span class=\"pm-cat-badge pm-cat-vrije-tijd\">Vrije tijd<\/span><\/div><h3 class=\"wpgb-block-1\"><a href=\"https:\/\/jetzine.brussels\/nl\/basic\/gallo-romeinse-villa\/\">Gallo-Romeinse villa<\/a><\/h3><div class=\"wpgb-block-2\"><p>In de Bosstraat in Jette, vinden we de restanten van een gallo-romeinse villa.<\/p><\/div><\/div><\/div><\/div><\/div><\/article><article class=\"wpgb-card wpgb-card-33 wpgb-post-3504 wpgb-card-hidden\" data-col=\"1\" data-row=\"1\" data-format=\"standard\"><div class=\"wpgb-card-wrapper\"><div class=\"wpgb-card-inner\"><div class=\"wpgb-card-media wpgb-scheme-light\" data-action><svg data-ratio style=\"padding-top:100%\" viewBox=\"0 0 1 1\" aria-hidden=\"true\"><\/svg><div class=\"wpgb-card-media-thumbnail\"><a href=\"https:\/\/jetzine.brussels\/wp-content\/uploads\/2026\/04\/Compost.jpg\" tabindex=\"-1\" class=\"wpgb-handle-lb wpgb-lightbox\" data-type=\"image\" data-rel=\"26\" data-title=\"Compost\" title=\"Enlarge photo\"><div class=\"wpgb-lazy-load wpgb-lazy-spinner\" data-wpgb-thumb=\"\" data-wpgb-src=\"https:\/\/jetzine.brussels\/wp-content\/uploads\/2026\/04\/Compost.jpg\"><\/div><noscript><img loading=\"lazy\" decoding=\"async\" class=\"wpgb-noscript-img\" src=\"https:\/\/jetzine.brussels\/wp-content\/uploads\/2026\/04\/Compost.jpg\" alt=\"Voedselresten\" height=\"2000\" width=\"1333\"><\/noscript><\/a><\/div><a class=\"wpgb-card-layer-link\" href=\"https:\/\/jetzine.brussels\/nl\/basic\/wijkcomposten\/\"><\/a><\/div><div class=\"wpgb-card-content wpgb-scheme-dark\"><div class=\"wpgb-card-body\"><div class=\"wpgb-block-5\"><span class=\"pm-cat-badge pm-cat-duurzame-ontwikkeling\">Duurzame ontwikkeling<\/span><\/div><h3 class=\"wpgb-block-1\"><a href=\"https:\/\/jetzine.brussels\/nl\/basic\/wijkcomposten\/\">Wijkcomposten<\/a><\/h3><div class=\"wpgb-block-2\"><p>Een collectieve compost is een gemeenschappelijke compostvoorziening waar verschillende gezinnen hun organisch (keuken- en tuin)afval kunnen composteren. <\/p><\/div><\/div><\/div><\/div><\/div><\/article><article class=\"wpgb-card wpgb-card-33 wpgb-post-3494 wpgb-card-hidden\" data-col=\"1\" data-row=\"1\" data-format=\"standard\"><div class=\"wpgb-card-wrapper\"><div class=\"wpgb-card-inner\"><div class=\"wpgb-card-media wpgb-scheme-light\" data-action><svg data-ratio style=\"padding-top:100%\" viewBox=\"0 0 1 1\" aria-hidden=\"true\"><\/svg><div class=\"wpgb-card-media-thumbnail\"><a href=\"https:\/\/jetzine.brussels\/wp-content\/uploads\/2026\/04\/Grot-monument-heritage-brussels.jpg\" tabindex=\"-1\" class=\"wpgb-handle-lb wpgb-lightbox\" data-type=\"image\" data-rel=\"26\" data-title=\"Grotmonument heritage brussels\" data-desc=\"\u00a9 Monument Heritage Brussels\" title=\"Enlarge photo\"><div class=\"wpgb-lazy-load wpgb-lazy-spinner\" data-wpgb-thumb=\"\" data-wpgb-src=\"https:\/\/jetzine.brussels\/wp-content\/uploads\/2026\/04\/Grot-monument-heritage-brussels.jpg\"><\/div><noscript><img loading=\"lazy\" decoding=\"async\" class=\"wpgb-noscript-img\" src=\"https:\/\/jetzine.brussels\/wp-content\/uploads\/2026\/04\/Grot-monument-heritage-brussels.jpg\" alt=\"De grote van Jette\" height=\"1343\" width=\"1500\"><\/noscript><\/a><\/div><a class=\"wpgb-card-layer-link\" href=\"https:\/\/jetzine.brussels\/nl\/basic\/onze-lieve-vrouw-van-lourdesgrot\/\"><\/a><\/div><div class=\"wpgb-card-content wpgb-scheme-dark\"><div class=\"wpgb-card-body\"><div class=\"wpgb-block-5\"><span class=\"pm-cat-badge pm-cat-vrije-tijd\">Vrije tijd<\/span><\/div><h3 class=\"wpgb-block-1\"><a href=\"https:\/\/jetzine.brussels\/nl\/basic\/onze-lieve-vrouw-van-lourdesgrot\/\">Onze-Lieve-Vrouw van Lourdesgrot<\/a><\/h3><div class=\"wpgb-block-2\"><p>Onze-Lieve-Vrouw van Lourdesgrot<\/p><\/div><\/div><\/div><\/div><\/div><\/article><article class=\"wpgb-card wpgb-card-33 wpgb-post-3633 wpgb-card-hidden\" data-col=\"1\" data-row=\"1\" data-format=\"standard\"><div class=\"wpgb-card-wrapper\"><div class=\"wpgb-card-inner\"><div class=\"wpgb-card-media wpgb-scheme-light\" data-action><svg data-ratio style=\"padding-top:100%\" viewBox=\"0 0 1 1\" aria-hidden=\"true\"><\/svg><div class=\"wpgb-card-media-thumbnail\"><a href=\"https:\/\/jetzine.brussels\/wp-content\/uploads\/2026\/04\/Nereus-scaled.jpg\" tabindex=\"-1\" class=\"wpgb-handle-lb wpgb-lightbox\" data-type=\"image\" data-rel=\"26\" data-title=\"Nereus\" title=\"Enlarge photo\"><div class=\"wpgb-lazy-load wpgb-lazy-spinner\" data-wpgb-thumb=\"\" data-wpgb-src=\"https:\/\/jetzine.brussels\/wp-content\/uploads\/2026\/04\/Nereus-scaled.jpg\"><\/div><noscript><img loading=\"lazy\" decoding=\"async\" class=\"wpgb-noscript-img\" src=\"https:\/\/jetzine.brussels\/wp-content\/uploads\/2026\/04\/Nereus-scaled.jpg\" alt=\"Zwembad\" height=\"1696\" width=\"2560\"><\/noscript><\/a><\/div><a class=\"wpgb-card-layer-link\" href=\"https:\/\/jetzine.brussels\/nl\/basic\/zwembad-nereus\/\"><\/a><\/div><div class=\"wpgb-card-content wpgb-scheme-dark\"><div class=\"wpgb-card-body\"><div class=\"wpgb-block-5\"><span class=\"pm-cat-badge pm-cat-vrije-tijd\">Vrije tijd<\/span><\/div><h3 class=\"wpgb-block-1\"><a href=\"https:\/\/jetzine.brussels\/nl\/basic\/zwembad-nereus\/\">Zwembad Nereus<\/a><\/h3><div class=\"wpgb-block-2\"><p>Zwembad Nereus bestaat uit een klein zwembad en uit een bad met 6 zwemstroken van 25 meter.<\/p><\/div><\/div><\/div><\/div><\/div><\/article><article class=\"wpgb-card wpgb-card-33 wpgb-post-3646 wpgb-card-hidden\" data-col=\"1\" data-row=\"1\" data-format=\"standard\"><div class=\"wpgb-card-wrapper\"><div class=\"wpgb-card-inner\"><div class=\"wpgb-card-media wpgb-scheme-light\" data-action><svg data-ratio style=\"padding-top:100%\" viewBox=\"0 0 1 1\" aria-hidden=\"true\"><\/svg><div class=\"wpgb-card-media-thumbnail\"><a href=\"https:\/\/jetzine.brussels\/wp-content\/uploads\/2026\/04\/Abbaye-Dieleghem-Dessin.jpg\" tabindex=\"-1\" class=\"wpgb-handle-lb wpgb-lightbox\" data-type=\"image\" data-rel=\"26\" data-title=\"Tekening Dielegemabdij\" title=\"Enlarge photo\"><div class=\"wpgb-lazy-load wpgb-lazy-spinner\" data-wpgb-thumb=\"\" data-wpgb-src=\"https:\/\/jetzine.brussels\/wp-content\/uploads\/2026\/04\/Abbaye-Dieleghem-Dessin.jpg\"><\/div><noscript><img loading=\"lazy\" decoding=\"async\" class=\"wpgb-noscript-img\" src=\"https:\/\/jetzine.brussels\/wp-content\/uploads\/2026\/04\/Abbaye-Dieleghem-Dessin.jpg\" alt=\"Tekening Dielegemabdij\" height=\"324\" width=\"425\"><\/noscript><\/a><\/div><a class=\"wpgb-card-layer-link\" href=\"https:\/\/jetzine.brussels\/nl\/basic\/jette-geschiedenis\/\"><\/a><\/div><div class=\"wpgb-card-content wpgb-scheme-dark\"><div class=\"wpgb-card-body\"><div class=\"wpgb-block-5\"><span class=\"pm-cat-badge pm-cat-vrije-tijd\">Vrije tijd<\/span><\/div><h3 class=\"wpgb-block-1\"><a href=\"https:\/\/jetzine.brussels\/nl\/basic\/jette-geschiedenis\/\">Geschiedenis van Jette<\/a><\/h3><div class=\"wpgb-block-2\"><p>In het noordwesten van Brussel, in de Molenbeekvallei, is Jette ge\u00ebvolueerd van een plattelandsdorp tot een moderne gemeente die de voordelen van de stad combineert met het aangenaam karakter van de groene leefomgeving.<\/p><\/div><\/div><\/div><\/div><\/div><\/article>\t\t<\/div>\n\t<\/div>\n\t<div class=\"wpgb-loader\">\n\t<div class=\"wpgb-loader-17\">\n\t\t<div><div><\/div><div><\/div><\/div>\t<\/div>\n<\/div>\n<\/div>\n\t<\/div>\n\t\t<\/div>\n<\/div>\n[\/et_pb_code][\/et_pb_column][\/et_pb_row][\/et_pb_section][et_pb_section fb_built=&#8221;1&#8243; _builder_version=&#8221;4.27.5&#8243; _module_preset=&#8221;default&#8221; global_colors_info=&#8221;{}&#8221;][et_pb_row column_structure=&#8221;1_2,1_4,1_4&#8243; use_custom_gutter=&#8221;on&#8221; gutter_width=&#8221;1&#8243; make_equal=&#8221;on&#8221; custom_padding_last_edited=&#8221;on|phone&#8221; _builder_version=&#8221;4.27.6&#8243; _module_preset=&#8221;default&#8221; width=&#8221;100%&#8221; width_tablet=&#8221;92%&#8221; width_phone=&#8221;92%&#8221; width_last_edited=&#8221;on|tablet&#8221; max_width=&#8221;100%&#8221; custom_margin=&#8221;||||false|false&#8221; custom_padding=&#8221;0px|3%|0px||true|false&#8221; custom_padding_tablet=&#8221;|0%|||true|false&#8221; custom_padding_phone=&#8221;|0%|||true|false&#8221; hover_enabled=&#8221;0&#8243; global_colors_info=&#8221;{}&#8221; sticky_enabled=&#8221;0&#8243;][et_pb_column type=&#8221;1_2&#8243; _builder_version=&#8221;4.27.6&#8243; _module_preset=&#8221;default&#8221; background_color=&#8221;#9d9e9f&#8221; custom_padding=&#8221;2%|5%|3%|5%|false|true&#8221; custom_padding_tablet=&#8221;2%|5%|3%|5%|false|true&#8221; custom_padding_phone=&#8221;10%|5%|5%|5%|false|true&#8221; custom_padding_last_edited=&#8221;on|phone&#8221; custom_css_main_element=&#8221;width: 45%!important&#8221; global_colors_info=&#8221;{}&#8221; custom_css_main_element_last_edited=&#8221;on|phone&#8221; custom_css_main_element_tablet=&#8221;width: 100%!important&#8221; custom_css_main_element_phone=&#8221;width: 100%!important&#8221;][et_pb_text admin_label=&#8221;Titre&#8221; _builder_version=&#8221;4.27.6&#8243; _module_preset=&#8221;default&#8221; header_2_font=&#8221;|700|||||||&#8221; header_2_text_color=&#8221;#FFFFFF&#8221; header_2_font_size=&#8221;27px&#8221; header_2_line_height=&#8221;1.3em&#8221; custom_margin=&#8221;||4%||false|false&#8221; global_colors_info=&#8221;{}&#8221;]<\/p>\n<h2>Video nieuws<\/h2>\n<p>[\/et_pb_text][difl_advanced_blurb title=&#8221;Reeks handelszaken: Sajou&#8221; sub_title=&#8221;Passie voor spelletjes en speelgoed&#8221; badge_enable=&#8221;on&#8221; button_text=&#8221;Lees meer&#8221; button_url=&#8221;https:\/\/jetzine.brussels\/nl\/serie-commerces-sajou\/&#8221; button_alignment=&#8221;right&#8221; image=&#8221;https:\/\/jetzine.brussels\/wp-content\/uploads\/2026\/04\/DSC_0713.jpg&#8221; content_width=&#8221;100%&#8221; wrapper_padding=&#8221;||||false|false&#8221; blurb_img_spacing=&#8221;||3%||false|false&#8221; title_padding=&#8221;|5%||5%|false|true&#8221; sub_title_margin=&#8221;|5%||5%|false|true&#8221; content_padding=&#8221;|5%||5%|false|true&#8221; button_margin=&#8221;1%|5%|||false|false&#8221; button_padding=&#8221;0.5em|1em|0.5em|1em|true|false&#8221; admin_label=&#8221;Video Featured&#8221; _builder_version=&#8221;4.27.6&#8243; _module_preset=&#8221;default&#8221; title_font=&#8221;|700|||||||&#8221; title_text_color=&#8221;gcid-a56b3eb4-c3ac-4587-a29f-075b16bd8792&#8243; title_font_size=&#8221;22px&#8221; title_line_height=&#8221;1.3em&#8221; content_body_font=&#8221;|700|||||||&#8221; content_body_text_color=&#8221;gcid-a56b3eb4-c3ac-4587-a29f-075b16bd8792&#8243; content_body_font_size=&#8221;15px&#8221; content_body_line_height=&#8221;1.3em&#8221; button_text_font=&#8221;|700|||||||&#8221; button_text_text_color=&#8221;gcid-a56b3eb4-c3ac-4587-a29f-075b16bd8792&#8243; background_color=&#8221;#FFFFFF&#8221; custom_margin=&#8221;||||false|false&#8221; title_font_size_tablet=&#8221;22px&#8221; title_font_size_phone=&#8221;21px&#8221; title_font_size_last_edited=&#8221;on|phone&#8221; global_colors_info=&#8221;{%22gcid-1c7e4134-2f1b-404e-a8ef-8f82777abe6d%22:%91%22background_color__hover%22,%22background_color__hover%22,%22background_color__hover%22%93,%22gcid-a56b3eb4-c3ac-4587-a29f-075b16bd8792%22:%91%22title_text_color%22,%22content_body_text_color%22,%22button_text_text_color%22,%22title_text_color%22,%22content_body_text_color%22,%22button_text_text_color%22,%22title_text_color%22,%22content_body_text_color%22,%22button_text_text_color%22%93,%22gcid-09cbab6a-e717-4f13-8fea-bccc00e2213d%22:%91%22button_text_text_color__hover%22,%22button_text_text_color__hover%22,%22button_text_text_color__hover%22%93}&#8221; button_background_bgcolor__hover_enabled=&#8221;on|hover&#8221; button_background_bgcolor__hover=&#8221;#FFFFFF&#8221; background_enable_color__hover=&#8221;off&#8221; button_text_text_color__hover_enabled=&#8221;on|hover&#8221; button_text_text_color__hover=&#8221;#f2bd4c&#8221; background__hover_enabled=&#8221;off|desktop&#8221;]<\/p>\n<p>We starten deze nieuwe reeks met Thierry Saeys en zijn partner Amaya. Deze uitbaters van de winkel Sajou zijn gepassioneerd door spelletjes en speelgoed. De spullen die je in hun winkel op de Jetselaan vindt, zijn stuk<br \/>voor stuk met zorg gekozen. Hun handelsmerk? Een hartelijke ontvangst en persoonlijke, goede raad.   <\/p>\n<p>[\/difl_advanced_blurb][et_pb_button button_url=&#8221;https:\/\/jetzine.brussels\/nl\/videozine\/&#8221; button_text=&#8221;Bekijk alle videos &#8221; button_alignment=&#8221;right&#8221; admin_label=&#8221;Bouton toutes les videos&#8221; _builder_version=&#8221;4.27.6&#8243; _module_preset=&#8221;default&#8221; custom_button=&#8221;on&#8221; button_text_size=&#8221;18px&#8221; button_text_color=&#8221;gcid-a56b3eb4-c3ac-4587-a29f-075b16bd8792&#8243; button_bg_color=&#8221;gcid-09cbab6a-e717-4f13-8fea-bccc00e2213d&#8221; button_border_width=&#8221;0px&#8221; button_border_radius=&#8221;0px&#8221; button_font=&#8221;|700|||||||&#8221; button_use_icon=&#8221;off&#8221; custom_margin=&#8221;3%||||false|false&#8221; custom_margin_tablet=&#8221;3%||||false|false&#8221; custom_margin_phone=&#8221;8%||7%||false|false&#8221; custom_margin_last_edited=&#8221;on|phone&#8221; global_colors_info=&#8221;{%22gcid-a56b3eb4-c3ac-4587-a29f-075b16bd8792%22:%91%22button_text_color%22,%22button_bg_color__hover%22%93,%22gcid-09cbab6a-e717-4f13-8fea-bccc00e2213d%22:%91%22button_bg_color%22%93}&#8221; button_bg_color__hover_enabled=&#8221;on|hover&#8221; button_bg_color__hover=&#8221;#222222&#8243; button_bg_enable_color__hover=&#8221;on&#8221; button_text_color__hover_enabled=&#8221;on|hover&#8221; button_text_color__hover=&#8221;#FFFFFF&#8221;][\/et_pb_button][\/et_pb_column][et_pb_column type=&#8221;1_4&#8243; _builder_version=&#8221;4.27.6&#8243; _module_preset=&#8221;default&#8221; custom_padding=&#8221;3%|3%|0px|3%|false|false&#8221; custom_padding_tablet=&#8221;|2%||0%|false|false&#8221; custom_padding_phone=&#8221;15%|0%||0%|false|false&#8221; custom_padding_last_edited=&#8221;on|phone&#8221; hover_enabled=&#8221;0&#8243; global_colors_info=&#8221;{%22gcid-9828db53-5e84-4687-8692-b94c276e6dfc%22:%91%22background_color%22%93}&#8221; sticky_enabled=&#8221;0&#8243;][difl_advanced_blurb title=&#8221;Klassiek in de Abdij: ontmoeting met David Poskin &amp; Dasha Moroz&#8221; badge_enable=&#8221;on&#8221; button_text=&#8221;Lees meer&#8221; button_url=&#8221;https:\/\/jetzine.brussels\/nl\/klassiek-ontmoeting-david-poskin-dasha-moroz\/&#8221; button_alignment=&#8221;right&#8221; image=&#8221;https:\/\/jetzine.brussels\/wp-content\/uploads\/2026\/04\/David-Poskin_1_-Yoshie_Kuwayama.jpg&#8221; content_width=&#8221;100%&#8221; wrapper_padding=&#8221;|0px|||false|false&#8221; blurb_img_spacing=&#8221;|0px|3%||false|false&#8221; title_padding=&#8221;|5%||5%|false|false&#8221; content_padding=&#8221;|5%||5%|false|true&#8221; button_margin=&#8221;1%|5%|||false|false&#8221; button_padding=&#8221;0.5em|1em|0.5em|1em|true|false&#8221; admin_label=&#8221;Image, Titre, texte, bouton video&#8221; _builder_version=&#8221;4.27.6&#8243; _module_preset=&#8221;default&#8221; title_font=&#8221;|700|||||||&#8221; title_text_color=&#8221;gcid-a56b3eb4-c3ac-4587-a29f-075b16bd8792&#8243; title_font_size=&#8221;22px&#8221; title_line_height=&#8221;1.3em&#8221; content_body_font=&#8221;|700|||||||&#8221; content_body_text_color=&#8221;gcid-a56b3eb4-c3ac-4587-a29f-075b16bd8792&#8243; content_body_font_size=&#8221;15px&#8221; content_body_line_height=&#8221;1.3em&#8221; button_text_font=&#8221;|700|||||||&#8221; button_text_text_color=&#8221;gcid-a56b3eb4-c3ac-4587-a29f-075b16bd8792&#8243; background_color=&#8221;#FFFFFF&#8221; custom_margin=&#8221;|0px|||false|false&#8221; hover_enabled=&#8221;0&#8243; title_font_size_tablet=&#8221;22px&#8221; title_font_size_phone=&#8221;21px&#8221; title_font_size_last_edited=&#8221;on|phone&#8221; custom_css_free_form=&#8221;selector img {\t\t||border: 0 solid #fff;||    border-right-color: white!important;||    border-right-width: 30px!important;||}||@media (max-width: 767px) {||    .et_pb_image img,||    .et_pb_module img {||        border-right: none !important;||    }||}&#8221; global_colors_info=&#8221;{%22gcid-1c7e4134-2f1b-404e-a8ef-8f82777abe6d%22:%91%22background_color__hover%22%93,%22gcid-a56b3eb4-c3ac-4587-a29f-075b16bd8792%22:%91%22title_text_color%22,%22content_body_text_color%22,%22button_text_text_color%22%93,%22gcid-09cbab6a-e717-4f13-8fea-bccc00e2213d%22:%91%22button_text_text_color__hover%22%93}&#8221; button_background_bgcolor__hover_enabled=&#8221;on|hover&#8221; button_background_bgcolor__hover=&#8221;#FFFFFF&#8221; background__hover_enabled=&#8221;off|desktop&#8221; background_color__hover=&#8221;#ededed&#8221; background_enable_color__hover=&#8221;on&#8221; button_text_text_color__hover_enabled=&#8221;on|hover&#8221; button_text_text_color__hover=&#8221;#f2bd4c&#8221; sticky_enabled=&#8221;0&#8243; title_padding_last_edited=&#8221;on|phone&#8221; title_padding_phone=&#8221;|0%||0%|false|false&#8221; content_padding_last_edited=&#8221;on|phone&#8221; content_padding_phone=&#8221;|0%||0%|false|true&#8221; button_margin_last_edited=&#8221;on|phone&#8221; button_margin_phone=&#8221;1%|0%|||false|false&#8221; content_margin=&#8221;|0px|||false|false&#8221; wrapper_margin=&#8221;|0px|||false|false&#8221; blurb_img_margin=&#8221;|0px|||false|false&#8221; custom_padding=&#8221;|0px|||false|false&#8221; title_padding_tablet=&#8221;|5%||5%|false|false&#8221; content_padding_tablet=&#8221;|5%||5%|false|true&#8221; button_margin_tablet=&#8221;1%|5%|||false|false&#8221;]<\/p>\n<p>Begin maart, traden David Poskin &amp; Dasha Moroz op in Jette, in de reeks van Klassiek in de Abdij. Een ontmoeting.<\/p>\n<p>[\/difl_advanced_blurb][\/et_pb_column][et_pb_column type=&#8221;1_4&#8243; _builder_version=&#8221;4.27.6&#8243; _module_preset=&#8221;default&#8221; custom_padding=&#8221;3%|3%|1%|3%|false|false&#8221; custom_padding_tablet=&#8221;5%||1%|2%|false|false&#8221; custom_padding_phone=&#8221;5%|0px|1%|0%|false|false&#8221; custom_padding_last_edited=&#8221;on|tablet&#8221; hover_enabled=&#8221;0&#8243; global_colors_info=&#8221;{%22gcid-9828db53-5e84-4687-8692-b94c276e6dfc%22:%91%22background_color%22%93}&#8221; sticky_enabled=&#8221;0&#8243;][difl_advanced_blurb title=&#8221;FleurAkker, bloemenplukweide&#8221; badge_enable=&#8221;on&#8221; button_text=&#8221;Lees meer&#8221; button_url=&#8221;https:\/\/jetzine.brussels\/nl\/fleurakker-bloemenplukweide\/&#8221; button_alignment=&#8221;right&#8221; image=&#8221;https:\/\/jetzine.brussels\/wp-content\/uploads\/2026\/04\/DSC_0786-scaled.jpg&#8221; content_width=&#8221;100%&#8221; wrapper_padding=&#8221;||||false|false&#8221; blurb_img_spacing=&#8221;||3%||false|false&#8221; title_padding=&#8221;|5%||5%|false|true&#8221; content_padding=&#8221;|5%||5%|false|true&#8221; button_margin=&#8221;1%|5%|||false|false&#8221; button_padding=&#8221;0.5em|1em|0.5em|1em|true|false&#8221; admin_label=&#8221;Image, Titre, texte, bouton video&#8221; _builder_version=&#8221;4.27.6&#8243; _module_preset=&#8221;default&#8221; title_font=&#8221;|700|||||||&#8221; title_text_color=&#8221;gcid-a56b3eb4-c3ac-4587-a29f-075b16bd8792&#8243; title_font_size=&#8221;22px&#8221; title_line_height=&#8221;1.3em&#8221; content_body_font=&#8221;|700|||||||&#8221; content_body_text_color=&#8221;gcid-a56b3eb4-c3ac-4587-a29f-075b16bd8792&#8243; content_body_font_size=&#8221;15px&#8221; content_body_line_height=&#8221;1.3em&#8221; button_text_font=&#8221;|700|||||||&#8221; button_text_text_color=&#8221;gcid-a56b3eb4-c3ac-4587-a29f-075b16bd8792&#8243; background_color=&#8221;#FFFFFF&#8221; custom_margin=&#8221;||||false|false&#8221; hover_enabled=&#8221;0&#8243; title_font_size_tablet=&#8221;22px&#8221; title_font_size_phone=&#8221;21px&#8221; title_font_size_last_edited=&#8221;on|phone&#8221; custom_css_free_form=&#8221;selector img {\t\t||border: 0 solid #fff;||    border-right-color: white!important;||    border-right-width: 30px!important;||}||@media (max-width: 767px) {||    .et_pb_image img,||    .et_pb_module img {||        border-right: none !important;||    }||}&#8221; global_colors_info=&#8221;{%22gcid-1c7e4134-2f1b-404e-a8ef-8f82777abe6d%22:%91%22background_color__hover%22,%22background_color__hover%22,%22background_color__hover%22,%22background_color__hover%22,%22background_color__hover%22,%22background_color__hover%22%93,%22gcid-a56b3eb4-c3ac-4587-a29f-075b16bd8792%22:%91%22title_text_color%22,%22content_body_text_color%22,%22button_text_text_color%22,%22title_text_color%22,%22content_body_text_color%22,%22button_text_text_color%22,%22title_text_color%22,%22content_body_text_color%22,%22button_text_text_color%22,%22title_text_color%22,%22content_body_text_color%22,%22button_text_text_color%22%93,%22gcid-09cbab6a-e717-4f13-8fea-bccc00e2213d%22:%91%22button_text_text_color__hover%22,%22button_text_text_color__hover%22,%22button_text_text_color__hover%22,%22button_text_text_color__hover%22%93}&#8221; button_background_bgcolor__hover_enabled=&#8221;on|hover&#8221; button_background_bgcolor__hover=&#8221;#FFFFFF&#8221; background_color__hover=&#8221;#ededed&#8221; background_enable_color__hover=&#8221;on&#8221; button_text_text_color__hover=&#8221;#f2bd4c&#8221; button_text_text_color__hover_enabled=&#8221;on|hover&#8221; background__hover_enabled=&#8221;off|desktop&#8221; title_padding_last_edited=&#8221;on|phone&#8221; title_padding_phone=&#8221;|0%||0%|false|true&#8221; content_padding_last_edited=&#8221;on|phone&#8221; content_padding_phone=&#8221;|0%||0%|false|true&#8221; button_margin_last_edited=&#8221;on|phone&#8221; button_margin_phone=&#8221;1%|0%|||false|false&#8221; sticky_enabled=&#8221;0&#8243; title_padding_tablet=&#8221;|5%||5%|false|true&#8221; content_padding_tablet=&#8221;|5%||5%|false|true&#8221; button_margin_tablet=&#8221;1%|5%|||false|false&#8221;]<\/p>\n<p>De boerderij Fleuk Akker, in Jette, werkt volgens de principes van de Community Supported Agriculture, waarbij deelnemers via een jaarlijkse bijdrage de boer ondersteunen, in ruil voor een aandeel van de oogst.<\/p>\n<p>[\/difl_advanced_blurb][\/et_pb_column][\/et_pb_row][\/et_pb_section][et_pb_section fb_built=&#8221;1&#8243; _builder_version=&#8221;4.27.6&#8243; _module_preset=&#8221;default&#8221; custom_padding=&#8221;0px||0px||false|false&#8221; global_colors_info=&#8221;{}&#8221;][et_pb_row column_structure=&#8221;1_3,1_3,1_3&#8243; use_custom_gutter=&#8221;on&#8221; gutter_width=&#8221;1&#8243; _builder_version=&#8221;4.27.6&#8243; _module_preset=&#8221;default&#8221; background_color=&#8221;#FFFFFF&#8221; width=&#8221;100%&#8221; width_tablet=&#8221;92%&#8221; width_phone=&#8221;92%&#8221; width_last_edited=&#8221;on|tablet&#8221; max_width=&#8221;100%&#8221; custom_padding=&#8221;0px||0px||true|false&#8221; hover_enabled=&#8221;0&#8243; custom_css_main_element=&#8221;display: flex !important;||align-items: stretch !important;&#8221; custom_css_free_form=&#8221;\/* Tablette *\/||@media (max-width: 980px) {||  .et_pb_row {||    flex-wrap: wrap !important;||  }||  .et_pb_column:nth-child(1),||  .et_pb_column:nth-child(2) {||    width: 50% !important;||  }||  .et_pb_column:nth-child(3) {||    width: 100% !important;||    align-self: stretch !important;||  }||}||||\/* Mobile *\/||@media (max-width: 767px) {||  .et_pb_column:nth-child(1),||  .et_pb_column:nth-child(2),||  .et_pb_column:nth-child(3) {||    width: 100% !important;||  }||}&#8221; global_colors_info=&#8221;{}&#8221; sticky_enabled=&#8221;0&#8243;][et_pb_column type=&#8221;1_3&#8243; _builder_version=&#8221;4.27.6&#8243; _module_preset=&#8221;default&#8221; background_color=&#8221;#FFFFFF&#8221; custom_padding=&#8221;4%|||8%|false|false&#8221; custom_padding_tablet=&#8221;4%|||0%|false|false&#8221; custom_padding_phone=&#8221;4%|||0%|false|false&#8221; custom_padding_last_edited=&#8221;on|tablet&#8221; global_colors_info=&#8221;{}&#8221;][et_pb_text admin_label=&#8221;Titre&#8221; _builder_version=&#8221;4.27.6&#8243; _module_preset=&#8221;default&#8221; header_2_font=&#8221;|700|||||||&#8221; header_2_text_color=&#8221;gcid-a56b3eb4-c3ac-4587-a29f-075b16bd8792&#8243; header_2_font_size=&#8221;27px&#8221; header_2_line_height=&#8221;1.3em&#8221; custom_padding_tablet=&#8221;|||2%|false|false&#8221; custom_padding_phone=&#8221;|||2%|false|false&#8221; custom_padding_last_edited=&#8221;on|tablet&#8221; global_colors_info=&#8221;{%22gcid-a56b3eb4-c3ac-4587-a29f-075b16bd8792%22:%91%22header_2_text_color%22%93}&#8221;]<\/p>\n<h2>De ziel van Jette<\/h2>\n<p>[\/et_pb_text][difl_advanced_blurb button_text=&#8221;Lees meer&#8221; button_url=&#8221;https:\/\/jetzine.brussels\/nl\/tag\/de-ziel-van-jette\/&#8221; image=&#8221;https:\/\/jetzine.brussels\/wp-content\/uploads\/2026\/04\/Lame-de-Jette-2.jpg&#8221; content_padding=&#8221;5%||5%||true|false&#8221; content_padding_tablet=&#8221;4%||4%||false|false&#8221; content_padding_phone=&#8221;4%||4%||false|false&#8221; content_padding_last_edited=&#8221;on|tablet&#8221; admin_label=&#8221;Image, Titre, texte, bouton&#8221; _builder_version=&#8221;4.27.6&#8243; _module_preset=&#8221;default&#8221; title_text_color=&#8221;gcid-a56b3eb4-c3ac-4587-a29f-075b16bd8792&#8243; content_body_font=&#8221;||||||||&#8221; content_body_text_color=&#8221;gcid-a56b3eb4-c3ac-4587-a29f-075b16bd8792&#8243; content_body_font_size=&#8221;15px&#8221; content_body_line_height=&#8221;1.4em&#8221; button_text_font=&#8221;|600|||||||&#8221; button_text_text_color=&#8221;gcid-a56b3eb4-c3ac-4587-a29f-075b16bd8792&#8243; button_text_font_size=&#8221;15px&#8221; custom_padding=&#8221;5%|30%|8%||false|false&#8221; hover_enabled=&#8221;0&#8243; global_colors_info=&#8221;{%22gcid-a56b3eb4-c3ac-4587-a29f-075b16bd8792%22:%91%22content_body_text_color%22,%22title_text_color%22,%22button_text_text_color%22,%22header_2_text_color%22,%22content_body_text_color%22,%22title_text_color%22,%22button_text_text_color%22%93}&#8221; button_text_text_color__hover_enabled=&#8221;on|hover&#8221; button_text_text_color__hover=&#8221;#FFC629&#8243; custom_padding_last_edited=&#8221;on|phone&#8221; sticky_enabled=&#8221;0&#8243; custom_padding_phone=&#8221;|0%|||false|false&#8221; custom_padding_tablet=&#8221;5%|30%|8%||false|false&#8221;]<\/p>\n<p>Jetzine biedt ook videoreportages en reportages die symbool staan voor de eigenheid, de ziel van Jette. U kan er alvast al enkele ontdekken. Deze zullen de komende weken en maanden verder aangevuld worden.  <\/p>\n<p>[\/difl_advanced_blurb][\/et_pb_column][et_pb_column type=&#8221;1_3&#8243; _builder_version=&#8221;4.27.6&#8243; _module_preset=&#8221;default&#8221; background_color=&#8221;gcid-1c7e4134-2f1b-404e-a8ef-8f82777abe6d&#8221; custom_padding=&#8221;4%|||8%|false|false&#8221; custom_padding_tablet=&#8221;4%|||0%|false|false&#8221; custom_padding_phone=&#8221;4%|||0%|false|false&#8221; custom_padding_last_edited=&#8221;on|tablet&#8221; global_colors_info=&#8221;{%22gcid-1c7e4134-2f1b-404e-a8ef-8f82777abe6d%22:%91%22background_color%22%93}&#8221;][et_pb_text admin_label=&#8221;Titre&#8221; _builder_version=&#8221;4.27.6&#8243; _module_preset=&#8221;default&#8221; header_2_font=&#8221;|700|||||||&#8221; header_2_text_color=&#8221;gcid-a56b3eb4-c3ac-4587-a29f-075b16bd8792&#8243; header_2_font_size=&#8221;27px&#8221; header_2_line_height=&#8221;1.3em&#8221; global_colors_info=&#8221;{%22gcid-a56b3eb4-c3ac-4587-a29f-075b16bd8792%22:%91%22header_2_text_color%22%93}&#8221;]<\/p>\n<h2>Economisch leven<\/h2>\n<p>[\/et_pb_text][difl_advanced_blurb button_text=&#8221;Lees meer&#8221; button_url=&#8221;https:\/\/jetzine.brussels\/nl\/tag\/commercieel-leven\/&#8221; image=&#8221;https:\/\/jetzine.brussels\/wp-content\/uploads\/2026\/04\/Vie-commerciale-1.jpg&#8221; content_padding=&#8221;5%||5%||true|false&#8221; content_padding_tablet=&#8221;4%||4%||false|false&#8221; content_padding_phone=&#8221;4%||4%||false|false&#8221; content_padding_last_edited=&#8221;on|tablet&#8221; admin_label=&#8221;Image, Titre, texte, bouton&#8221; _builder_version=&#8221;4.27.6&#8243; _module_preset=&#8221;default&#8221; title_text_color=&#8221;gcid-a56b3eb4-c3ac-4587-a29f-075b16bd8792&#8243; content_body_font=&#8221;||||||||&#8221; content_body_text_color=&#8221;gcid-a56b3eb4-c3ac-4587-a29f-075b16bd8792&#8243; content_body_font_size=&#8221;15px&#8221; content_body_line_height=&#8221;1.4em&#8221; button_text_font=&#8221;|600|||||||&#8221; button_text_text_color=&#8221;gcid-a56b3eb4-c3ac-4587-a29f-075b16bd8792&#8243; button_text_font_size=&#8221;15px&#8221; background_enable_image=&#8221;off&#8221; background_size=&#8221;contain&#8221; custom_padding=&#8221;5%|30%|8%||false|false&#8221; hover_enabled=&#8221;0&#8243; global_colors_info=&#8221;{%22gcid-a56b3eb4-c3ac-4587-a29f-075b16bd8792%22:%91%22content_body_text_color%22,%22title_text_color%22,%22button_text_text_color%22,%22header_2_text_color%22,%22content_body_text_color%22,%22title_text_color%22,%22button_text_text_color%22,%22content_body_text_color%22,%22title_text_color%22,%22button_text_text_color%22%93}&#8221; button_text_text_color__hover=&#8221;#FFC629&#8243; button_text_text_color__hover_enabled=&#8221;on|hover&#8221; custom_padding_last_edited=&#8221;on|phone&#8221; custom_padding_phone=&#8221;5%|0%|8%||false|false&#8221; sticky_enabled=&#8221;0&#8243; custom_padding_tablet=&#8221;5%|30%|8%||false|false&#8221;]<\/p>\n<p>Ook de Jetse handel krijgt de nodige aandacht in dit webzine. Ontdek gevestigde handelaars met een uniek verhaal of de gegevens van de winkels die onlangs openden in de wijk. De eerste reportages staan al online en worden de komende maanden verder aangevuld, naargelang de actualiteit en veelal gelinkt aan een artikel in Jette Info.  <\/p>\n<p>[\/difl_advanced_blurb][\/et_pb_column][et_pb_column type=&#8221;1_3&#8243; _builder_version=&#8221;4.27.6&#8243; _module_preset=&#8221;default&#8221; background_color=&#8221;gcid-09cbab6a-e717-4f13-8fea-bccc00e2213d&#8221; custom_padding=&#8221;|8%||8%|false|false&#8221; custom_padding_tablet=&#8221;|5%|5%|5%|false|true&#8221; custom_padding_phone=&#8221;|5%|5%|5%|false|true&#8221; custom_padding_last_edited=&#8221;on|phone&#8221; custom_css_main_element=&#8221;align-self: center !important;||align-self: stretch !important;||display: flex !important;||flex-direction: column !important;||justify-content: center !important;&#8221; global_colors_info=&#8221;{%22gcid-09cbab6a-e717-4f13-8fea-bccc00e2213d%22:%91%22background_color%22%93}&#8221;][et_pb_text admin_label=&#8221;Titre&#8221; _builder_version=&#8221;4.27.6&#8243; _module_preset=&#8221;default&#8221; text_font=&#8221;|700|||||||&#8221; text_text_color=&#8221;gcid-a56b3eb4-c3ac-4587-a29f-075b16bd8792&#8243; text_font_size=&#8221;15px&#8221; text_line_height=&#8221;1.4em&#8221; header_text_color=&#8221;#000000&#8243; header_2_font=&#8221;|700|||||||&#8221; header_2_text_color=&#8221;gcid-a56b3eb4-c3ac-4587-a29f-075b16bd8792&#8243; header_2_font_size=&#8221;27px&#8221; header_2_line_height=&#8221;1.3em&#8221; custom_margin=&#8221;8%||8%||true|false&#8221; custom_padding=&#8221;||||false|false&#8221; global_colors_info=&#8221;{%22gcid-a56b3eb4-c3ac-4587-a29f-075b16bd8792%22:%91%22header_2_text_color%22,%22text_text_color%22%93}&#8221;]<\/p>\n<h2>Straatkunstenfestival Voenk<\/h2>\n<p>Het straatkunstenfestival Voenk laat je dit jaar weer gratis genieten van de gekke en po\u00ebtische acrobatie\u00ebn op het Kardinaal Mercierplein. Afspraak op zondag 24 mei![\/et_pb_text][et_pb_button button_url=&#8221;https:\/\/jetzine.brussels\/nl\/zondag-24-mei-straatkunstenfestival-voenk\/&#8221; button_text=&#8221;Lees meer&#8221; _builder_version=&#8221;4.27.6&#8243; _module_preset=&#8221;default&#8221; custom_button=&#8221;on&#8221; button_text_size=&#8221;18px&#8221; button_text_color=&#8221;gcid-a56b3eb4-c3ac-4587-a29f-075b16bd8792&#8243; button_bg_color=&#8221;#FFFFFF&#8221; button_border_width=&#8221;0px&#8221; button_border_radius=&#8221;0px&#8221; button_font=&#8221;|700|||||||&#8221; button_use_icon=&#8221;off&#8221; global_colors_info=&#8221;{%22gcid-a56b3eb4-c3ac-4587-a29f-075b16bd8792%22:%91%22button_text_color%22,%22button_bg_color__hover%22%93}&#8221; button_text_color__hover_enabled=&#8221;on|hover&#8221; button_text_color__hover=&#8221;#FFFFFF&#8221; button_bg_color__hover_enabled=&#8221;on|hover&#8221; button_bg_color__hover=&#8221;#222222&#8243; button_bg_enable_color__hover=&#8221;on&#8221;][\/et_pb_button][\/et_pb_column][\/et_pb_row][\/et_pb_section]<\/p>\n","protected":false},"excerpt":{"rendered":"<p>Welkom op het Jetzine<\/p>\n","protected":false},"author":1,"featured_media":0,"parent":0,"menu_order":0,"comment_status":"closed","ping_status":"closed","template":"","meta":{"_acf_changed":false,"_et_pb_use_builder":"on","_et_pb_old_content":"","_et_gb_content_width":"","footnotes":""},"dipi_cpt_category":[],"difl_page_category":[],"class_list":["post-2486","page","type-page","status-publish","format-standard","hentry"],"acf":[],"yoast_head":"<!-- This site is optimized with the Yoast SEO plugin v27.4 - https:\/\/yoast.com\/product\/yoast-seo-wordpress\/ -->\n<title>Home - Jetzine<\/title>\n<meta name=\"robots\" content=\"noindex, follow, max-snippet:-1, max-image-preview:large, max-video-preview:-1\" \/>\n<meta property=\"og:locale\" content=\"nl_NL\" \/>\n<meta property=\"og:type\" content=\"article\" \/>\n<meta property=\"og:title\" content=\"Home - Jetzine\" \/>\n<meta property=\"og:description\" content=\"Welkom op het Jetzine\" \/>\n<meta property=\"og:url\" content=\"https:\/\/jetzine.brussels\/nl\/\" \/>\n<meta property=\"og:site_name\" content=\"Jetzine\" \/>\n<meta property=\"article:modified_time\" content=\"2026-04-27T11:28:16+00:00\" \/>\n<meta name=\"twitter:card\" content=\"summary_large_image\" \/>\n<meta name=\"twitter:label1\" content=\"Geschatte leestijd\" \/>\n\t<meta name=\"twitter:data1\" content=\"10 minuten\" \/>\n<script type=\"application\/ld+json\" class=\"yoast-schema-graph\">{\"@context\":\"https:\\\/\\\/schema.org\",\"@graph\":[{\"@type\":\"WebPage\",\"@id\":\"https:\\\/\\\/jetzine.brussels\\\/nl\\\/\",\"url\":\"https:\\\/\\\/jetzine.brussels\\\/nl\\\/\",\"name\":\"Home - Jetzine\",\"isPartOf\":{\"@id\":\"https:\\\/\\\/jetzine.brussels\\\/nl\\\/#website\"},\"datePublished\":\"2026-01-22T15:06:54+00:00\",\"dateModified\":\"2026-04-27T11:28:16+00:00\",\"breadcrumb\":{\"@id\":\"https:\\\/\\\/jetzine.brussels\\\/nl\\\/#breadcrumb\"},\"inLanguage\":\"nl-NL\",\"potentialAction\":[{\"@type\":\"ReadAction\",\"target\":[\"https:\\\/\\\/jetzine.brussels\\\/nl\\\/\"]}]},{\"@type\":\"BreadcrumbList\",\"@id\":\"https:\\\/\\\/jetzine.brussels\\\/nl\\\/#breadcrumb\",\"itemListElement\":[{\"@type\":\"ListItem\",\"position\":1,\"name\":\"Home\",\"item\":\"https:\\\/\\\/jetzine.brussels\\\/nl\\\/\"},{\"@type\":\"ListItem\",\"position\":2,\"name\":\"Home\"}]},{\"@type\":\"WebSite\",\"@id\":\"https:\\\/\\\/jetzine.brussels\\\/nl\\\/#website\",\"url\":\"https:\\\/\\\/jetzine.brussels\\\/nl\\\/\",\"name\":\"Jetzine\",\"description\":\"Het webzine van de gemeente Jette\",\"potentialAction\":[{\"@type\":\"SearchAction\",\"target\":{\"@type\":\"EntryPoint\",\"urlTemplate\":\"https:\\\/\\\/jetzine.brussels\\\/nl\\\/?s={search_term_string}\"},\"query-input\":{\"@type\":\"PropertyValueSpecification\",\"valueRequired\":true,\"valueName\":\"search_term_string\"}}],\"inLanguage\":\"nl-NL\"}]}<\/script>\n<!-- \/ Yoast SEO plugin. -->","yoast_head_json":{"title":"Home - Jetzine","robots":{"index":"noindex","follow":"follow","max-snippet":"max-snippet:-1","max-image-preview":"max-image-preview:large","max-video-preview":"max-video-preview:-1"},"og_locale":"nl_NL","og_type":"article","og_title":"Home - Jetzine","og_description":"Welkom op het Jetzine","og_url":"https:\/\/jetzine.brussels\/nl\/","og_site_name":"Jetzine","article_modified_time":"2026-04-27T11:28:16+00:00","twitter_card":"summary_large_image","twitter_misc":{"Geschatte leestijd":"10 minuten"},"schema":{"@context":"https:\/\/schema.org","@graph":[{"@type":"WebPage","@id":"https:\/\/jetzine.brussels\/nl\/","url":"https:\/\/jetzine.brussels\/nl\/","name":"Home - Jetzine","isPartOf":{"@id":"https:\/\/jetzine.brussels\/nl\/#website"},"datePublished":"2026-01-22T15:06:54+00:00","dateModified":"2026-04-27T11:28:16+00:00","breadcrumb":{"@id":"https:\/\/jetzine.brussels\/nl\/#breadcrumb"},"inLanguage":"nl-NL","potentialAction":[{"@type":"ReadAction","target":["https:\/\/jetzine.brussels\/nl\/"]}]},{"@type":"BreadcrumbList","@id":"https:\/\/jetzine.brussels\/nl\/#breadcrumb","itemListElement":[{"@type":"ListItem","position":1,"name":"Home","item":"https:\/\/jetzine.brussels\/nl\/"},{"@type":"ListItem","position":2,"name":"Home"}]},{"@type":"WebSite","@id":"https:\/\/jetzine.brussels\/nl\/#website","url":"https:\/\/jetzine.brussels\/nl\/","name":"Jetzine","description":"Het webzine van de gemeente Jette","potentialAction":[{"@type":"SearchAction","target":{"@type":"EntryPoint","urlTemplate":"https:\/\/jetzine.brussels\/nl\/?s={search_term_string}"},"query-input":{"@type":"PropertyValueSpecification","valueRequired":true,"valueName":"search_term_string"}}],"inLanguage":"nl-NL"}]}},"_links":{"self":[{"href":"https:\/\/jetzine.brussels\/nl\/wp-json\/wp\/v2\/pages\/2486","targetHints":{"allow":["GET"]}}],"collection":[{"href":"https:\/\/jetzine.brussels\/nl\/wp-json\/wp\/v2\/pages"}],"about":[{"href":"https:\/\/jetzine.brussels\/nl\/wp-json\/wp\/v2\/types\/page"}],"author":[{"embeddable":true,"href":"https:\/\/jetzine.brussels\/nl\/wp-json\/wp\/v2\/users\/1"}],"replies":[{"embeddable":true,"href":"https:\/\/jetzine.brussels\/nl\/wp-json\/wp\/v2\/comments?post=2486"}],"version-history":[{"count":23,"href":"https:\/\/jetzine.brussels\/nl\/wp-json\/wp\/v2\/pages\/2486\/revisions"}],"predecessor-version":[{"id":6284,"href":"https:\/\/jetzine.brussels\/nl\/wp-json\/wp\/v2\/pages\/2486\/revisions\/6284"}],"wp:attachment":[{"href":"https:\/\/jetzine.brussels\/nl\/wp-json\/wp\/v2\/media?parent=2486"}],"wp:term":[{"taxonomy":"dipi_cpt_category","embeddable":true,"href":"https:\/\/jetzine.brussels\/nl\/wp-json\/wp\/v2\/dipi_cpt_category?post=2486"},{"taxonomy":"difl_page_category","embeddable":true,"href":"https:\/\/jetzine.brussels\/nl\/wp-json\/wp\/v2\/difl_page_category?post=2486"}],"curies":[{"name":"wp","href":"https:\/\/api.w.org\/{rel}","templated":true}]}}