{"id":3183,"date":"2026-04-07T15:35:31","date_gmt":"2026-04-07T13:35:31","guid":{"rendered":"https:\/\/jetzine.brussels\/?post_type=basic&#038;p=3183"},"modified":"2026-04-27T14:30:20","modified_gmt":"2026-04-27T12:30:20","slug":"mozaiekparcours-leon-theodorstraat","status":"publish","type":"basic","link":"https:\/\/jetzine.brussels\/nl\/basic\/mozaiekparcours-leon-theodorstraat\/","title":{"rendered":"Moza\u00efekparcours L\u00e9on Theodorstraat"},"content":{"rendered":"<p>[et_pb_section fb_built=&#8221;1&#8243; custom_padding_last_edited=&#8221;on|phone&#8221; _builder_version=&#8221;4.27.6&#8243; _module_preset=&#8221;default&#8221; background_enable_image=&#8221;off&#8221; custom_padding=&#8221;10vh||10vh||true|false&#8221; custom_padding_tablet=&#8221;0vh||0vh||true|false&#8221; custom_padding_phone=&#8221;0vh||0vh||true|false&#8221; global_colors_info=&#8221;{}&#8221;][et_pb_row _builder_version=&#8221;4.27.6&#8243; _dynamic_attributes=&#8221;background_image&#8221; _module_preset=&#8221;default&#8221; background_image=&#8221;@ET-DC@eyJkeW5hbWljIjp0cnVlLCJjb250ZW50IjoicG9zdF9mZWF0dXJlZF9pbWFnZSIsInNldHRpbmdzIjp7ImVuYWJsZV9odG1sIjoib2ZmIn19@&#8221; width=&#8221;100%&#8221; max_width=&#8221;100%&#8221; custom_padding=&#8221;15vh||15vh||true|false&#8221; global_colors_info=&#8221;{}&#8221;][et_pb_column type=&#8221;4_4&#8243; _builder_version=&#8221;4.27.5&#8243; _module_preset=&#8221;default&#8221; global_colors_info=&#8221;{}&#8221;][\/et_pb_column][\/et_pb_row][\/et_pb_section][et_pb_section fb_built=&#8221;1&#8243; _builder_version=&#8221;4.27.5&#8243; _module_preset=&#8221;default&#8221; custom_padding=&#8221;0px||0px||true|false&#8221; global_colors_info=&#8221;{}&#8221;][et_pb_row _builder_version=&#8221;4.27.5&#8243; _module_preset=&#8221;default&#8221; width=&#8221;100%&#8221; max_width=&#8221;100%&#8221; custom_margin=&#8221;||-5px||false|false&#8221; custom_padding=&#8221;0px||0px||true|false&#8221; global_colors_info=&#8221;{}&#8221;][et_pb_column type=&#8221;4_4&#8243; _builder_version=&#8221;4.27.5&#8243; _module_preset=&#8221;default&#8221; custom_padding=&#8221;||0px||false|false&#8221; global_colors_info=&#8221;{}&#8221;][et_pb_divider divider_weight=&#8221;20px&#8221; divider_weight_tablet=&#8221;15px&#8221; divider_weight_phone=&#8221;10px&#8221; divider_weight_last_edited=&#8221;on|phone&#8221; module_class=&#8221;pm-accent-divider&#8221; _builder_version=&#8221;4.27.5&#8243; _module_preset=&#8221;default&#8221; custom_margin=&#8221;||0px||false|false&#8221; custom_padding_tablet=&#8221;||0px||false|false&#8221; custom_padding_phone=&#8221;||0px||false|false&#8221; custom_padding_last_edited=&#8221;on|tablet&#8221; global_colors_info=&#8221;{}&#8221;][\/et_pb_divider][\/et_pb_column][\/et_pb_row][\/et_pb_section][et_pb_section fb_built=&#8221;1&#8243; _builder_version=&#8221;4.27.5&#8243; _module_preset=&#8221;default&#8221; background_color=&#8221;gcid-1c7e4134-2f1b-404e-a8ef-8f82777abe6d&#8221; custom_margin_tablet=&#8221;-10px||||false|false&#8221; custom_margin_phone=&#8221;-15px||||false|false&#8221; custom_margin_last_edited=&#8221;on|phone&#8221; custom_padding=&#8221;0px||0px||false|false&#8221; locked=&#8221;off&#8221; global_colors_info=&#8221;{%22gcid-1c7e4134-2f1b-404e-a8ef-8f82777abe6d%22:%91%22background_color%22%93}&#8221;][et_pb_row column_structure=&#8221;1_2,1_2&#8243; custom_padding_last_edited=&#8221;on|phone&#8221; module_class=&#8221;inverse&#8221; _builder_version=&#8221;4.27.6&#8243; _module_preset=&#8221;default&#8221; width=&#8221;85%&#8221; width_tablet=&#8221;&#8221; width_phone=&#8221;92%&#8221; width_last_edited=&#8221;on|phone&#8221; max_width=&#8221;95%&#8221; custom_padding=&#8221;20px||20px||true|false&#8221; custom_padding_tablet=&#8221;15px||15px||true|false&#8221; custom_padding_phone=&#8221;0px||10px||false|false&#8221; global_colors_info=&#8221;{}&#8221;][et_pb_column type=&#8221;1_2&#8243; _builder_version=&#8221;4.27.6&#8243; _module_preset=&#8221;default&#8221; custom_css_free_form=&#8221;@media (max-width: 980px) {||    .et_pb_column {||        width: 100%;||        margin-bottom: 0px;||    }||}&#8221; global_colors_info=&#8221;{}&#8221;][et_pb_text module_class=&#8221;pm-accent-cat&#8221; _builder_version=&#8221;4.27.6&#8243; _module_preset=&#8221;default&#8221; text_font=&#8221;|700|||||||&#8221; text_font_size=&#8221;22px&#8221; text_line_height=&#8221;1.3em&#8221; custom_margin=&#8221;||0px||false|false&#8221; custom_padding=&#8221;||||false|false&#8221; global_colors_info=&#8221;{}&#8221;]<\/p>\n\n<p>[\/et_pb_text][\/et_pb_column][et_pb_column type=&#8221;1_2&#8243; _builder_version=&#8221;4.27.5&#8243; _module_preset=&#8221;default&#8221; global_colors_info=&#8221;{}&#8221;][et_pb_code module_class=&#8221;publication_date&#8221; _builder_version=&#8221;4.27.6&#8243; _module_preset=&#8221;default&#8221; text_orientation=&#8221;right&#8221; custom_margin=&#8221;||0px||false|false&#8221; text_orientation_tablet=&#8221;left&#8221; text_orientation_phone=&#8221;left&#8221; text_orientation_last_edited=&#8221;on|phone&#8221; custom_css_free_form=&#8221;selector {||opacity: 0.7!important;}&#8221; global_colors_info=&#8221;{}&#8221;]Publicatiedatum: 7 april 2026[\/et_pb_code][\/et_pb_column][\/et_pb_row][\/et_pb_section][et_pb_section fb_built=&#8221;1&#8243; custom_padding_last_edited=&#8221;on|tablet&#8221; _builder_version=&#8221;4.27.6&#8243; _module_preset=&#8221;default&#8221; custom_margin_tablet=&#8221;||20px||false|false&#8221; custom_margin_phone=&#8221;||25px||false|false&#8221; custom_margin_last_edited=&#8221;on|phone&#8221; custom_padding=&#8221;||0px||false|false&#8221; custom_padding_tablet=&#8221;0px||0px||false|false&#8221; custom_padding_phone=&#8221;0px||||false|false&#8221; locked=&#8221;off&#8221; global_colors_info=&#8221;{}&#8221;][et_pb_row _builder_version=&#8221;4.27.6&#8243; _module_preset=&#8221;default&#8221; width=&#8221;85%&#8221; width_tablet=&#8221;90%&#8221; width_phone=&#8221;90%&#8221; width_last_edited=&#8221;on|phone&#8221; max_width=&#8221;95%&#8221; custom_padding=&#8221;0px||0px||false|false&#8221; global_colors_info=&#8221;{}&#8221;][et_pb_column type=&#8221;4_4&#8243; _builder_version=&#8221;4.27.5&#8243; _module_preset=&#8221;default&#8221; global_colors_info=&#8221;{}&#8221;][et_pb_code _builder_version=&#8221;4.27.5&#8243; _module_preset=&#8221;default&#8221; custom_margin=&#8221;||0px||false|false&#8221; global_colors_info=&#8221;{}&#8221;][\/et_pb_code][\/et_pb_column][\/et_pb_row][et_pb_row column_structure=&#8221;1_4,1_2,1_4&#8243; use_custom_gutter=&#8221;on&#8221; gutter_width=&#8221;1&#8243; custom_padding_last_edited=&#8221;on|tablet&#8221; _builder_version=&#8221;4.27.6&#8243; _module_preset=&#8221;default&#8221; width=&#8221;100%&#8221; width_tablet=&#8221;100%&#8221; width_phone=&#8221;100%&#8221; width_last_edited=&#8221;on|phone&#8221; max_width=&#8221;100%&#8221; custom_padding=&#8221;||3%||false|false&#8221; custom_padding_tablet=&#8221;0px||0px||false|false&#8221; custom_padding_phone=&#8221;||0px||false|false&#8221; global_colors_info=&#8221;{}&#8221;][et_pb_column type=&#8221;1_4&#8243; disabled_on=&#8221;on|on|off&#8221; _builder_version=&#8221;4.27.6&#8243; _module_preset=&#8221;default&#8221; custom_padding=&#8221;10px|0%||7%|false|false&#8221; global_colors_info=&#8221;{}&#8221;][et_pb_code _builder_version=&#8221;4.27.6&#8243; _module_preset=&#8221;default&#8221; custom_margin=&#8221;||||false|false&#8221; custom_padding=&#8221;|20%|||false|false&#8221; custom_padding_tablet=&#8221;|20%|||false|false&#8221; custom_padding_phone=&#8221;|20%|||false|false&#8221; custom_padding_last_edited=&#8221;on|tablet&#8221; global_colors_info=&#8221;{}&#8221;]<aside class=\"pm-related-wrapper\"><div class=\"pm-related-block pm-related-block-1\"><h4 class=\"pm-related-block-title pm-related-block-title-1\">Th\u00e8mes<\/h4><ul class=\"pm-cat-tree\"><li class=\"pm-cat-root\"><a href=\"https:\/\/jetzine.brussels\/nl\/category\/cultuur\/\">Cultuur<\/a><\/li><li class=\"pm-cat-root\"><a href=\"https:\/\/jetzine.brussels\/nl\/category\/leefomgeving\/\">Leefomgeving<\/a><\/li><li class=\"pm-cat-root\"><a href=\"https:\/\/jetzine.brussels\/nl\/category\/vrije-tijd\/\">Vrije tijd<\/a><\/li><\/ul><\/div><\/aside>[\/et_pb_code][\/et_pb_column][et_pb_column type=&#8221;1_2&#8243; _builder_version=&#8221;4.27.6&#8243; _module_preset=&#8221;default&#8221; custom_padding=&#8221;|8%||8%|false|true&#8221; custom_padding_tablet=&#8221;|5%||5%|false|true&#8221; custom_padding_phone=&#8221;|5%||5%|false|true&#8221; custom_padding_last_edited=&#8221;on|phone&#8221; global_colors_info=&#8221;{}&#8221;][et_pb_text module_class=&#8221;pm-accent-title&#8221; _builder_version=&#8221;4.27.5&#8243; _dynamic_attributes=&#8221;content&#8221; _module_preset=&#8221;default&#8221; text_font=&#8221;|700|||||||&#8221; text_font_size=&#8221;50px&#8221; text_line_height=&#8221;1.2em&#8221; custom_margin=&#8221;||10px||false|false&#8221; text_font_size_tablet=&#8221;40px&#8221; text_font_size_phone=&#8221;28px&#8221; text_font_size_last_edited=&#8221;on|phone&#8221; global_colors_info=&#8221;{}&#8221;]@ET-DC@eyJkeW5hbWljIjp0cnVlLCJjb250ZW50IjoicG9zdF90aXRsZSIsInNldHRpbmdzIjp7ImJlZm9yZSI6IiIsImFmdGVyIjoiIiwiZW5hYmxlX2h0bWwiOiJvZmYifX0=@[\/et_pb_text][et_pb_text _builder_version=&#8221;4.27.5&#8243; _dynamic_attributes=&#8221;content&#8221; _module_preset=&#8221;default&#8221; text_font=&#8221;|700|||||||&#8221; text_text_color=&#8221;#000000&#8243; text_font_size=&#8221;30px&#8221; text_font_size_tablet=&#8221;28px&#8221; text_font_size_phone=&#8221;25px&#8221; text_font_size_last_edited=&#8221;on|phone&#8221; global_colors_info=&#8221;{}&#8221;]@ET-DC@eyJkeW5hbWljIjp0cnVlLCJjb250ZW50IjoiY3VzdG9tX21ldGFfc291cy10aXRyZSIsInNldHRpbmdzIjp7ImJlZm9yZSI6IiIsImFmdGVyIjoiIiwiZW5hYmxlX2h0bWwiOiJvZmYifX0=@[\/et_pb_text][et_pb_text module_class=&#8221;pm-link-primary-cat&#8221; _builder_version=&#8221;4.27.6&#8243; text_text_color=&#8221;#000000&#8243; text_font_size=&#8221;15px&#8221; text_line_height=&#8221;1.4em&#8221; text_orientation=&#8221;justified&#8221; custom_padding=&#8221;||||false|false&#8221; text_font_size_tablet=&#8221;15px&#8221; text_font_size_phone=&#8221;14px&#8221; text_font_size_last_edited=&#8221;on|phone&#8221; custom_css_free_form=&#8221;selector {||text-align: justify;||text-justify: inter-word;||hyphens: auto;||-webkit-hyphens: auto;||-ms-hyphens: auto;||word-break: normal;||overflow-wrap: break-word;|| line-height: 1.8; }||||@media (max-width: 768px) {|| .et_pb_text {|| text-align: left !important;|| }||}||&#8221; locked=&#8221;off&#8221; global_colors_info=&#8221;{}&#8221;]<\/p>\n<p><strong>Des pav\u00e9s de mosa\u00efque color\u00e9s ornent le trottoir \u2013 du c\u00f4t\u00e9 des num\u00e9ros pairs \u2013 de la rue L\u00e9on Theodor. Vous les trouverez \u00e0 11 endroits entre la place Reine Astrid et la place Cardinal Mercier. Des yeux exerc\u00e9s y d\u00e9chiffreront des messages&#8230;<\/strong><\/p>\n<p>La commune de Jette soutient d\u00e9j\u00e0 depuis plusieurs ann\u00e9es des projets d\u2019art mosa\u00efque dans l\u2019espace public, dont le grand initiateur fut Jean-Christophe Duperron, malheureusement trop t\u00f4t disparu. Ici et l\u00e0, des \u0153uvres en mosa\u00efque sont apparues dans les rues et sur les places de Jette. Des exemples de mosa\u00efques color\u00e9es sont \u00e9galement visibles sur la place Cardinal Mercier et dans le parc Roi Baudouin.<\/p>\n<h3>Patrimoine et histoire de Jette<\/h3>\n<p>Le parcours mosa\u00efque de la rue L\u00e9on Theodor fut le dernier projet propos\u00e9 par Jean-Christophe \u00e0 la commune de Jette, en collaboration avec l&#8217;artiste Kunlo. Kunlo a par la suite termin\u00e9 le projet, en hommage \u00e0 son ami Jean-Christophe. Sur chacun des 800 carreaux apparaissent deux lettres. Au fur et \u00e0 mesure que les dalles se juxtaposent, des mots apparaissent, qui, \u00e0 leur tour, donnent naissance \u00e0 une histoire. Chaque zone r\u00e9v\u00e8le ainsi une anecdote au sujet de l&#8217;une des fa\u00e7ades atypiques des immeubles de la rue L\u00e9on Theodor. Dans certaines zones, les pav\u00e9s forment une image en rapport avec le texte et apportent un contexte suppl\u00e9mentaire. Au terme de ce parcours, vous en aurez donc appris beaucoup sur le patrimoine jettois, l&#8217;histoire de la commune et la culture en g\u00e9n\u00e9ral.<\/p>\n<p>[\/et_pb_text][\/et_pb_column][et_pb_column type=&#8221;1_4&#8243; _builder_version=&#8221;4.27.6&#8243; _module_preset=&#8221;default&#8221; custom_padding=&#8221;|5%||0px|false|false&#8221; custom_padding_tablet=&#8221;|5%||5%|false|true&#8221; custom_padding_phone=&#8221;|5%||5%|false|true&#8221; custom_padding_last_edited=&#8221;on|tablet&#8221; global_colors_info=&#8221;{}&#8221;][et_pb_text _builder_version=&#8221;4.27.6&#8243; text_text_color=&#8221;#000000&#8243; text_font_size=&#8221;15px&#8221; text_line_height=&#8221;1.4em&#8221; text_orientation=&#8221;justified&#8221; custom_margin=&#8221;70px||||false|false&#8221; custom_margin_tablet=&#8221;30px||||false|false&#8221; custom_margin_phone=&#8221;30px|0px||0px|false|false&#8221; custom_margin_last_edited=&#8221;on|phone&#8221; custom_padding=&#8221;||||false|false&#8221; text_font_size_tablet=&#8221;15px&#8221; text_font_size_phone=&#8221;14px&#8221; text_font_size_last_edited=&#8221;on|phone&#8221; custom_css_free_form=&#8221;selector {||text-align: justify;||text-justify: inter-word;||hyphens: auto;||-webkit-hyphens: auto;||-ms-hyphens: auto;||word-break: normal;||overflow-wrap: break-word;|| line-height: 1.8; }||||@media (max-width: 768px) {|| .et_pb_text {|| text-align: left !important;|| }||}||&#8221; locked=&#8221;off&#8221; global_colors_info=&#8221;{}&#8221;]<\/p>\n<p><strong>D\u00e9couvrez ci-dessous les questions et les r\u00e9ponses que vous pouvez d\u00e9chiffrer sur les mosa\u00efques.<\/strong><\/p>\n<p>Cliquez sur chaque zone pour ouvrir le pdf :<\/p>\n<ul>\n<li>Zone 1 &#8211; rue L\u00e9on Theodor 14<\/li>\n<li>Zone 2 &#8211; rue L\u00e9on Theodor 24<\/li>\n<li>Zone 3 &#8211; rue L\u00e9on Theodor 34<\/li>\n<li>Zone 4 &#8211; rue L\u00e9on Theodor 52<\/li>\n<li>Zone 5 &#8211; rue L\u00e9on Theodor 80<\/li>\n<li>Zone 6 &#8211; rue L\u00e9on Theodor 108<\/li>\n<li>Zone 7 &#8211; rue L\u00e9on Theodor 146<\/li>\n<li>Zone 8 &#8211; rue L\u00e9on Theodor 180<\/li>\n<li>Zone 9 &#8211; entr\u00e9e du parc Garcet<\/li>\n<li>Zone 10 &#8211; milieu du parc Garcet<\/li>\n<li>Zone 11 &#8211; parc Garcet c\u00f4t\u00e9 \u00e9glise Saint-Pierre<\/li>\n<\/ul>\n<p>[\/et_pb_text][\/et_pb_column][\/et_pb_row][\/et_pb_section][et_pb_section fb_built=&#8221;1&#8243; custom_padding_last_edited=&#8221;on|desktop&#8221; _builder_version=&#8221;4.27.5&#8243; _module_preset=&#8221;default&#8221; custom_padding=&#8221;0px||||false|false&#8221; custom_padding_tablet=&#8221;0px||0px||false|false&#8221; custom_padding_phone=&#8221;0px||||false|false&#8221; global_colors_info=&#8221;{}&#8221;][\/et_pb_section][et_pb_section fb_built=&#8221;1&#8243; custom_padding_last_edited=&#8221;on|desktop&#8221; _builder_version=&#8221;4.27.5&#8243; _module_preset=&#8221;default&#8221; custom_padding_tablet=&#8221;0px||0px||false|false&#8221; custom_padding_phone=&#8221;0px||||false|false&#8221; global_colors_info=&#8221;{}&#8221;][et_pb_row column_structure=&#8221;1_4,1_4,1_2&#8243; use_custom_gutter=&#8221;on&#8221; gutter_width=&#8221;1&#8243; make_equal=&#8221;on&#8221; _builder_version=&#8221;4.27.6&#8243; _module_preset=&#8221;default&#8221; width=&#8221;100%&#8221; max_width=&#8221;100%&#8221; custom_padding=&#8221;0px||0px||true|false&#8221; global_colors_info=&#8221;{}&#8221;][et_pb_column type=&#8221;1_4&#8243; module_class=&#8221;pm-col-primary-cat&#8221; _builder_version=&#8221;4.27.6&#8243; _module_preset=&#8221;default&#8221; background_color=&#8221;#d14585&#8243; custom_padding=&#8221;10px|5%||5%|false|true&#8221; custom_padding_tablet=&#8221;|5%||5%|false|false&#8221; custom_padding_phone=&#8221;5%|5%|10%|5%|false|false&#8221; custom_padding_last_edited=&#8221;on|phone&#8221; global_colors_info=&#8221;{}&#8221;][difl_advanced_blurb title=&#8221;Jette en moza\u00efek, een geslaagde kleurrijke combinatie&#8221; button_text=&#8221;Lees meer&#8221; button_url=&#8221;#&#8221; button_alignment=&#8221;right&#8221; button_wrapper_margin=&#8221;5%||||false|false&#8221; admin_label=&#8221;Blurb &#8211; Titre, Texte, Bouton&#8221; _builder_version=&#8221;4.27.6&#8243; _module_preset=&#8221;default&#8221; title_font=&#8221;|700|||||||&#8221; title_font_size=&#8221;26px&#8221; content_body_text_color=&#8221;gcid-a56b3eb4-c3ac-4587-a29f-075b16bd8792&#8243; content_body_font_size=&#8221;15px&#8221; content_body_line_height=&#8221;1.4em&#8221; button_text_font=&#8221;|700|||||||&#8221; button_text_text_color=&#8221;gcid-a56b3eb4-c3ac-4587-a29f-075b16bd8792&#8243; title_font_size_tablet=&#8221;26px&#8221; title_font_size_phone=&#8221;22px&#8221; title_font_size_last_edited=&#8221;on|desktop&#8221; global_colors_info=&#8221;{%22gcid-a56b3eb4-c3ac-4587-a29f-075b16bd8792%22:%91%22button_text_text_color%22,%22content_body_text_color%22,%22button_text_text_color%22,%22content_body_text_color%22,%22button_text_text_color%22%93,%22gcid-09cbab6a-e717-4f13-8fea-bccc00e2213d%22:%91%22button_text_text_color__hover%22,%22button_text_text_color__hover%22,%22button_text_text_color__hover%22%93}&#8221; button_text_text_color__hover_enabled=&#8221;on|hover&#8221; button_text_text_color__hover=&#8221;#f2bd4c&#8221;]<\/p>\n<p>Qui dit Jette, dit mosa\u00efque. Dans les parcs, sur les trottoirs, le long des fa\u00e7ades\u2026 la mosa\u00efque apporte de la couleur dans les rues de Jette.<\/p>\n<p>[\/difl_advanced_blurb][\/et_pb_column][et_pb_column type=&#8221;1_4&#8243; _builder_version=&#8221;4.27.6&#8243; _module_preset=&#8221;default&#8221; background_image=&#8221;https:\/\/jetzine.brussels\/wp-content\/uploads\/2026\/04\/Mozaiek-verticaal.jpg&#8221; custom_padding_tablet=&#8221;30vh||30vh||true|false&#8221; custom_padding_phone=&#8221;25vh||25vh||true|false&#8221; custom_padding_last_edited=&#8221;on|phone&#8221; global_colors_info=&#8221;{}&#8221;][et_pb_code admin_label=&#8221;Ne pas \u00e9diter &#8211; code vide pour afficher la photo sur mobile&#8221; _builder_version=&#8221;4.27.6&#8243; _module_preset=&#8221;default&#8221; global_colors_info=&#8221;{}&#8221;][\/et_pb_code][\/et_pb_column][et_pb_column type=&#8221;1_2&#8243; _builder_version=&#8221;4.27.6&#8243; _module_preset=&#8221;default&#8221; custom_padding=&#8221;||||false|false&#8221; custom_padding_tablet=&#8221;&#8221; custom_padding_phone=&#8221;5%||||false|false&#8221; custom_padding_last_edited=&#8221;on|phone&#8221; global_colors_info=&#8221;{}&#8221;][et_pb_text admin_label=&#8221;Texte &#8211; Titre&#8221; _builder_version=&#8221;4.27.6&#8243; _module_preset=&#8221;default&#8221; text_font=&#8221;|700|||||||&#8221; text_text_color=&#8221;#000000&#8243; text_font_size=&#8221;30px&#8221; header_3_font=&#8221;|700|||||||&#8221; header_3_font_size=&#8221;30px&#8221; custom_padding=&#8221;5%|2%||10%|false|false&#8221; custom_padding_tablet=&#8221;|2%||5%|false|false&#8221; custom_padding_phone=&#8221;10%|2%||5%|false|false&#8221; custom_padding_last_edited=&#8221;on|phone&#8221; text_font_size_tablet=&#8221;30px&#8221; text_font_size_phone=&#8221;25px&#8221; text_font_size_last_edited=&#8221;on|tablet&#8221; header_3_font_size_tablet=&#8221;28px&#8221; header_3_font_size_phone=&#8221;25px&#8221; header_3_font_size_last_edited=&#8221;on|phone&#8221; locked=&#8221;off&#8221; global_colors_info=&#8221;{}&#8221;]<\/p>\n<h3>Ontdek eveneens<\/h3>\n<p>[\/et_pb_text][difl_advanced_blurb blurb_icon_enable=&#8221;on&#8221; blurb_icon=&#8221;&#x49;||divi||400&#8243; blurb_icon_color=&#8221;#d14585&#8243; icon_size=&#8221;75px&#8221; image_icon_container_position=&#8221;outside&#8221; image_placement=&#8221;flex_left&#8221; image_icon_alignment=&#8221;left&#8221; wrapper_margin=&#8221;|||10%|false|false&#8221; wrapper_padding=&#8221;|||0px|false|false&#8221; blurb_img_margin=&#8221;||||false|false&#8221; blurb_icon_spacing=&#8221;|||0px|false|false&#8221; icon_size_tablet=&#8221;75px&#8221; icon_size_phone=&#8221;55px&#8221; icon_size_last_edited=&#8221;on|phone&#8221; wrapper_margin_tablet=&#8221;|||5%|false|false&#8221; wrapper_margin_phone=&#8221;|||2%|false|false&#8221; wrapper_margin_last_edited=&#8221;on|phone&#8221; _builder_version=&#8221;4.27.6&#8243; _module_preset=&#8221;default&#8221; custom_margin=&#8221;30px|||0px|false|false&#8221; custom_margin_tablet=&#8221;30px|||0px|false|false&#8221; custom_margin_phone=&#8221;20px|||0px|false|false&#8221; custom_margin_last_edited=&#8221;on|tablet&#8221; custom_padding=&#8221;|||0px|false|false&#8221; global_colors_info=&#8221;{}&#8221;][\/difl_advanced_blurb][et_pb_button button_url=&#8221;https:\/\/jetzine.brussels\/nl\/basic\/de-kleurrijke-mozaieken\/&#8221; url_new_window=&#8221;on&#8221; button_text=&#8221;De kleurrijke moza\u00efeken&#8221; module_class=&#8221;pm-btn-primary-cat&#8221; _builder_version=&#8221;4.27.6&#8243; _module_preset=&#8221;default&#8221; custom_margin=&#8221;|||10%|false|false&#8221; custom_margin_tablet=&#8221;||5%|5%|false|false&#8221; custom_margin_phone=&#8221;|5%|10%|5%|false|true&#8221; custom_margin_last_edited=&#8221;on|phone&#8221; global_colors_info=&#8221;{}&#8221;][\/et_pb_button][\/et_pb_column][\/et_pb_row][\/et_pb_section][et_pb_section fb_built=&#8221;1&#8243; custom_padding_last_edited=&#8221;on|tablet&#8221; _builder_version=&#8221;4.27.6&#8243; _module_preset=&#8221;default&#8221; custom_padding=&#8221;||0px||false|false&#8221; custom_padding_tablet=&#8221;||0px||false|false&#8221; custom_padding_phone=&#8221;0px||0px||false|false&#8221; global_colors_info=&#8221;{}&#8221;][et_pb_row custom_padding_last_edited=&#8221;on|phone&#8221; _builder_version=&#8221;4.27.6&#8243; _module_preset=&#8221;default&#8221; width=&#8221;85%&#8221; max_width=&#8221;95%&#8221; custom_padding=&#8221;5%||0px||false|false&#8221; custom_padding_tablet=&#8221;5%||0px||false|false&#8221; custom_padding_phone=&#8221;10%||0px||false|false&#8221; global_colors_info=&#8221;{}&#8221;][et_pb_column type=&#8221;4_4&#8243; _builder_version=&#8221;4.27.5&#8243; _module_preset=&#8221;default&#8221; global_colors_info=&#8221;{}&#8221;][et_pb_text _builder_version=&#8221;4.27.6&#8243; _module_preset=&#8221;default&#8221; global_colors_info=&#8221;{}&#8221;]<\/p>\n<h2>De recentste actualiteiten <\/h2>\n<p>[\/et_pb_text][et_pb_code _builder_version=&#8221;4.27.6&#8243; _module_preset=&#8221;default&#8221; global_colors_info=&#8221;{}&#8221;]<!-- Gridbuilder \u1d42\u1d3e Plugin (https:\/\/wpgridbuilder.com) -->\n<div class=\"wp-grid-builder wpgb-grid-21\" data-options=\"{&quot;id&quot;:21,&quot;type&quot;:&quot;masonry&quot;,&quot;source&quot;:&quot;post_type&quot;,&quot;loader&quot;:true,&quot;layout&quot;:&quot;vertical&quot;,&quot;reveal&quot;:1,&quot;isMainQuery&quot;:0,&quot;lazyLoad&quot;:true,&quot;cardSizes&quot;:{&quot;9999&quot;:{&quot;columns&quot;:4,&quot;height&quot;:240,&quot;gutter&quot;:60,&quot;ratio&quot;:&quot;1.33333&quot;},&quot;1440&quot;:{&quot;columns&quot;:3,&quot;height&quot;:120,&quot;gutter&quot;:30,&quot;ratio&quot;:&quot;1.33333&quot;},&quot;1200&quot;:{&quot;columns&quot;:3,&quot;height&quot;:240,&quot;gutter&quot;:30,&quot;ratio&quot;:&quot;1.33333&quot;},&quot;992&quot;:{&quot;columns&quot;:2,&quot;height&quot;:220,&quot;gutter&quot;:30,&quot;ratio&quot;:&quot;1.33333&quot;},&quot;768&quot;:{&quot;columns&quot;:1,&quot;height&quot;:220,&quot;gutter&quot;:30,&quot;ratio&quot;:&quot;1.33333&quot;},&quot;576&quot;:{&quot;columns&quot;:1,&quot;height&quot;:200,&quot;gutter&quot;:30,&quot;ratio&quot;:&quot;1.33333&quot;},&quot;320&quot;:{&quot;columns&quot;:1,&quot;height&quot;:200,&quot;gutter&quot;:30,&quot;ratio&quot;:&quot;1.33333&quot;}},&quot;fitRows&quot;:false,&quot;equalRows&quot;:0,&quot;equalColumns&quot;:true,&quot;fillLastRow&quot;:0,&quot;centerLastRow&quot;:0,&quot;horizontalOrder&quot;:true,&quot;fullWidth&quot;:false,&quot;transitionDelay&quot;:100,&quot;gallerySlideshow&quot;:false,&quot;rowsNumber&quot;:1,&quot;slideAlign&quot;:&quot;left&quot;,&quot;groupCells&quot;:1,&quot;draggable&quot;:true,&quot;initialIndex&quot;:0,&quot;contain&quot;:false,&quot;freeScroll&quot;:false,&quot;freeFriction&quot;:&quot;0.075&quot;,&quot;friction&quot;:&quot;0.285&quot;,&quot;attraction&quot;:&quot;0.025&quot;,&quot;autoPlay&quot;:0,&quot;pageDotAriaLabel&quot;:&quot;Page dot %d&quot;,&quot;isPreview&quot;:false,&quot;isGutenberg&quot;:false,&quot;rightToLeft&quot;:false}\"><div class=\"wpgb-svg-icons\" hidden>\n\t<svg viewBox=\"0 0 120 24\" width=\"0\" height=\"0\">\n\t<defs>\n        <polygon id=\"wpgb-star-svg\" points=\"12 2.5 15.1 8.8 22 9.8 17 14.6 18.2 21.5 12 18.3 5.8 21.5 7 14.6 2 9.8 8.9 8.8\"><\/polygon>\n    <\/defs>\n    <symbol id=\"wpgb-rating-stars-svg\">\n        <use xlink:href=\"#wpgb-star-svg\"><\/use>\n        <use xlink:href=\"#wpgb-star-svg\" x=\"24\"><\/use>\n        <use xlink:href=\"#wpgb-star-svg\" x=\"48\"><\/use>\n        <use xlink:href=\"#wpgb-star-svg\" x=\"72\"><\/use>\n        <use xlink:href=\"#wpgb-star-svg\" x=\"96\"><\/use>\n    <\/symbol>\n<\/svg>\n<\/div>\n<div class=\"wpgb-wrapper\">\n\t<div class=\"wpgb-main\">\n\t<div class=\"wpgb-layout\">\n\t<div class=\"wpgb-viewport\">\n\t\t<div class=\"wpgb-masonry\">\n\t\t\t<article class=\"wpgb-card wpgb-card-22 wpgb-post-5443 wpgb-card-hidden\" data-col=\"1\" data-row=\"1\" data-format=\"standard\"><div class=\"wpgb-card-wrapper\"><div class=\"wpgb-card-inner\"><div class=\"wpgb-card-media wpgb-scheme-light\" data-action><svg data-ratio style=\"padding-top:100%\" viewBox=\"0 0 1 1\" aria-hidden=\"true\"><\/svg><div class=\"wpgb-card-media-thumbnail\"><a href=\"https:\/\/jetzine.brussels\/wp-content\/uploads\/2026\/04\/Jamin-Jette-2026-affiche.jpg\" tabindex=\"-1\" class=\"wpgb-handle-lb wpgb-lightbox\" data-type=\"image\" data-rel=\"21\" data-title=\"Jam&#8217;in-Jette 2026 &#8211; affiche\" title=\"Enlarge photo\"><div class=\"wpgb-lazy-load wpgb-lazy-spinner\" data-wpgb-thumb=\"\" data-wpgb-src=\"https:\/\/jetzine.brussels\/wp-content\/uploads\/2026\/04\/Jamin-Jette-2026-affiche.jpg\"><\/div><noscript><img loading=\"lazy\" decoding=\"async\" class=\"wpgb-noscript-img\" src=\"https:\/\/jetzine.brussels\/wp-content\/uploads\/2026\/04\/Jamin-Jette-2026-affiche.jpg\" alt=\"\" height=\"2560\" width=\"1811\"><\/noscript><\/a><\/div><a class=\"wpgb-card-layer-link\" href=\"https:\/\/jetzine.brussels\/nl\/15-en-16-mei-jamin-jette-2026\/\"><\/a><\/div><div class=\"wpgb-card-content wpgb-scheme-dark\"><div class=\"wpgb-card-body\"><div class=\"wpgb-block-10\"><span class=\"pm-cat-badge pm-cat-cultuur\">Cultuur<\/span><\/div><h3 class=\"wpgb-block-1\"><a href=\"https:\/\/jetzine.brussels\/nl\/15-en-16-mei-jamin-jette-2026\/\">15 en 16 mei: Jam&#8217;in Jette 2026<\/a><\/h3><p class=\"wpgb-block-2\">Nadat Jam\u2019\u2019in Jette in 2025 zijn grootste succes ooit kende \u2013 met meer dan 18.000 festivalgangers \u2013 keert het festival op 15 en 16 mei aanstaande terug naar het Jeugdpark in Jette. En zoals de...<\/p><div class=\"wpgb-block-8\"><div class=\"wpgb-block-7\"><a href=\"https:\/\/www.facebook.com\/events\/569044576040998\" target=\"_blank\" rel=\"noopener\" class=\"wpgb-custom-icon wpgb-facebook-icon\" style=\"display:inline-block !important; line-height:0; margin-right:10px;\"><svg xmlns=\"http:\/\/www.w3.org\/2000\/svg\" width=\"24\" height=\"24\" viewBox=\"-143 145 512 512\" aria-hidden=\"true\" focusable=\"false\"><path d=\"M329,145h-432c-22.1,0-40,17.9-40,40v432c0,22.1,17.9,40,40,40h432c22.1,0,40-17.9,40-40V185C369,162.9,351.1,145,329,145z M169.5,357.6l-2.9,38.3h-39.3v133H77.7v-133H51.2v-38.3h26.5v-25.7c0-11.3,0.3-28.8,8.5-39.7c8.7-11.5,20.6-19.3,41.1-19.3c33.4,0,47.4,4.8,47.4,4.8l-6.6,39.2c0,0-11-3.2-21.3-3.2c-10.3,0-19.5,3.7-19.5,14v29.9H169.5z\"\/><\/svg><\/a><\/div><div class=\"wpgb-block-5\"><a href=\"https:\/\/jetzine.brussels\/events\/jamin-jette-2026\/\" target=\"_blank\" rel=\"noopener\" class=\"wpgb-custom-icon wpgb-calendar-icon\" style=\"display:inline-block !important; line-height:0; margin-right:10px;\"><svg xmlns=\"http:\/\/www.w3.org\/2000\/svg\" width=\"24\" height=\"24\" viewBox=\"0 0 24 24\" aria-hidden=\"true\" focusable=\"false\"><path d=\"M7.75 2.5C7.75 2.08579 7.41421 1.75 7 1.75C6.58579 1.75 6.25 2.08579 6.25 2.5V4.07926C4.81067 4.19451 3.86577 4.47737 3.17157 5.17157C2.47737 5.86577 2.19451 6.81067 2.07926 8.25H21.9207C21.8055 6.81067 21.5226 5.86577 20.8284 5.17157C20.1342 4.47737 19.1893 4.19451 17.75 4.07926V2.5C17.75 2.08579 17.4142 1.75 17 1.75C16.5858 1.75 16.25 2.08579 16.25 2.5V4.0129C15.5847 4 14.839 4 14 4H10C9.16097 4 8.41527 4 7.75 4.0129V2.5Z\"\/><path fill-rule=\"evenodd\" clip-rule=\"evenodd\" d=\"M2 12C2 11.161 2 10.4153 2.0129 9.75H21.9871C22 10.4153 22 11.161 22 12V14C22 17.7712 22 19.6569 20.8284 20.8284C19.6569 22 17.7712 22 14 22H10C6.22876 22 4.34315 22 3.17157 20.8284C2 19.6569 2 17.7712 2 14V12ZM17 14C17.5523 14 18 13.5523 18 13C18 12.4477 17.5523 12 17 12C16.4477 12 16 12.4477 16 13C16 13.5523 16.4477 14 17 14ZM17 18C17.5523 18 18 17.5523 18 17C18 16.4477 17.5523 16 17 16C16.4477 16 16 16.4477 16 17C16 17.5523 16.4477 18 17 18ZM13 13C13 13.5523 12.5523 14 12 14C11.4477 14 11 13.5523 11 13C11 12.4477 11.4477 12 12 12C12.5523 12 13 12.4477 13 13ZM13 17C13 17.5523 12.5523 18 12 18C11.4477 18 11 17.5523 11 17C11 16.4477 11.4477 16 12 16C12.5523 16 13 16.4477 13 17ZM7 14C7.55228 14 8 13.5523 8 13C8 12.4477 7.55228 12 7 12C6.44772 12 6 12.4477 6 13C6 13.5523 6.44772 14 7 14ZM7 18C7.55228 18 8 17.5523 8 17C8 16.4477 7.55228 16 7 16C6.44772 16 6 16.4477 6 17C6 17.5523 6.44772 18 7 18Z\"\/><\/svg><\/a><\/div><div class=\"wpgb-block-6\"><a href=\"https:\/\/jaminjette.be\/appel-a-votre-solidarite\" target=\"_blank\" rel=\"noopener\" class=\"wpgb-custom-icon wpgb-ticket-icon\" style=\"display:inline-block !important; line-height:0; margin-right:10px;\"><svg xmlns=\"http:\/\/www.w3.org\/2000\/svg\" width=\"24\" height=\"24\" viewBox=\"0 0 512 512\" aria-hidden=\"true\" focusable=\"false\"><path d=\"M512,210.781v-60.474c0-23.885-19.362-43.247-43.243-43.247H43.242C19.361,107.059,0,126.421,0,150.306v60.878c21.957,3.154,38.854,21.988,38.854,44.819S21.957,297.67,0,300.816v60.886c0,23.877,19.361,43.239,43.242,43.239h425.514c23.881,0,43.243-19.362,43.243-43.239v-60.483c-24.026-1.124-43.173-20.907-43.173-45.215C468.827,231.697,487.974,211.914,512,210.781z M121.515,377.656h-14.877v-38.802h14.877V377.656z M121.515,309.485h-14.877v-38.801h14.877V309.485z M121.515,241.316h-14.877v-38.81h14.877V241.316z M121.515,173.147h-14.877v-38.802h14.877V173.147z\"\/><\/svg><\/a><\/div><\/div><\/div><\/div><\/div><\/div><\/article><article class=\"wpgb-card wpgb-card-22 wpgb-post-5468 wpgb-card-hidden\" data-col=\"1\" data-row=\"1\" data-format=\"standard\"><div class=\"wpgb-card-wrapper\"><div class=\"wpgb-card-inner\"><div class=\"wpgb-card-media wpgb-scheme-light\" data-action><svg data-ratio style=\"padding-top:100%\" viewBox=\"0 0 1 1\" aria-hidden=\"true\"><\/svg><div class=\"wpgb-card-media-thumbnail\"><a href=\"https:\/\/jetzine.brussels\/wp-content\/uploads\/2026\/04\/plan-communal-proprete.jpg\" tabindex=\"-1\" class=\"wpgb-handle-lb wpgb-lightbox\" data-type=\"image\" data-rel=\"21\" data-title=\"gemeentelijk plan openbare reinheid\" title=\"Enlarge photo\"><div class=\"wpgb-lazy-load wpgb-lazy-spinner\" data-wpgb-thumb=\"\" data-wpgb-src=\"https:\/\/jetzine.brussels\/wp-content\/uploads\/2026\/04\/plan-communal-proprete.jpg\"><\/div><noscript><img loading=\"lazy\" decoding=\"async\" class=\"wpgb-noscript-img\" src=\"https:\/\/jetzine.brussels\/wp-content\/uploads\/2026\/04\/plan-communal-proprete.jpg\" alt=\"\" height=\"1045\" width=\"1577\"><\/noscript><\/a><\/div><a class=\"wpgb-card-layer-link\" href=\"https:\/\/jetzine.brussels\/nl\/gemeentelijk-plan-openbare-netheid\/\"><\/a><\/div><div class=\"wpgb-card-content wpgb-scheme-dark\"><div class=\"wpgb-card-body\"><div class=\"wpgb-block-10\"><span class=\"pm-cat-badge pm-cat-leefomgeving\">Leefomgeving<\/span><\/div><h3 class=\"wpgb-block-1\"><a href=\"https:\/\/jetzine.brussels\/nl\/gemeentelijk-plan-openbare-netheid\/\">Gemeentelijk plan Openbare netheid<\/a><\/h3><div class=\"wpgb-block-2\"><p>Het Gemeentelijk plan Openbare netheid, gecombineerd met een aangepast reglement, vormt de basis voor de gemeentelijke aanpak die steunt op drie pijlers: preventie, sensibilisering en repressie van overlast en ongepast gedrag.<\/p><\/div><div class=\"wpgb-block-8\"><\/div><\/div><\/div><\/div><\/div><\/article><article class=\"wpgb-card wpgb-card-22 wpgb-post-5457 wpgb-card-hidden\" data-col=\"1\" data-row=\"1\" data-format=\"standard\"><div class=\"wpgb-card-wrapper\"><div class=\"wpgb-card-inner\"><div class=\"wpgb-card-media wpgb-scheme-light\" data-action><svg data-ratio style=\"padding-top:100%\" viewBox=\"0 0 1 1\" aria-hidden=\"true\"><\/svg><div class=\"wpgb-card-media-thumbnail\"><a href=\"https:\/\/jetzine.brussels\/wp-content\/uploads\/2026\/04\/egalite-des-chances.jpg\" tabindex=\"-1\" class=\"wpgb-handle-lb wpgb-lightbox\" data-type=\"image\" data-rel=\"21\" data-title=\"gelijke-kansen\" title=\"Enlarge photo\"><div class=\"wpgb-lazy-load wpgb-lazy-spinner\" data-wpgb-thumb=\"\" data-wpgb-src=\"https:\/\/jetzine.brussels\/wp-content\/uploads\/2026\/04\/egalite-des-chances.jpg\"><\/div><noscript><img loading=\"lazy\" decoding=\"async\" class=\"wpgb-noscript-img\" src=\"https:\/\/jetzine.brussels\/wp-content\/uploads\/2026\/04\/egalite-des-chances.jpg\" alt=\"\" height=\"1812\" width=\"2262\"><\/noscript><\/a><\/div><a class=\"wpgb-card-layer-link\" href=\"https:\/\/jetzine.brussels\/nl\/oproep-vrijwilligers-gelijke-kansen\/\"><\/a><\/div><div class=\"wpgb-card-content wpgb-scheme-dark\"><div class=\"wpgb-card-body\"><div class=\"wpgb-block-10\"><span class=\"pm-cat-badge pm-cat-samenleving\">Samenleving<\/span><\/div><h3 class=\"wpgb-block-1\"><a href=\"https:\/\/jetzine.brussels\/nl\/oproep-vrijwilligers-gelijke-kansen\/\">Oproep tot vrijwilligers &#8211; Gelijke kansen en gendergelijkheid<\/a><\/h3><div class=\"wpgb-block-2\"><p>Woon je in Jette en wil je meewerken aan het Platform Gelijke kansen, in samenwerking met de gemeente? Neem dan deel aan de infovergadering op donderdag 21 mei. <\/p><\/div><div class=\"wpgb-block-8\"><\/div><\/div><\/div><\/div><\/div><\/article><article class=\"wpgb-card wpgb-card-22 wpgb-post-5024 wpgb-card-hidden\" data-col=\"1\" data-row=\"1\" data-format=\"standard\"><div class=\"wpgb-card-wrapper\"><div class=\"wpgb-card-inner\"><div class=\"wpgb-card-media wpgb-scheme-light\" data-action><svg data-ratio style=\"padding-top:100%\" viewBox=\"0 0 1 1\" aria-hidden=\"true\"><\/svg><div class=\"wpgb-card-media-thumbnail\"><a href=\"https:\/\/jetzine.brussels\/wp-content\/uploads\/2026\/04\/Marche-des-artisans-1.jpg\" tabindex=\"-1\" class=\"wpgb-handle-lb wpgb-lightbox\" data-type=\"image\" data-rel=\"21\" data-title=\"Ambachtsmarkt\" title=\"Enlarge photo\"><div class=\"wpgb-lazy-load wpgb-lazy-spinner\" data-wpgb-thumb=\"\" data-wpgb-src=\"https:\/\/jetzine.brussels\/wp-content\/uploads\/2026\/04\/Marche-des-artisans-1.jpg\"><\/div><noscript><img loading=\"lazy\" decoding=\"async\" class=\"wpgb-noscript-img\" src=\"https:\/\/jetzine.brussels\/wp-content\/uploads\/2026\/04\/Marche-des-artisans-1.jpg\" alt=\"Een vrouw die juwelen maakt\" height=\"1008\" width=\"1512\"><\/noscript><\/a><\/div><a class=\"wpgb-card-layer-link\" href=\"https:\/\/jetzine.brussels\/nl\/ambachtsmarkt-in-de-feestzaal\/\"><\/a><\/div><div class=\"wpgb-card-content wpgb-scheme-dark\"><div class=\"wpgb-card-body\"><div class=\"wpgb-block-10\"><span class=\"pm-cat-badge pm-cat-vrije-tijd\">Vrije tijd<\/span><\/div><h3 class=\"wpgb-block-1\"><a href=\"https:\/\/jetzine.brussels\/nl\/ambachtsmarkt-in-de-feestzaal\/\">Ambachtsmarkt in de Feestzaal<\/a><\/h3><div class=\"wpgb-block-2\"><p>In de Gemeentelijke Feestzaal kan je van mei tot oktober de creaties van ambachtslui ontdekken tijdens de Ambachtsmarkt. Handgemaakte zeep, shampoo, juwelen, houten creaties, keramiek, kaarsen, maar ook lekkernijen zoals honing, terrines, kruidenthee, jam, bieren,\u2026<\/p><\/div><div class=\"wpgb-block-8\"><\/div><\/div><\/div><\/div><\/div><\/article>\t\t<\/div>\n\t<\/div>\n\t<div class=\"wpgb-loader\">\n\t<div class=\"wpgb-loader-17\">\n\t\t<div><div><\/div><div><\/div><\/div>\t<\/div>\n<\/div>\n<\/div>\n\t<\/div>\n\t\t<\/div>\n<\/div>\n[\/et_pb_code][\/et_pb_column][\/et_pb_row][\/et_pb_section]<\/p>\n","protected":false},"excerpt":{"rendered":"<p>Kleurrijke moza\u00ad\u00efektegels sieren het voetpad van de L\u00e9on Theodorstraat. Geoefende ogen lezen er telkens een boodschap in&#8230; <\/p>\n","protected":false},"author":7,"featured_media":3190,"parent":0,"menu_order":0,"template":"","format":"standard","meta":{"_acf_changed":false,"_et_pb_use_builder":"on","_et_pb_old_content":"","_et_gb_content_width":"","footnotes":""},"categories":[105,99,113],"tags":[119],"class_list":["post-3183","basic","type-basic","status-publish","format-standard","has-post-thumbnail","hentry","category-cultuur","category-leefomgeving","category-vrije-tijd","tag-de-ziel-van-jette"],"acf":[],"yoast_head":"<!-- This site is optimized with the Yoast SEO plugin v27.4 - https:\/\/yoast.com\/product\/yoast-seo-wordpress\/ -->\n<title>Moza\u00efekparcours L\u00e9on Theodorstraat - Jetzine<\/title>\n<meta name=\"description\" content=\"Kleurrijke moza\u00ad\u00efektegels sieren het voetpad van de L\u00e9on Theodorstraat. Geoefende ogen lezen er telkens een boodschap in...\" \/>\n<meta name=\"robots\" content=\"noindex, follow, max-snippet:-1, max-image-preview:large, max-video-preview:-1\" \/>\n<meta property=\"og:locale\" content=\"nl_NL\" \/>\n<meta property=\"og:type\" content=\"article\" \/>\n<meta property=\"og:title\" content=\"Moza\u00efekparcours L\u00e9on Theodorstraat - Jetzine\" \/>\n<meta property=\"og:description\" content=\"Kleurrijke moza\u00ad\u00efektegels sieren het voetpad van de L\u00e9on Theodorstraat. Geoefende ogen lezen er telkens een boodschap in...\" \/>\n<meta property=\"og:url\" content=\"https:\/\/jetzine.brussels\/nl\/basic\/mozaiekparcours-leon-theodorstraat\/\" \/>\n<meta property=\"og:site_name\" content=\"Jetzine\" \/>\n<meta property=\"article:modified_time\" content=\"2026-04-27T12:30:20+00:00\" \/>\n<meta property=\"og:image\" content=\"https:\/\/jetzine.brussels\/wp-content\/uploads\/2026\/04\/Mozaiekproject-Theodor-02.jpg\" \/>\n\t<meta property=\"og:image:width\" content=\"830\" \/>\n\t<meta property=\"og:image:height\" content=\"540\" \/>\n\t<meta property=\"og:image:type\" content=\"image\/jpeg\" \/>\n<meta name=\"twitter:card\" content=\"summary_large_image\" \/>\n<meta name=\"twitter:label1\" content=\"Geschatte leestijd\" \/>\n\t<meta name=\"twitter:data1\" content=\"3 minuten\" \/>\n<script type=\"application\/ld+json\" class=\"yoast-schema-graph\">{\"@context\":\"https:\\\/\\\/schema.org\",\"@graph\":[{\"@type\":\"WebPage\",\"@id\":\"https:\\\/\\\/jetzine.brussels\\\/nl\\\/basic\\\/mozaiekparcours-leon-theodorstraat\\\/\",\"url\":\"https:\\\/\\\/jetzine.brussels\\\/nl\\\/basic\\\/mozaiekparcours-leon-theodorstraat\\\/\",\"name\":\"Moza\u00efekparcours L\u00e9on Theodorstraat - Jetzine\",\"isPartOf\":{\"@id\":\"https:\\\/\\\/jetzine.brussels\\\/nl\\\/#website\"},\"primaryImageOfPage\":{\"@id\":\"https:\\\/\\\/jetzine.brussels\\\/nl\\\/basic\\\/mozaiekparcours-leon-theodorstraat\\\/#primaryimage\"},\"image\":{\"@id\":\"https:\\\/\\\/jetzine.brussels\\\/nl\\\/basic\\\/mozaiekparcours-leon-theodorstraat\\\/#primaryimage\"},\"thumbnailUrl\":\"https:\\\/\\\/jetzine.brussels\\\/wp-content\\\/uploads\\\/2026\\\/04\\\/Mozaiekproject-Theodor-02.jpg\",\"datePublished\":\"2026-04-07T13:35:31+00:00\",\"dateModified\":\"2026-04-27T12:30:20+00:00\",\"description\":\"Kleurrijke moza\u00ad\u00efektegels sieren het voetpad van de L\u00e9on Theodorstraat. Geoefende ogen lezen er telkens een boodschap in...\",\"breadcrumb\":{\"@id\":\"https:\\\/\\\/jetzine.brussels\\\/nl\\\/basic\\\/mozaiekparcours-leon-theodorstraat\\\/#breadcrumb\"},\"inLanguage\":\"nl-NL\",\"potentialAction\":[{\"@type\":\"ReadAction\",\"target\":[\"https:\\\/\\\/jetzine.brussels\\\/nl\\\/basic\\\/mozaiekparcours-leon-theodorstraat\\\/\"]}]},{\"@type\":\"ImageObject\",\"inLanguage\":\"nl-NL\",\"@id\":\"https:\\\/\\\/jetzine.brussels\\\/nl\\\/basic\\\/mozaiekparcours-leon-theodorstraat\\\/#primaryimage\",\"url\":\"https:\\\/\\\/jetzine.brussels\\\/wp-content\\\/uploads\\\/2026\\\/04\\\/Mozaiekproject-Theodor-02.jpg\",\"contentUrl\":\"https:\\\/\\\/jetzine.brussels\\\/wp-content\\\/uploads\\\/2026\\\/04\\\/Mozaiekproject-Theodor-02.jpg\",\"width\":830,\"height\":540,\"caption\":\"Kunstenaar aan de slag met moza\u00efek\"},{\"@type\":\"BreadcrumbList\",\"@id\":\"https:\\\/\\\/jetzine.brussels\\\/nl\\\/basic\\\/mozaiekparcours-leon-theodorstraat\\\/#breadcrumb\",\"itemListElement\":[{\"@type\":\"ListItem\",\"position\":1,\"name\":\"Home\",\"item\":\"https:\\\/\\\/jetzine.brussels\\\/nl\\\/\"},{\"@type\":\"ListItem\",\"position\":2,\"name\":\"Basic Pages\"},{\"@type\":\"ListItem\",\"position\":3,\"name\":\"Moza\u00efekparcours L\u00e9on Theodorstraat\"}]},{\"@type\":\"WebSite\",\"@id\":\"https:\\\/\\\/jetzine.brussels\\\/nl\\\/#website\",\"url\":\"https:\\\/\\\/jetzine.brussels\\\/nl\\\/\",\"name\":\"Jetzine\",\"description\":\"Het webzine van de gemeente Jette\",\"potentialAction\":[{\"@type\":\"SearchAction\",\"target\":{\"@type\":\"EntryPoint\",\"urlTemplate\":\"https:\\\/\\\/jetzine.brussels\\\/nl\\\/?s={search_term_string}\"},\"query-input\":{\"@type\":\"PropertyValueSpecification\",\"valueRequired\":true,\"valueName\":\"search_term_string\"}}],\"inLanguage\":\"nl-NL\"}]}<\/script>\n<!-- \/ Yoast SEO plugin. -->","yoast_head_json":{"title":"Moza\u00efekparcours L\u00e9on Theodorstraat - Jetzine","description":"Kleurrijke moza\u00ad\u00efektegels sieren het voetpad van de L\u00e9on Theodorstraat. Geoefende ogen lezen er telkens een boodschap in...","robots":{"index":"noindex","follow":"follow","max-snippet":"max-snippet:-1","max-image-preview":"max-image-preview:large","max-video-preview":"max-video-preview:-1"},"og_locale":"nl_NL","og_type":"article","og_title":"Moza\u00efekparcours L\u00e9on Theodorstraat - Jetzine","og_description":"Kleurrijke moza\u00ad\u00efektegels sieren het voetpad van de L\u00e9on Theodorstraat. Geoefende ogen lezen er telkens een boodschap in...","og_url":"https:\/\/jetzine.brussels\/nl\/basic\/mozaiekparcours-leon-theodorstraat\/","og_site_name":"Jetzine","article_modified_time":"2026-04-27T12:30:20+00:00","og_image":[{"width":830,"height":540,"url":"https:\/\/jetzine.brussels\/wp-content\/uploads\/2026\/04\/Mozaiekproject-Theodor-02.jpg","type":"image\/jpeg"}],"twitter_card":"summary_large_image","twitter_misc":{"Geschatte leestijd":"3 minuten"},"schema":{"@context":"https:\/\/schema.org","@graph":[{"@type":"WebPage","@id":"https:\/\/jetzine.brussels\/nl\/basic\/mozaiekparcours-leon-theodorstraat\/","url":"https:\/\/jetzine.brussels\/nl\/basic\/mozaiekparcours-leon-theodorstraat\/","name":"Moza\u00efekparcours L\u00e9on Theodorstraat - Jetzine","isPartOf":{"@id":"https:\/\/jetzine.brussels\/nl\/#website"},"primaryImageOfPage":{"@id":"https:\/\/jetzine.brussels\/nl\/basic\/mozaiekparcours-leon-theodorstraat\/#primaryimage"},"image":{"@id":"https:\/\/jetzine.brussels\/nl\/basic\/mozaiekparcours-leon-theodorstraat\/#primaryimage"},"thumbnailUrl":"https:\/\/jetzine.brussels\/wp-content\/uploads\/2026\/04\/Mozaiekproject-Theodor-02.jpg","datePublished":"2026-04-07T13:35:31+00:00","dateModified":"2026-04-27T12:30:20+00:00","description":"Kleurrijke moza\u00ad\u00efektegels sieren het voetpad van de L\u00e9on Theodorstraat. Geoefende ogen lezen er telkens een boodschap in...","breadcrumb":{"@id":"https:\/\/jetzine.brussels\/nl\/basic\/mozaiekparcours-leon-theodorstraat\/#breadcrumb"},"inLanguage":"nl-NL","potentialAction":[{"@type":"ReadAction","target":["https:\/\/jetzine.brussels\/nl\/basic\/mozaiekparcours-leon-theodorstraat\/"]}]},{"@type":"ImageObject","inLanguage":"nl-NL","@id":"https:\/\/jetzine.brussels\/nl\/basic\/mozaiekparcours-leon-theodorstraat\/#primaryimage","url":"https:\/\/jetzine.brussels\/wp-content\/uploads\/2026\/04\/Mozaiekproject-Theodor-02.jpg","contentUrl":"https:\/\/jetzine.brussels\/wp-content\/uploads\/2026\/04\/Mozaiekproject-Theodor-02.jpg","width":830,"height":540,"caption":"Kunstenaar aan de slag met moza\u00efek"},{"@type":"BreadcrumbList","@id":"https:\/\/jetzine.brussels\/nl\/basic\/mozaiekparcours-leon-theodorstraat\/#breadcrumb","itemListElement":[{"@type":"ListItem","position":1,"name":"Home","item":"https:\/\/jetzine.brussels\/nl\/"},{"@type":"ListItem","position":2,"name":"Basic Pages"},{"@type":"ListItem","position":3,"name":"Moza\u00efekparcours L\u00e9on Theodorstraat"}]},{"@type":"WebSite","@id":"https:\/\/jetzine.brussels\/nl\/#website","url":"https:\/\/jetzine.brussels\/nl\/","name":"Jetzine","description":"Het webzine van de gemeente Jette","potentialAction":[{"@type":"SearchAction","target":{"@type":"EntryPoint","urlTemplate":"https:\/\/jetzine.brussels\/nl\/?s={search_term_string}"},"query-input":{"@type":"PropertyValueSpecification","valueRequired":true,"valueName":"search_term_string"}}],"inLanguage":"nl-NL"}]}},"_links":{"self":[{"href":"https:\/\/jetzine.brussels\/nl\/wp-json\/wp\/v2\/basic\/3183","targetHints":{"allow":["GET"]}}],"collection":[{"href":"https:\/\/jetzine.brussels\/nl\/wp-json\/wp\/v2\/basic"}],"about":[{"href":"https:\/\/jetzine.brussels\/nl\/wp-json\/wp\/v2\/types\/basic"}],"author":[{"embeddable":true,"href":"https:\/\/jetzine.brussels\/nl\/wp-json\/wp\/v2\/users\/7"}],"version-history":[{"count":14,"href":"https:\/\/jetzine.brussels\/nl\/wp-json\/wp\/v2\/basic\/3183\/revisions"}],"predecessor-version":[{"id":6339,"href":"https:\/\/jetzine.brussels\/nl\/wp-json\/wp\/v2\/basic\/3183\/revisions\/6339"}],"wp:featuredmedia":[{"embeddable":true,"href":"https:\/\/jetzine.brussels\/nl\/wp-json\/wp\/v2\/media\/3190"}],"wp:attachment":[{"href":"https:\/\/jetzine.brussels\/nl\/wp-json\/wp\/v2\/media?parent=3183"}],"wp:term":[{"taxonomy":"category","embeddable":true,"href":"https:\/\/jetzine.brussels\/nl\/wp-json\/wp\/v2\/categories?post=3183"},{"taxonomy":"post_tag","embeddable":true,"href":"https:\/\/jetzine.brussels\/nl\/wp-json\/wp\/v2\/tags?post=3183"}],"curies":[{"name":"wp","href":"https:\/\/api.w.org\/{rel}","templated":true}]}}